{"id":7795,"date":"2024-09-22T12:07:18","date_gmt":"2024-09-22T11:07:18","guid":{"rendered":"http:\/\/aventuriersdelamer.fr\/?page_id=7795"},"modified":"2026-02-02T18:21:03","modified_gmt":"2026-02-02T17:21:03","slug":"infos-pratiques-2","status":"publish","type":"page","link":"https:\/\/aventuriersdelamer.fr\/index.php\/infos-pratiques-2\/","title":{"rendered":"Infos pratiques"},"content":{"rendered":"<div class=\"wp-block-image\">\n<figure class=\"alignleft is-resized\"><a href=\"http:\/\/aventuriersdelamer.fr\/wp-content\/uploads\/2020\/07\/logo-le-bruit-du-vent-02.png\"><img loading=\"lazy\" decoding=\"async\" width=\"925\" height=\"822\" src=\"http:\/\/aventuriersdelamer.fr\/wp-content\/uploads\/2020\/07\/logo-le-bruit-du-vent-02.png\" alt=\"\" class=\"wp-image-2470\" style=\"width:124px;height:111px\" srcset=\"https:\/\/aventuriersdelamer.fr\/wp-content\/uploads\/2020\/07\/logo-le-bruit-du-vent-02.png 925w, https:\/\/aventuriersdelamer.fr\/wp-content\/uploads\/2020\/07\/logo-le-bruit-du-vent-02-300x267.png 300w, https:\/\/aventuriersdelamer.fr\/wp-content\/uploads\/2020\/07\/logo-le-bruit-du-vent-02-768x682.png 768w, https:\/\/aventuriersdelamer.fr\/wp-content\/uploads\/2020\/07\/logo-le-bruit-du-vent-02-600x533.png 600w, https:\/\/aventuriersdelamer.fr\/wp-content\/uploads\/2020\/07\/logo-le-bruit-du-vent-02-338x300.png 338w\" sizes=\"auto, (max-width: 925px) 100vw, 925px\" \/><\/a><\/figure>\n<\/div>\n\n\n<p>Le festival <em>Les Aventuriers de la mer<\/em> est organis\u00e9 par l\u2019association <em>Le bruit du vent<\/em> et est accueilli par <a rel=\"noreferrer noopener\" href=\"https:\/\/www.citevoile-tabarly.com\/fr\" target=\"_blank\">la Cit\u00e9 de la Voile Eric Tabarly. <\/a><\/p>\n\n\n\n<p><strong>Acc\u00e8s gratuit \u00e0 toutes les rencontres et animations dans la limite des places disponibles&nbsp;:<\/strong> hall d\u2019accueil, Karr\u00e9, auditorium, cin\u00e9 des Aventuriers, ponton bateaux et soir\u00e9es cin\u00e9ma.<\/p>\n\n\n\n<p class=\"has-light-gray-background-color has-background\">Le Festival a \u00e0 c\u0153ur de pr\u00e9server un acc\u00e8s libre et gratuit pour toutes et tous. Adh\u00e9rer au festival ou nous faire un don nous permettra de pr\u00e9server un programme de qualit\u00e9 pour le plus grand nombre ! Pour cela : <a href=\"https:\/\/www.helloasso.com\/associations\/le-bruit-du-vent\/adhesions\/adhesions-2026-le-bruit-du-vent-aventuriers-de-la-mer\"><strong>Adh\u00e9sion\/ soutien Helloasso<\/strong> <\/a>&#8211; Merci !<\/p>\n\n\n\n<p>Des r\u00e9servations sont conseill\u00e9es pour :<\/p>\n\n\n<div id=\"pl-gb7795-69f34f2f940bc\"  class=\"panel-layout\" ><div id=\"pg-gb7795-69f34f2f940bc-0\"  class=\"panel-grid panel-no-style\" ><div id=\"pgc-gb7795-69f34f2f940bc-0-0\"  class=\"panel-grid-cell\" ><div id=\"panel-gb7795-69f34f2f940bc-0-0-0\" class=\"so-panel widget widget_sow-editor panel-first-child panel-last-child\" data-index=\"0\" ><div\n\t\t\t\n\t\t\tclass=\"so-widget-sow-editor so-widget-sow-editor-base\"\n\t\t\t\n\t\t>\n<div class=\"siteorigin-widget-tinymce textwidget\">\n\t<pre><span style=\"color: #008080;\"><strong>Rencontre \"Un oc\u00e9an de savoirs\"\n<span style=\"color: #333333;\">Mercredi 9 octobre<\/span>\n<span style=\"color: #333333;\">20h<\/span>\n<span style=\"color: #333333;\">Qu\u00e9ven - Les arcs<\/span>\n<span style=\"color: #333333;\">r\u00e9servation conseill\u00e9e : <a style=\"color: #333333;\" href=\"https:\/\/www.queven.com\/evenements\/conference-ocean-de-savoirs\/\">ici<\/a><\/span>\n<\/strong><\/span><\/pre>\n<pre><span style=\"color: #008080;\"><strong>\nJourn\u00e9e Nautisme inclusif Handi\/valide<\/strong><\/span>\nVendredi 11 octobre\n9h-16h\nEntr\u00e9e libre\nHall Pen Duick, Cit\u00e9 de la Voile\nR\u00e9servation conseill\u00e9e<a href=\"https:\/\/www-actus.univ-ubs.fr\/fr\/index\/actualites\/service-recherche\/journee-nautisme-handivalide.html\"> ici<\/a><\/pre>\n<pre><strong><span style=\"color: #008080;\">Spectacle \u00ab Nuit noire \u00bb<\/span><\/strong> \nSamedi 12 octobre - 20h\nHydrophone - Lorient La Base \nTarif unique : 10\u20ac \nR\u00e9servations et tarifs : <a href=\"https:\/\/lestran.net\/programmation\/la-saison\/sa-12-oct-nuit-noire\/\">L'Estran<\/a> \n\n<strong><span style=\"color: #008080;\">Spectacle \"Novecento \u00bb\n<\/span><\/strong>Dimanche 13 octobre - 17h L'Estran (Guidel)\nR\u00e9servations et tarifs : <a href=\"https:\/\/lestran.net\/programmation\/la-saison\/di-13-oct-novecento-pianiste\/\">L'Estran<\/a><\/pre>\n<pre><strong><span style=\"color: #008080;\">\u00ab Embarquement \"Balade en mer\" : la rade<\/span><\/strong>\nLorient La Base \/\/ Ponton Escal'Ouest\nsamedi 12 et dimanche 13 octobre \n14h30\nTarifs exceptionnels : 10 \u20ac \/ 5 \u20ac\n<strong>\nR\u00e9servation conseill\u00e9e\nSamedi 12 octobre, 14h30 <a href=\"https:\/\/www.helloasso.com\/associations\/le-bruit-du-vent\/evenements\/embarquements-port-center-12-10-24-14h30\">r\u00e9servez<\/a>\nDimanche 13 octobre, 14h30 <a href=\"https:\/\/www.helloasso.com\/associations\/le-bruit-du-vent\/evenements\/embarquement-port-center-13-10-24-14h30\">r\u00e9servez\n<\/a><\/strong>ou par t\u00e9l\u00e9phone : 06 76 41 15 36\n<span style=\"color: #008000;\">ATTENTION CERTAINS NAVIGATEURS NE PERMETTENT PAS LA RESERVATION EN LIGNE\n ... <\/span> <span style=\"color: #008000;\">Si vous rencontrez des difficult\u00e9s, n'h\u00e9sitez pas \u00e0 nous appeler.<\/span><\/pre>\n<pre><span style=\"color: #008080;\"><strong>Atelier\u00a0 \"Fabrique ton Pop Pop !\"<\/strong><\/span>\nsamedi 12 et dimanche 13 octobre \nHoraires : 10h- 13h30-15h \nDur\u00e9e : 2h \nA partir de 8 ans\nTarif : 15 \u20ac\n<strong>Sur inscription<\/strong> : sur weezevent <a href=\"https:\/\/my.weezevent.com\/atelier-fabrique-ton-pop-pop\">ici<\/a>\nou par t\u00e9l\u00e9phone 06 76 41 15 36<\/pre>\n<pre><strong><span style=\"color: #008080;\">Tarifs pr\u00e9f\u00e9rentiels<\/span><\/strong>(samedi et dimanche) \npour l\u2019exposition permanente de la <span style=\"color: #008080;\">Cit\u00e9 de la Voile<\/span> \n\u25ca Adulte : 9 \u20ac\n\u25ca Enfants 7-17 ans : 6,80\u20ac\n\u25ca Enfants 3-6 an s: 3 \u20ac\nPour la <span style=\"color: #008080;\">visite du Sous-marin Flore S-645 et son mus\u00e9e<\/span> :\n\u25ca Adulte : 8,15\u20ac\n\u25ca Enfants 7-17 ans : 5\u20ac\n\n<\/pre>\n<pre><strong><span style=\"color: #008080;\">Tarifs pr\u00e9f\u00e9rentiels visites<\/span> <\/strong>(samedi et dimanche)\npour le <span style=\"color: #008080;\">Mus\u00e9e national de la Marine de Port-Louis<\/span> : \nsur pr\u00e9sentation du programme papier <strong>jusqu'au 31 octobre 2024<\/strong><\/pre>\n<\/div>\n<\/div><\/div><\/div><\/div><div id=\"pg-gb7795-69f34f2f940bc-1\"  class=\"panel-grid panel-no-style\" ><div id=\"pgc-gb7795-69f34f2f940bc-1-0\"  class=\"panel-grid-cell\" ><div id=\"panel-gb7795-69f34f2f940bc-1-0-0\" class=\"so-panel widget widget_media_image panel-first-child panel-last-child\" data-index=\"1\" ><h3 class=\"widget-title\">Plan du Festival<\/h3><img loading=\"lazy\" decoding=\"async\" width=\"289\" height=\"539\" src=\"https:\/\/aventuriersdelamer.fr\/wp-content\/uploads\/2024\/10\/Plan-Aventuriers-2024-Lorient.jpg\" class=\"image wp-image-7939  attachment-full size-full\" alt=\"\" style=\"max-width: 100%; height: auto;\" title=\"Plan du Festival\" srcset=\"https:\/\/aventuriersdelamer.fr\/wp-content\/uploads\/2024\/10\/Plan-Aventuriers-2024-Lorient.jpg 289w, https:\/\/aventuriersdelamer.fr\/wp-content\/uploads\/2024\/10\/Plan-Aventuriers-2024-Lorient-161x300.jpg 161w\" sizes=\"auto, (max-width: 289px) 100vw, 289px\" \/><\/div><\/div><\/div><\/div>\n\n\n<p>Les Aventuriers de la mer sont organis\u00e9s en partenariat avec la F\u00eate de la Science. Toutes les animations sont en ligne<a href=\"https:\/\/www.fetedelascience.fr\/\"> ici<\/a><\/p>\n\n\n\n<pre class=\"wp-block-preformatted\">Pour venir en bus, bato-bus, train ou voiture : <a href=\"https:\/\/www.citevoile-tabarly.com\/fr\/acces\">https:\/\/www.citevoile-tabarly.com\/fr\/acces<\/a><\/pre>\n\n\n\n<p><strong>Adresse postale<\/strong><br>Le bruit du vent \/ Le Man\u00e8ge  \/ 12 rue Colbert \/ 56 100 Lorient<\/p>\n","protected":false},"excerpt":{"rendered":"<p>Le festival Les Aventuriers de la mer est organis&eacute; par l&rsquo;association Le bruit du vent et est accueilli par la Cit&eacute; de la Voile Eric Tabarly. Acc&egrave;s gratuit &agrave; toutes les rencontres et animations dans la limite des places disponibles&nbsp;: &hellip; <a href=\"https:\/\/aventuriersdelamer.fr\/index.php\/infos-pratiques-2\/\">Continuer la lecture <span class=\"meta-nav\">&rarr;<\/span><\/a><\/p>\n","protected":false},"author":1,"featured_media":0,"parent":0,"menu_order":0,"comment_status":"closed","ping_status":"closed","template":"","meta":{"footnotes":""},"class_list":["post-7795","page","type-page","status-publish","hentry"],"yoast_head":"<!-- This site is optimized with the Yoast SEO plugin v27.3 - https:\/\/yoast.com\/product\/yoast-seo-wordpress\/ -->\n<title>Infos pratiques - Festival Les Aventuriers de la Mer<\/title>\n<meta name=\"robots\" content=\"index, follow, max-snippet:-1, max-image-preview:large, max-video-preview:-1\" \/>\n<link rel=\"canonical\" href=\"https:\/\/aventuriersdelamer.fr\/index.php\/infos-pratiques-2\/\" \/>\n<meta property=\"og:locale\" content=\"fr_FR\" \/>\n<meta property=\"og:type\" content=\"article\" \/>\n<meta property=\"og:title\" content=\"Infos pratiques - Festival Les Aventuriers de la Mer\" \/>\n<meta property=\"og:description\" content=\"Le festival Les Aventuriers de la mer est organis&eacute; par l&rsquo;association Le bruit du vent et est accueilli par la Cit&eacute; de la Voile Eric Tabarly. Acc&egrave;s gratuit &agrave; toutes les rencontres et animations dans la limite des places disponibles&nbsp;: &hellip; Continuer la lecture &rarr;\" \/>\n<meta property=\"og:url\" content=\"https:\/\/aventuriersdelamer.fr\/index.php\/infos-pratiques-2\/\" \/>\n<meta property=\"og:site_name\" content=\"Festival Les Aventuriers de la Mer\" \/>\n<meta property=\"article:publisher\" content=\"https:\/\/www.facebook.com\/aventuriersdelamer\/\" \/>\n<meta property=\"article:modified_time\" content=\"2026-02-02T17:21:03+00:00\" \/>\n<meta property=\"og:image\" content=\"https:\/\/aventuriersdelamer.fr\/wp-content\/uploads\/2020\/07\/logo-le-bruit-du-vent-02.png\" \/>\n\t<meta property=\"og:image:width\" content=\"925\" \/>\n\t<meta property=\"og:image:height\" content=\"822\" \/>\n\t<meta property=\"og:image:type\" content=\"image\/png\" \/>\n<meta name=\"twitter:card\" content=\"summary_large_image\" \/>\n<meta name=\"twitter:label1\" content=\"Dur\u00e9e de lecture estim\u00e9e\" \/>\n\t<meta name=\"twitter:data1\" content=\"2 minutes\" \/>\n<script type=\"application\/ld+json\" class=\"yoast-schema-graph\">{\"@context\":\"https:\\\/\\\/schema.org\",\"@graph\":[{\"@type\":\"WebPage\",\"@id\":\"https:\\\/\\\/aventuriersdelamer.fr\\\/index.php\\\/infos-pratiques-2\\\/\",\"url\":\"https:\\\/\\\/aventuriersdelamer.fr\\\/index.php\\\/infos-pratiques-2\\\/\",\"name\":\"Infos pratiques - Festival Les Aventuriers de la Mer\",\"isPartOf\":{\"@id\":\"https:\\\/\\\/aventuriersdelamer.fr\\\/#website\"},\"primaryImageOfPage\":{\"@id\":\"https:\\\/\\\/aventuriersdelamer.fr\\\/index.php\\\/infos-pratiques-2\\\/#primaryimage\"},\"image\":{\"@id\":\"https:\\\/\\\/aventuriersdelamer.fr\\\/index.php\\\/infos-pratiques-2\\\/#primaryimage\"},\"thumbnailUrl\":\"http:\\\/\\\/aventuriersdelamer.fr\\\/wp-content\\\/uploads\\\/2020\\\/07\\\/logo-le-bruit-du-vent-02.png\",\"datePublished\":\"2024-09-22T11:07:18+00:00\",\"dateModified\":\"2026-02-02T17:21:03+00:00\",\"breadcrumb\":{\"@id\":\"https:\\\/\\\/aventuriersdelamer.fr\\\/index.php\\\/infos-pratiques-2\\\/#breadcrumb\"},\"inLanguage\":\"fr-FR\",\"potentialAction\":[{\"@type\":\"ReadAction\",\"target\":[\"https:\\\/\\\/aventuriersdelamer.fr\\\/index.php\\\/infos-pratiques-2\\\/\"]}]},{\"@type\":\"ImageObject\",\"inLanguage\":\"fr-FR\",\"@id\":\"https:\\\/\\\/aventuriersdelamer.fr\\\/index.php\\\/infos-pratiques-2\\\/#primaryimage\",\"url\":\"https:\\\/\\\/aventuriersdelamer.fr\\\/wp-content\\\/uploads\\\/2020\\\/07\\\/logo-le-bruit-du-vent-02.png\",\"contentUrl\":\"https:\\\/\\\/aventuriersdelamer.fr\\\/wp-content\\\/uploads\\\/2020\\\/07\\\/logo-le-bruit-du-vent-02.png\",\"width\":925,\"height\":822},{\"@type\":\"BreadcrumbList\",\"@id\":\"https:\\\/\\\/aventuriersdelamer.fr\\\/index.php\\\/infos-pratiques-2\\\/#breadcrumb\",\"itemListElement\":[{\"@type\":\"ListItem\",\"position\":1,\"name\":\"Accueil\",\"item\":\"https:\\\/\\\/aventuriersdelamer.fr\\\/\"},{\"@type\":\"ListItem\",\"position\":2,\"name\":\"Infos pratiques\"}]},{\"@type\":\"WebSite\",\"@id\":\"https:\\\/\\\/aventuriersdelamer.fr\\\/#website\",\"url\":\"https:\\\/\\\/aventuriersdelamer.fr\\\/\",\"name\":\"Festival Les Aventuriers de la Mer\",\"description\":\"Explorer, innover et enchanter le monde\",\"publisher\":{\"@id\":\"https:\\\/\\\/aventuriersdelamer.fr\\\/#organization\"},\"potentialAction\":[{\"@type\":\"SearchAction\",\"target\":{\"@type\":\"EntryPoint\",\"urlTemplate\":\"https:\\\/\\\/aventuriersdelamer.fr\\\/?s={search_term_string}\"},\"query-input\":{\"@type\":\"PropertyValueSpecification\",\"valueRequired\":true,\"valueName\":\"search_term_string\"}}],\"inLanguage\":\"fr-FR\"},{\"@type\":\"Organization\",\"@id\":\"https:\\\/\\\/aventuriersdelamer.fr\\\/#organization\",\"name\":\"Le Bruit du Vent\",\"url\":\"https:\\\/\\\/aventuriersdelamer.fr\\\/\",\"logo\":{\"@type\":\"ImageObject\",\"inLanguage\":\"fr-FR\",\"@id\":\"https:\\\/\\\/aventuriersdelamer.fr\\\/#\\\/schema\\\/logo\\\/image\\\/\",\"url\":\"https:\\\/\\\/aventuriersdelamer.fr\\\/wp-content\\\/uploads\\\/2016\\\/01\\\/4ECA575F-1CCB-41C9-AAC8-93902736151E.jpeg\",\"contentUrl\":\"https:\\\/\\\/aventuriersdelamer.fr\\\/wp-content\\\/uploads\\\/2016\\\/01\\\/4ECA575F-1CCB-41C9-AAC8-93902736151E.jpeg\",\"width\":222,\"height\":198,\"caption\":\"Le Bruit du Vent\"},\"image\":{\"@id\":\"https:\\\/\\\/aventuriersdelamer.fr\\\/#\\\/schema\\\/logo\\\/image\\\/\"},\"sameAs\":[\"https:\\\/\\\/www.facebook.com\\\/aventuriersdelamer\\\/\"]}]}<\/script>\n<!-- \/ Yoast SEO plugin. -->","yoast_head_json":{"title":"Infos pratiques - Festival Les Aventuriers de la Mer","robots":{"index":"index","follow":"follow","max-snippet":"max-snippet:-1","max-image-preview":"max-image-preview:large","max-video-preview":"max-video-preview:-1"},"canonical":"https:\/\/aventuriersdelamer.fr\/index.php\/infos-pratiques-2\/","og_locale":"fr_FR","og_type":"article","og_title":"Infos pratiques - Festival Les Aventuriers de la Mer","og_description":"Le festival Les Aventuriers de la mer est organis&eacute; par l&rsquo;association Le bruit du vent et est accueilli par la Cit&eacute; de la Voile Eric Tabarly. Acc&egrave;s gratuit &agrave; toutes les rencontres et animations dans la limite des places disponibles&nbsp;: &hellip; Continuer la lecture &rarr;","og_url":"https:\/\/aventuriersdelamer.fr\/index.php\/infos-pratiques-2\/","og_site_name":"Festival Les Aventuriers de la Mer","article_publisher":"https:\/\/www.facebook.com\/aventuriersdelamer\/","article_modified_time":"2026-02-02T17:21:03+00:00","og_image":[{"width":925,"height":822,"url":"https:\/\/aventuriersdelamer.fr\/wp-content\/uploads\/2020\/07\/logo-le-bruit-du-vent-02.png","type":"image\/png"}],"twitter_card":"summary_large_image","twitter_misc":{"Dur\u00e9e de lecture estim\u00e9e":"2 minutes"},"schema":{"@context":"https:\/\/schema.org","@graph":[{"@type":"WebPage","@id":"https:\/\/aventuriersdelamer.fr\/index.php\/infos-pratiques-2\/","url":"https:\/\/aventuriersdelamer.fr\/index.php\/infos-pratiques-2\/","name":"Infos pratiques - Festival Les Aventuriers de la Mer","isPartOf":{"@id":"https:\/\/aventuriersdelamer.fr\/#website"},"primaryImageOfPage":{"@id":"https:\/\/aventuriersdelamer.fr\/index.php\/infos-pratiques-2\/#primaryimage"},"image":{"@id":"https:\/\/aventuriersdelamer.fr\/index.php\/infos-pratiques-2\/#primaryimage"},"thumbnailUrl":"http:\/\/aventuriersdelamer.fr\/wp-content\/uploads\/2020\/07\/logo-le-bruit-du-vent-02.png","datePublished":"2024-09-22T11:07:18+00:00","dateModified":"2026-02-02T17:21:03+00:00","breadcrumb":{"@id":"https:\/\/aventuriersdelamer.fr\/index.php\/infos-pratiques-2\/#breadcrumb"},"inLanguage":"fr-FR","potentialAction":[{"@type":"ReadAction","target":["https:\/\/aventuriersdelamer.fr\/index.php\/infos-pratiques-2\/"]}]},{"@type":"ImageObject","inLanguage":"fr-FR","@id":"https:\/\/aventuriersdelamer.fr\/index.php\/infos-pratiques-2\/#primaryimage","url":"https:\/\/aventuriersdelamer.fr\/wp-content\/uploads\/2020\/07\/logo-le-bruit-du-vent-02.png","contentUrl":"https:\/\/aventuriersdelamer.fr\/wp-content\/uploads\/2020\/07\/logo-le-bruit-du-vent-02.png","width":925,"height":822},{"@type":"BreadcrumbList","@id":"https:\/\/aventuriersdelamer.fr\/index.php\/infos-pratiques-2\/#breadcrumb","itemListElement":[{"@type":"ListItem","position":1,"name":"Accueil","item":"https:\/\/aventuriersdelamer.fr\/"},{"@type":"ListItem","position":2,"name":"Infos pratiques"}]},{"@type":"WebSite","@id":"https:\/\/aventuriersdelamer.fr\/#website","url":"https:\/\/aventuriersdelamer.fr\/","name":"Festival Les Aventuriers de la Mer","description":"Explorer, innover et enchanter le monde","publisher":{"@id":"https:\/\/aventuriersdelamer.fr\/#organization"},"potentialAction":[{"@type":"SearchAction","target":{"@type":"EntryPoint","urlTemplate":"https:\/\/aventuriersdelamer.fr\/?s={search_term_string}"},"query-input":{"@type":"PropertyValueSpecification","valueRequired":true,"valueName":"search_term_string"}}],"inLanguage":"fr-FR"},{"@type":"Organization","@id":"https:\/\/aventuriersdelamer.fr\/#organization","name":"Le Bruit du Vent","url":"https:\/\/aventuriersdelamer.fr\/","logo":{"@type":"ImageObject","inLanguage":"fr-FR","@id":"https:\/\/aventuriersdelamer.fr\/#\/schema\/logo\/image\/","url":"https:\/\/aventuriersdelamer.fr\/wp-content\/uploads\/2016\/01\/4ECA575F-1CCB-41C9-AAC8-93902736151E.jpeg","contentUrl":"https:\/\/aventuriersdelamer.fr\/wp-content\/uploads\/2016\/01\/4ECA575F-1CCB-41C9-AAC8-93902736151E.jpeg","width":222,"height":198,"caption":"Le Bruit du Vent"},"image":{"@id":"https:\/\/aventuriersdelamer.fr\/#\/schema\/logo\/image\/"},"sameAs":["https:\/\/www.facebook.com\/aventuriersdelamer\/"]}]}},"_links":{"self":[{"href":"https:\/\/aventuriersdelamer.fr\/index.php\/wp-json\/wp\/v2\/pages\/7795","targetHints":{"allow":["GET"]}}],"collection":[{"href":"https:\/\/aventuriersdelamer.fr\/index.php\/wp-json\/wp\/v2\/pages"}],"about":[{"href":"https:\/\/aventuriersdelamer.fr\/index.php\/wp-json\/wp\/v2\/types\/page"}],"author":[{"embeddable":true,"href":"https:\/\/aventuriersdelamer.fr\/index.php\/wp-json\/wp\/v2\/users\/1"}],"replies":[{"embeddable":true,"href":"https:\/\/aventuriersdelamer.fr\/index.php\/wp-json\/wp\/v2\/comments?post=7795"}],"version-history":[{"count":12,"href":"https:\/\/aventuriersdelamer.fr\/index.php\/wp-json\/wp\/v2\/pages\/7795\/revisions"}],"predecessor-version":[{"id":8018,"href":"https:\/\/aventuriersdelamer.fr\/index.php\/wp-json\/wp\/v2\/pages\/7795\/revisions\/8018"}],"wp:attachment":[{"href":"https:\/\/aventuriersdelamer.fr\/index.php\/wp-json\/wp\/v2\/media?parent=7795"}],"curies":[{"name":"wp","href":"https:\/\/api.w.org\/{rel}","templated":true}]}}