{"id":7585,"date":"2024-09-02T16:24:58","date_gmt":"2024-09-02T15:24:58","guid":{"rendered":"http:\/\/aventuriersdelamer.fr\/?page_id=7585"},"modified":"2024-09-12T17:41:23","modified_gmt":"2024-09-12T16:41:23","slug":"visites-de-bateaux-2024","status":"publish","type":"page","link":"https:\/\/aventuriersdelamer.fr\/index.php\/visites-de-bateaux-2024\/","title":{"rendered":"Visites de bateaux 2024"},"content":{"rendered":"<div id=\"pl-7585\"  class=\"panel-layout\" ><div id=\"pg-7585-0\"  class=\"panel-grid panel-no-style\" ><div id=\"pgc-7585-0-0\"  class=\"panel-grid-cell\" ><div id=\"panel-7585-0-0-0\" class=\"so-panel widget widget_sow-editor panel-first-child panel-last-child\" data-index=\"0\" ><div\n\t\t\t\n\t\t\tclass=\"so-widget-sow-editor so-widget-sow-editor-base\"\n\t\t\t\n\t\t>\n<div class=\"siteorigin-widget-tinymce textwidget\">\n\t<p>Le week-end du 12 et 13 octobre, venez visiter des bateaux d'exception : bateau historique d'aventure, d'exploration scientifique, de course au large ou bien de p\u00eache traditionnel !<\/p>\n<p>Retrouvez <strong>Joshua,<\/strong> la go\u00e9lette de Bernard Moitessier, la go\u00e9lette <strong>Tara<\/strong> de la Fondation Tara Oc\u00e9an, <strong>Pen Duick III,<\/strong> bateau de course d'Eric Tabarly, <strong>le Biche,<\/strong> dernier thonier traditionnel de l'Atlantique, <strong>Kuz Heol,<\/strong> ancien coquillier de la rade de Brest devenu bateau scientifique et <strong>Samaya<\/strong>, catamaran pour l'aventure sociale et artistique !<\/p>\n<p>Montez \u00e0 bord pour sentir les ponts sous vos pieds, parcourir les coursives et rencontrer les \u00e9quipages. Les marins vous attendent pour vous pr\u00e9senter les bateaux, leur histoire et vous raconter des aventures de mer.<\/p>\n<\/div>\n<\/div><\/div><\/div><\/div><div id=\"pg-7585-1\"  class=\"panel-grid panel-no-style\" ><div id=\"pgc-7585-1-0\"  class=\"panel-grid-cell\" ><div id=\"panel-7585-1-0-0\" class=\"so-panel widget widget_sow-editor panel-first-child\" data-index=\"1\" ><div class=\"panel-widget-style panel-widget-style-for-7585-1-0-0\" ><div\n\t\t\t\n\t\t\tclass=\"so-widget-sow-editor so-widget-sow-editor-base\"\n\t\t\t\n\t\t>\n<div class=\"siteorigin-widget-tinymce textwidget\">\n\t<h4 style=\"text-align: center;\"><strong>SAMEDI 12 &amp; DIMANCHE 13 OCTOBRE<br \/>\n<\/strong><\/h4>\n<h4 style=\"text-align: center;\">Sur le ponton de la Cit\u00e9 de la Voile Eric Tabarly<\/h4>\n<h4 style=\"text-align: center;\">De 10h30 \u00e0 12h30 puis de 14h \u00e0 18h<\/h4>\n<p style=\"text-align: center;\"><span style=\"color: #800000;\">! Sous r\u00e9serve de la m\u00e9t\u00e9o !<\/span><\/p>\n<\/div>\n<\/div><\/div><\/div><div id=\"panel-7585-1-0-1\" class=\"so-panel widget widget_sow-image\" data-index=\"2\" ><div\n\t\t\t\n\t\t\tclass=\"so-widget-sow-image so-widget-sow-image-default-8b5b6f678277-7585\"\n\t\t\t\n\t\t>\n<div class=\"sow-image-container\">\n\t\t<img \n\tsrc=\"https:\/\/aventuriersdelamer.fr\/wp-content\/uploads\/2023\/09\/MMLRJOSHUA2.jpg\" width=\"1152\" height=\"1771\" srcset=\"https:\/\/aventuriersdelamer.fr\/wp-content\/uploads\/2023\/09\/MMLRJOSHUA2.jpg 1152w, https:\/\/aventuriersdelamer.fr\/wp-content\/uploads\/2023\/09\/MMLRJOSHUA2-195x300.jpg 195w, https:\/\/aventuriersdelamer.fr\/wp-content\/uploads\/2023\/09\/MMLRJOSHUA2-666x1024.jpg 666w, https:\/\/aventuriersdelamer.fr\/wp-content\/uploads\/2023\/09\/MMLRJOSHUA2-768x1181.jpg 768w, https:\/\/aventuriersdelamer.fr\/wp-content\/uploads\/2023\/09\/MMLRJOSHUA2-600x922.jpg 600w, https:\/\/aventuriersdelamer.fr\/wp-content\/uploads\/2023\/09\/MMLRJOSHUA2-999x1536.jpg 999w\" sizes=\"(max-width: 1152px) 100vw, 1152px\" title=\"Joshua\" alt=\"\" \t\tclass=\"so-widget-image\"\/>\n\t<\/div>\n\n<\/div><\/div><div id=\"panel-7585-1-0-2\" class=\"so-panel widget widget_sow-editor\" data-index=\"3\" ><div\n\t\t\t\n\t\t\tclass=\"so-widget-sow-editor so-widget-sow-editor-base\"\n\t\t\t\n\t\t>\n<div class=\"siteorigin-widget-tinymce textwidget\">\n\t<p><strong>JOSHUA<\/strong> - Ketch du navigateur Bernard Moitessier, 1962<\/p>\n<p>Derri\u00e8re Joshua se dessine la silhouette de Bernard Moitessier, grand \u00e9crivain et premier homme \u00e0 avoir boucl\u00e9 un tour du monde et demi sur les mers du globe, en solitaire et sans escale. L\u2019association des amis du Mus\u00e9e Maritime de La Rochelle nous offre exceptionnellement la possibilit\u00e9 de visiter ce mythique voilier rouge en acier \u00e0 Lorient.<\/p>\n<p><a href=\"https:\/\/lesamisdumuseemaritime.fr\/patrimoine-maritime\/joshua\/\">Pour en savoir plus ...<\/a><\/p>\n<p>&nbsp;<\/p>\n<\/div>\n<\/div><\/div><div id=\"panel-7585-1-0-3\" class=\"so-panel widget widget_sow-editor\" data-index=\"4\" ><div class=\"panel-widget-style panel-widget-style-for-7585-1-0-3\" ><div\n\t\t\t\n\t\t\tclass=\"so-widget-sow-editor so-widget-sow-editor-base\"\n\t\t\t\n\t\t>\n<div class=\"siteorigin-widget-tinymce textwidget\">\n\t<p><span style=\"color: #008080;\"><em><strong>Pour prolonger la visite ... : <\/strong>Le concert dessin\u00e9 Nuit noire, inspir\u00e9 de \u00abLa Longue Route \u00bb- Samedi 12 octobre, 20h30 Hydrophone (Lorient La Base) \u00a0+ Rencontre de l\u2019Auditorium \u00ab Ralentir \u00bb,\u00a0 dimanche 13 octobre 14h30<\/em><\/span><\/p>\n<\/div>\n<\/div><\/div><\/div><div id=\"panel-7585-1-0-4\" class=\"so-panel widget widget_sow-image\" data-index=\"5\" ><div\n\t\t\t\n\t\t\tclass=\"so-widget-sow-image so-widget-sow-image-default-8b5b6f678277-7585\"\n\t\t\t\n\t\t>\n<div class=\"sow-image-container\">\n\t\t<img \n\tsrc=\"https:\/\/aventuriersdelamer.fr\/wp-content\/uploads\/2015\/12\/BD01Tara\u00a9F.Latreille-TaraExpeditions-e1464785829499.jpg\" width=\"1000\" height=\"667\" sizes=\"(max-width: 1000px) 100vw, 1000px\" title=\"la go\u00e9lete Tara\" alt=\"\" \t\tclass=\"so-widget-image\"\/>\n\t<\/div>\n\n<\/div><\/div><div id=\"panel-7585-1-0-5\" class=\"so-panel widget widget_sow-editor\" data-index=\"6\" ><div\n\t\t\t\n\t\t\tclass=\"so-widget-sow-editor so-widget-sow-editor-base\"\n\t\t\t\n\t\t>\n<div class=\"siteorigin-widget-tinymce textwidget\">\n\t<p><strong>TARA<\/strong> - Go\u00e9lette d\u2019exp\u00e9dition, 1989<br \/>\nLa Fondation Tara Oc\u00e9an m\u00e8ne avec la go\u00e9lette Tara des exp\u00e9ditions scientifiques au c\u0153ur de la biodiversit\u00e9 pour mieux comprendre et partager les enjeux li\u00e9s \u00e0 l\u2019impact de l\u2019homme sur nos \u00e9cosyst\u00e8mes. De retour \u00e0 Lorient, ils nous racontent leur derni\u00e8re exp\u00e9dition <em>Europa\u00a0<\/em>!<\/p>\n<p>Ouvert \u00e9galement \u00e0 la visite dimanche 5 octobre<\/p>\n<\/div>\n<\/div><\/div><div id=\"panel-7585-1-0-6\" class=\"so-panel widget widget_sow-image\" data-index=\"7\" ><div\n\t\t\t\n\t\t\tclass=\"so-widget-sow-image so-widget-sow-image-default-8b5b6f678277-7585\"\n\t\t\t\n\t\t>\n<div class=\"sow-image-container\">\n\t\t<img \n\tsrc=\"https:\/\/aventuriersdelamer.fr\/wp-content\/uploads\/2020\/08\/Biche-1.jpg\" width=\"1302\" height=\"896\" srcset=\"https:\/\/aventuriersdelamer.fr\/wp-content\/uploads\/2020\/08\/Biche-1.jpg 1302w, https:\/\/aventuriersdelamer.fr\/wp-content\/uploads\/2020\/08\/Biche-1-300x206.jpg 300w, https:\/\/aventuriersdelamer.fr\/wp-content\/uploads\/2020\/08\/Biche-1-1024x705.jpg 1024w, https:\/\/aventuriersdelamer.fr\/wp-content\/uploads\/2020\/08\/Biche-1-768x529.jpg 768w, https:\/\/aventuriersdelamer.fr\/wp-content\/uploads\/2020\/08\/Biche-1-600x413.jpg 600w, https:\/\/aventuriersdelamer.fr\/wp-content\/uploads\/2020\/08\/Biche-1-436x300.jpg 436w\" sizes=\"(max-width: 1302px) 100vw, 1302px\" title=\"Biche\" alt=\"\" \t\tclass=\"so-widget-image\"\/>\n\t<\/div>\n\n<\/div><\/div><div id=\"panel-7585-1-0-7\" class=\"so-panel widget widget_sow-editor\" data-index=\"8\" ><div\n\t\t\t\n\t\t\tclass=\"so-widget-sow-editor so-widget-sow-editor-base\"\n\t\t\t\n\t\t>\n<div class=\"siteorigin-widget-tinymce textwidget\">\n\t<div class=\"page\" title=\"Page 6\">\n<div class=\"section\">\n<p><strong>\u00a0<\/strong><strong>LE BICHE<\/strong>\u2013 Dundee de p\u00eache, 1934<br \/>\nDernier thonier \u00e0 voiles de l\u2019Atlantique, ce bateau traditionnel de l\u2019\u00eele de Groix a \u00e9t\u00e9 sauv\u00e9 puis restaur\u00e9 par l\u2019association les amis du Biche. Il propose des embarquements \u00e0 l\u2019ann\u00e9e, notamment pour d\u00e9couvrir la p\u00eache au thon comme elle \u00e9tait pratiqu\u00e9e jusque dans les ann\u00e9es 50\u00a0!<\/p>\n<div class=\"layoutArea\">\n<div class=\"column\">\n<p>&nbsp;<\/p>\n<\/div>\n<\/div>\n<\/div>\n<\/div>\n<\/div>\n<\/div><\/div><div id=\"panel-7585-1-0-8\" class=\"so-panel widget widget_sow-image\" data-index=\"9\" ><div\n\t\t\t\n\t\t\tclass=\"so-widget-sow-image so-widget-sow-image-default-8b5b6f678277-7585\"\n\t\t\t\n\t\t>\n<div class=\"sow-image-container\">\n\t\t<img \n\tsrc=\"https:\/\/aventuriersdelamer.fr\/wp-content\/uploads\/2019\/09\/cite-voile-lorient-pen-duick-iii.jpg\" width=\"625\" height=\"500\" srcset=\"https:\/\/aventuriersdelamer.fr\/wp-content\/uploads\/2019\/09\/cite-voile-lorient-pen-duick-iii.jpg 625w, https:\/\/aventuriersdelamer.fr\/wp-content\/uploads\/2019\/09\/cite-voile-lorient-pen-duick-iii-300x240.jpg 300w, https:\/\/aventuriersdelamer.fr\/wp-content\/uploads\/2019\/09\/cite-voile-lorient-pen-duick-iii-600x480.jpg 600w, https:\/\/aventuriersdelamer.fr\/wp-content\/uploads\/2019\/09\/cite-voile-lorient-pen-duick-iii-375x300.jpg 375w\" sizes=\"(max-width: 625px) 100vw, 625px\" title=\"Pen Duick III\" alt=\"\" \t\tclass=\"so-widget-image\"\/>\n\t<\/div>\n\n<\/div><\/div><div id=\"panel-7585-1-0-9\" class=\"so-panel widget widget_sow-editor panel-last-child\" data-index=\"10\" ><div\n\t\t\t\n\t\t\tclass=\"so-widget-sow-editor so-widget-sow-editor-base\"\n\t\t\t\n\t\t>\n<div class=\"siteorigin-widget-tinymce textwidget\">\n\t<p><strong>PEN DUICK 3<\/strong> - Go\u00e9lette marconi d\u2019Eric Tabarly, 1967<br \/>\nSa c\u00e9l\u00e8bre coque noire et brillante est taill\u00e9e pour la course au large. D\u00e9couvrez l\u2019histoire et les am\u00e9nagements de cette go\u00e9lette marconi de 17 m\u00e8tres, construit aux Ateliers et Chantiers de La Perri\u00e8re de\u00a0Lorient pour Eric Tabarly.<\/p>\n<\/div>\n<\/div><\/div><\/div><\/div><div id=\"pg-7585-2\"  class=\"panel-grid panel-no-style\" ><div id=\"pgc-7585-2-0\"  class=\"panel-grid-cell\" ><div id=\"panel-7585-2-0-0\" class=\"so-panel widget widget_sow-image panel-first-child\" data-index=\"11\" ><div\n\t\t\t\n\t\t\tclass=\"so-widget-sow-image so-widget-sow-image-default-8b5b6f678277-7585\"\n\t\t\t\n\t\t>\n<div class=\"sow-image-container\">\n\t\t<img \n\tsrc=\"https:\/\/aventuriersdelamer.fr\/wp-content\/uploads\/2024\/09\/Kuz-heol.jpg\" width=\"1279\" height=\"720\" srcset=\"https:\/\/aventuriersdelamer.fr\/wp-content\/uploads\/2024\/09\/Kuz-heol.jpg 1279w, https:\/\/aventuriersdelamer.fr\/wp-content\/uploads\/2024\/09\/Kuz-heol-300x169.jpg 300w, https:\/\/aventuriersdelamer.fr\/wp-content\/uploads\/2024\/09\/Kuz-heol-1024x576.jpg 1024w, https:\/\/aventuriersdelamer.fr\/wp-content\/uploads\/2024\/09\/Kuz-heol-768x432.jpg 768w, https:\/\/aventuriersdelamer.fr\/wp-content\/uploads\/2024\/09\/Kuz-heol-600x338.jpg 600w, https:\/\/aventuriersdelamer.fr\/wp-content\/uploads\/2024\/09\/Kuz-heol-500x281.jpg 500w\" sizes=\"(max-width: 1279px) 100vw, 1279px\" title=\"Kuz heol\" alt=\"\" \t\tclass=\"so-widget-image\"\/>\n\t<\/div>\n\n<\/div><\/div><div id=\"panel-7585-2-0-1\" class=\"so-panel widget widget_sow-editor\" data-index=\"12\" ><div\n\t\t\t\n\t\t\tclass=\"so-widget-sow-editor so-widget-sow-editor-base\"\n\t\t\t\n\t\t>\n<div class=\"siteorigin-widget-tinymce textwidget\">\n\t<p><strong>KUZ HEOL<\/strong>, coquiller de la Rade de Brest, 1962<br \/>\nAncien coquiller de la Rade de Brest devenu voilier de plaisance, Kuz Heol a \u00e9t\u00e9 restaur\u00e9 par l\u2019association Kaer e Mem Bro de Locmariaquer. Elle va transformer ce bateau traditionnel en dragueur de donn\u00e9es scientifiques\u00a0!<\/p>\n<\/div>\n<\/div><\/div><div id=\"panel-7585-2-0-2\" class=\"so-panel widget widget_sow-image\" data-index=\"13\" ><div\n\t\t\t\n\t\t\tclass=\"so-widget-sow-image so-widget-sow-image-default-8b5b6f678277-7585\"\n\t\t\t\n\t\t>\n<div class=\"sow-image-container\">\n\t\t<img \n\tsrc=\"https:\/\/aventuriersdelamer.fr\/wp-content\/uploads\/2024\/09\/SamayaBandeau.jpg\" width=\"1080\" height=\"434\" srcset=\"https:\/\/aventuriersdelamer.fr\/wp-content\/uploads\/2024\/09\/SamayaBandeau.jpg 1080w, https:\/\/aventuriersdelamer.fr\/wp-content\/uploads\/2024\/09\/SamayaBandeau-300x121.jpg 300w, https:\/\/aventuriersdelamer.fr\/wp-content\/uploads\/2024\/09\/SamayaBandeau-1024x411.jpg 1024w, https:\/\/aventuriersdelamer.fr\/wp-content\/uploads\/2024\/09\/SamayaBandeau-768x309.jpg 768w, https:\/\/aventuriersdelamer.fr\/wp-content\/uploads\/2024\/09\/SamayaBandeau-600x241.jpg 600w, https:\/\/aventuriersdelamer.fr\/wp-content\/uploads\/2024\/09\/SamayaBandeau-500x201.jpg 500w\" sizes=\"(max-width: 1080px) 100vw, 1080px\" title=\"Samaya\" alt=\"\" \t\tclass=\"so-widget-image\"\/>\n\t<\/div>\n\n<\/div><\/div><div id=\"panel-7585-2-0-3\" class=\"so-panel widget widget_sow-editor\" data-index=\"14\" ><div\n\t\t\t\n\t\t\tclass=\"so-widget-sow-editor so-widget-sow-editor-base\"\n\t\t\t\n\t\t>\n<div class=\"siteorigin-widget-tinymce textwidget\">\n\t<p><strong>SAMAYA,<\/strong> catamaran de voyage<br \/>\nLe catamaran Samaya est un Fidji 39\u2019 qui a fait des milles autour du monde en famille, en offrant \u00e0 bord espace et stabilit\u00e9. Un v\u00e9ritable lieu de vie o\u00f9 chacun trouve sa place et peut s\u2019isoler, aujourd\u2019hui utilis\u00e9 pour des projets socio-\u00e9ducatifs par l\u2019association Cord\u00e9e Cordage.<\/p>\n<\/div>\n<\/div><\/div><div id=\"panel-7585-2-0-4\" class=\"so-panel widget widget_sow-image\" data-index=\"15\" ><div\n\t\t\t\n\t\t\tclass=\"so-widget-sow-image so-widget-sow-image-default-8b5b6f678277-7585\"\n\t\t\t\n\t\t>\n<div class=\"sow-image-container\">\n\t\t<img \n\tsrc=\"https:\/\/aventuriersdelamer.fr\/wp-content\/uploads\/2022\/09\/Belouga-500.jpg\" width=\"500\" height=\"396\" srcset=\"https:\/\/aventuriersdelamer.fr\/wp-content\/uploads\/2022\/09\/Belouga-500.jpg 500w, https:\/\/aventuriersdelamer.fr\/wp-content\/uploads\/2022\/09\/Belouga-500-300x238.jpg 300w, https:\/\/aventuriersdelamer.fr\/wp-content\/uploads\/2022\/09\/Belouga-500-379x300.jpg 379w\" sizes=\"(max-width: 500px) 100vw, 500px\" title=\"OLYMPUS DIGITAL CAMERA\" alt=\"\" \t\tclass=\"so-widget-image\"\/>\n\t<\/div>\n\n<\/div><\/div><div id=\"panel-7585-2-0-5\" class=\"so-panel widget widget_sow-editor panel-last-child\" data-index=\"16\" ><div\n\t\t\t\n\t\t\tclass=\"so-widget-sow-editor so-widget-sow-editor-base\"\n\t\t\t\n\t\t>\n<div class=\"siteorigin-widget-tinymce textwidget\">\n\t<p><strong>Les BELOUGAS<\/strong>, Sloop plan Cornu, depuis 1943<br \/>\nRapides et transportables, ces petits monocoques habitables font le bonheur de ses adeptes lorientais\u00a0! L\u2019association B\u00e9louga Lorient sera pr\u00e9sente avec 4 bateaux.<\/p>\n<\/div>\n<\/div><\/div><\/div><\/div><\/div>","protected":false},"excerpt":{"rendered":"<p>Le week-end du 12 et 13 octobre, venez visiter des bateaux d&rsquo;exception : bateau historique d&rsquo;aventure, d&rsquo;exploration scientifique, de course au large ou bien de p&ecirc;che traditionnel ! Retrouvez Joshua, la go&eacute;lette de Bernard Moitessier, la go&eacute;lette Tara de la &hellip; <a href=\"https:\/\/aventuriersdelamer.fr\/index.php\/visites-de-bateaux-2024\/\">Continuer la lecture <span class=\"meta-nav\">&rarr;<\/span><\/a><\/p>\n","protected":false},"author":1,"featured_media":6407,"parent":0,"menu_order":0,"comment_status":"closed","ping_status":"closed","template":"","meta":{"footnotes":""},"class_list":["post-7585","page","type-page","status-publish","has-post-thumbnail","hentry"],"yoast_head":"<!-- This site is optimized with the Yoast SEO plugin v27.3 - https:\/\/yoast.com\/product\/yoast-seo-wordpress\/ -->\n<title>Visites de bateaux 2024 - Festival Les Aventuriers de la Mer<\/title>\n<meta name=\"robots\" content=\"index, follow, max-snippet:-1, max-image-preview:large, max-video-preview:-1\" \/>\n<link rel=\"canonical\" href=\"https:\/\/aventuriersdelamer.fr\/index.php\/visites-de-bateaux-2024\/\" \/>\n<meta property=\"og:locale\" content=\"fr_FR\" \/>\n<meta property=\"og:type\" content=\"article\" \/>\n<meta property=\"og:title\" content=\"Visites de bateaux 2024 - Festival Les Aventuriers de la Mer\" \/>\n<meta property=\"og:description\" content=\"Le week-end du 12 et 13 octobre, venez visiter des bateaux d&#039;exception : bateau historique d&#039;aventure, d&#039;exploration scientifique, de course au large ou bien de p&ecirc;che traditionnel ! Retrouvez Joshua, la go&eacute;lette de Bernard Moitessier, la go&eacute;lette Tara de la &hellip; Continuer la lecture &rarr;\" \/>\n<meta property=\"og:url\" content=\"https:\/\/aventuriersdelamer.fr\/index.php\/visites-de-bateaux-2024\/\" \/>\n<meta property=\"og:site_name\" content=\"Festival Les Aventuriers de la Mer\" \/>\n<meta property=\"article:publisher\" content=\"https:\/\/www.facebook.com\/aventuriersdelamer\/\" \/>\n<meta property=\"article:modified_time\" content=\"2024-09-12T16:41:23+00:00\" \/>\n<meta property=\"og:image\" content=\"https:\/\/aventuriersdelamer.fr\/wp-content\/uploads\/2023\/09\/OK-IMG_20190522_103804-scaled.jpg\" \/>\n\t<meta property=\"og:image:width\" content=\"2560\" \/>\n\t<meta property=\"og:image:height\" content=\"1920\" \/>\n\t<meta property=\"og:image:type\" content=\"image\/jpeg\" \/>\n<meta name=\"twitter:card\" content=\"summary_large_image\" \/>\n<meta name=\"twitter:label1\" content=\"Dur\u00e9e de lecture estim\u00e9e\" \/>\n\t<meta name=\"twitter:data1\" content=\"3 minutes\" \/>\n<script type=\"application\/ld+json\" class=\"yoast-schema-graph\">{\"@context\":\"https:\\\/\\\/schema.org\",\"@graph\":[{\"@type\":\"WebPage\",\"@id\":\"https:\\\/\\\/aventuriersdelamer.fr\\\/index.php\\\/visites-de-bateaux-2024\\\/\",\"url\":\"https:\\\/\\\/aventuriersdelamer.fr\\\/index.php\\\/visites-de-bateaux-2024\\\/\",\"name\":\"Visites de bateaux 2024 - Festival Les Aventuriers de la Mer\",\"isPartOf\":{\"@id\":\"https:\\\/\\\/aventuriersdelamer.fr\\\/#website\"},\"primaryImageOfPage\":{\"@id\":\"https:\\\/\\\/aventuriersdelamer.fr\\\/index.php\\\/visites-de-bateaux-2024\\\/#primaryimage\"},\"image\":{\"@id\":\"https:\\\/\\\/aventuriersdelamer.fr\\\/index.php\\\/visites-de-bateaux-2024\\\/#primaryimage\"},\"thumbnailUrl\":\"https:\\\/\\\/aventuriersdelamer.fr\\\/wp-content\\\/uploads\\\/2023\\\/09\\\/OK-IMG_20190522_103804-scaled.jpg\",\"datePublished\":\"2024-09-02T15:24:58+00:00\",\"dateModified\":\"2024-09-12T16:41:23+00:00\",\"breadcrumb\":{\"@id\":\"https:\\\/\\\/aventuriersdelamer.fr\\\/index.php\\\/visites-de-bateaux-2024\\\/#breadcrumb\"},\"inLanguage\":\"fr-FR\",\"potentialAction\":[{\"@type\":\"ReadAction\",\"target\":[\"https:\\\/\\\/aventuriersdelamer.fr\\\/index.php\\\/visites-de-bateaux-2024\\\/\"]}]},{\"@type\":\"ImageObject\",\"inLanguage\":\"fr-FR\",\"@id\":\"https:\\\/\\\/aventuriersdelamer.fr\\\/index.php\\\/visites-de-bateaux-2024\\\/#primaryimage\",\"url\":\"https:\\\/\\\/aventuriersdelamer.fr\\\/wp-content\\\/uploads\\\/2023\\\/09\\\/OK-IMG_20190522_103804-scaled.jpg\",\"contentUrl\":\"https:\\\/\\\/aventuriersdelamer.fr\\\/wp-content\\\/uploads\\\/2023\\\/09\\\/OK-IMG_20190522_103804-scaled.jpg\",\"width\":2560,\"height\":1920,\"caption\":\"JP Couteleau - Association Eric Tabarly\"},{\"@type\":\"BreadcrumbList\",\"@id\":\"https:\\\/\\\/aventuriersdelamer.fr\\\/index.php\\\/visites-de-bateaux-2024\\\/#breadcrumb\",\"itemListElement\":[{\"@type\":\"ListItem\",\"position\":1,\"name\":\"Accueil\",\"item\":\"https:\\\/\\\/aventuriersdelamer.fr\\\/\"},{\"@type\":\"ListItem\",\"position\":2,\"name\":\"Visites de bateaux 2024\"}]},{\"@type\":\"WebSite\",\"@id\":\"https:\\\/\\\/aventuriersdelamer.fr\\\/#website\",\"url\":\"https:\\\/\\\/aventuriersdelamer.fr\\\/\",\"name\":\"Festival Les Aventuriers de la Mer\",\"description\":\"Explorer, innover et enchanter le monde\",\"publisher\":{\"@id\":\"https:\\\/\\\/aventuriersdelamer.fr\\\/#organization\"},\"potentialAction\":[{\"@type\":\"SearchAction\",\"target\":{\"@type\":\"EntryPoint\",\"urlTemplate\":\"https:\\\/\\\/aventuriersdelamer.fr\\\/?s={search_term_string}\"},\"query-input\":{\"@type\":\"PropertyValueSpecification\",\"valueRequired\":true,\"valueName\":\"search_term_string\"}}],\"inLanguage\":\"fr-FR\"},{\"@type\":\"Organization\",\"@id\":\"https:\\\/\\\/aventuriersdelamer.fr\\\/#organization\",\"name\":\"Le Bruit du Vent\",\"url\":\"https:\\\/\\\/aventuriersdelamer.fr\\\/\",\"logo\":{\"@type\":\"ImageObject\",\"inLanguage\":\"fr-FR\",\"@id\":\"https:\\\/\\\/aventuriersdelamer.fr\\\/#\\\/schema\\\/logo\\\/image\\\/\",\"url\":\"https:\\\/\\\/aventuriersdelamer.fr\\\/wp-content\\\/uploads\\\/2016\\\/01\\\/4ECA575F-1CCB-41C9-AAC8-93902736151E.jpeg\",\"contentUrl\":\"https:\\\/\\\/aventuriersdelamer.fr\\\/wp-content\\\/uploads\\\/2016\\\/01\\\/4ECA575F-1CCB-41C9-AAC8-93902736151E.jpeg\",\"width\":222,\"height\":198,\"caption\":\"Le Bruit du Vent\"},\"image\":{\"@id\":\"https:\\\/\\\/aventuriersdelamer.fr\\\/#\\\/schema\\\/logo\\\/image\\\/\"},\"sameAs\":[\"https:\\\/\\\/www.facebook.com\\\/aventuriersdelamer\\\/\"]}]}<\/script>\n<!-- \/ Yoast SEO plugin. -->","yoast_head_json":{"title":"Visites de bateaux 2024 - Festival Les Aventuriers de la Mer","robots":{"index":"index","follow":"follow","max-snippet":"max-snippet:-1","max-image-preview":"max-image-preview:large","max-video-preview":"max-video-preview:-1"},"canonical":"https:\/\/aventuriersdelamer.fr\/index.php\/visites-de-bateaux-2024\/","og_locale":"fr_FR","og_type":"article","og_title":"Visites de bateaux 2024 - Festival Les Aventuriers de la Mer","og_description":"Le week-end du 12 et 13 octobre, venez visiter des bateaux d'exception : bateau historique d'aventure, d'exploration scientifique, de course au large ou bien de p&ecirc;che traditionnel ! Retrouvez Joshua, la go&eacute;lette de Bernard Moitessier, la go&eacute;lette Tara de la &hellip; Continuer la lecture &rarr;","og_url":"https:\/\/aventuriersdelamer.fr\/index.php\/visites-de-bateaux-2024\/","og_site_name":"Festival Les Aventuriers de la Mer","article_publisher":"https:\/\/www.facebook.com\/aventuriersdelamer\/","article_modified_time":"2024-09-12T16:41:23+00:00","og_image":[{"width":2560,"height":1920,"url":"https:\/\/aventuriersdelamer.fr\/wp-content\/uploads\/2023\/09\/OK-IMG_20190522_103804-scaled.jpg","type":"image\/jpeg"}],"twitter_card":"summary_large_image","twitter_misc":{"Dur\u00e9e de lecture estim\u00e9e":"3 minutes"},"schema":{"@context":"https:\/\/schema.org","@graph":[{"@type":"WebPage","@id":"https:\/\/aventuriersdelamer.fr\/index.php\/visites-de-bateaux-2024\/","url":"https:\/\/aventuriersdelamer.fr\/index.php\/visites-de-bateaux-2024\/","name":"Visites de bateaux 2024 - Festival Les Aventuriers de la Mer","isPartOf":{"@id":"https:\/\/aventuriersdelamer.fr\/#website"},"primaryImageOfPage":{"@id":"https:\/\/aventuriersdelamer.fr\/index.php\/visites-de-bateaux-2024\/#primaryimage"},"image":{"@id":"https:\/\/aventuriersdelamer.fr\/index.php\/visites-de-bateaux-2024\/#primaryimage"},"thumbnailUrl":"https:\/\/aventuriersdelamer.fr\/wp-content\/uploads\/2023\/09\/OK-IMG_20190522_103804-scaled.jpg","datePublished":"2024-09-02T15:24:58+00:00","dateModified":"2024-09-12T16:41:23+00:00","breadcrumb":{"@id":"https:\/\/aventuriersdelamer.fr\/index.php\/visites-de-bateaux-2024\/#breadcrumb"},"inLanguage":"fr-FR","potentialAction":[{"@type":"ReadAction","target":["https:\/\/aventuriersdelamer.fr\/index.php\/visites-de-bateaux-2024\/"]}]},{"@type":"ImageObject","inLanguage":"fr-FR","@id":"https:\/\/aventuriersdelamer.fr\/index.php\/visites-de-bateaux-2024\/#primaryimage","url":"https:\/\/aventuriersdelamer.fr\/wp-content\/uploads\/2023\/09\/OK-IMG_20190522_103804-scaled.jpg","contentUrl":"https:\/\/aventuriersdelamer.fr\/wp-content\/uploads\/2023\/09\/OK-IMG_20190522_103804-scaled.jpg","width":2560,"height":1920,"caption":"JP Couteleau - Association Eric Tabarly"},{"@type":"BreadcrumbList","@id":"https:\/\/aventuriersdelamer.fr\/index.php\/visites-de-bateaux-2024\/#breadcrumb","itemListElement":[{"@type":"ListItem","position":1,"name":"Accueil","item":"https:\/\/aventuriersdelamer.fr\/"},{"@type":"ListItem","position":2,"name":"Visites de bateaux 2024"}]},{"@type":"WebSite","@id":"https:\/\/aventuriersdelamer.fr\/#website","url":"https:\/\/aventuriersdelamer.fr\/","name":"Festival Les Aventuriers de la Mer","description":"Explorer, innover et enchanter le monde","publisher":{"@id":"https:\/\/aventuriersdelamer.fr\/#organization"},"potentialAction":[{"@type":"SearchAction","target":{"@type":"EntryPoint","urlTemplate":"https:\/\/aventuriersdelamer.fr\/?s={search_term_string}"},"query-input":{"@type":"PropertyValueSpecification","valueRequired":true,"valueName":"search_term_string"}}],"inLanguage":"fr-FR"},{"@type":"Organization","@id":"https:\/\/aventuriersdelamer.fr\/#organization","name":"Le Bruit du Vent","url":"https:\/\/aventuriersdelamer.fr\/","logo":{"@type":"ImageObject","inLanguage":"fr-FR","@id":"https:\/\/aventuriersdelamer.fr\/#\/schema\/logo\/image\/","url":"https:\/\/aventuriersdelamer.fr\/wp-content\/uploads\/2016\/01\/4ECA575F-1CCB-41C9-AAC8-93902736151E.jpeg","contentUrl":"https:\/\/aventuriersdelamer.fr\/wp-content\/uploads\/2016\/01\/4ECA575F-1CCB-41C9-AAC8-93902736151E.jpeg","width":222,"height":198,"caption":"Le Bruit du Vent"},"image":{"@id":"https:\/\/aventuriersdelamer.fr\/#\/schema\/logo\/image\/"},"sameAs":["https:\/\/www.facebook.com\/aventuriersdelamer\/"]}]}},"_links":{"self":[{"href":"https:\/\/aventuriersdelamer.fr\/index.php\/wp-json\/wp\/v2\/pages\/7585","targetHints":{"allow":["GET"]}}],"collection":[{"href":"https:\/\/aventuriersdelamer.fr\/index.php\/wp-json\/wp\/v2\/pages"}],"about":[{"href":"https:\/\/aventuriersdelamer.fr\/index.php\/wp-json\/wp\/v2\/types\/page"}],"author":[{"embeddable":true,"href":"https:\/\/aventuriersdelamer.fr\/index.php\/wp-json\/wp\/v2\/users\/1"}],"replies":[{"embeddable":true,"href":"https:\/\/aventuriersdelamer.fr\/index.php\/wp-json\/wp\/v2\/comments?post=7585"}],"version-history":[{"count":4,"href":"https:\/\/aventuriersdelamer.fr\/index.php\/wp-json\/wp\/v2\/pages\/7585\/revisions"}],"predecessor-version":[{"id":7635,"href":"https:\/\/aventuriersdelamer.fr\/index.php\/wp-json\/wp\/v2\/pages\/7585\/revisions\/7635"}],"wp:featuredmedia":[{"embeddable":true,"href":"https:\/\/aventuriersdelamer.fr\/index.php\/wp-json\/wp\/v2\/media\/6407"}],"wp:attachment":[{"href":"https:\/\/aventuriersdelamer.fr\/index.php\/wp-json\/wp\/v2\/media?parent=7585"}],"curies":[{"name":"wp","href":"https:\/\/api.w.org\/{rel}","templated":true}]}}