{"id":7439,"date":"2024-04-30T14:47:00","date_gmt":"2024-04-30T13:47:00","guid":{"rendered":"http:\/\/aventuriersdelamer.fr\/?page_id=7439"},"modified":"2024-09-28T11:11:35","modified_gmt":"2024-09-28T10:11:35","slug":"festival-2024","status":"publish","type":"page","link":"https:\/\/aventuriersdelamer.fr\/index.php\/festival-2024\/","title":{"rendered":"Festival 2024"},"content":{"rendered":"<div id=\"pl-7439\"  class=\"panel-layout\" ><div id=\"pg-7439-0\"  class=\"panel-grid panel-no-style\" ><div id=\"pgc-7439-0-0\"  class=\"panel-grid-cell\" ><div id=\"panel-7439-0-0-0\" class=\"so-panel widget widget_sow-editor panel-first-child\" data-index=\"0\" ><div\n\t\t\t\n\t\t\tclass=\"so-widget-sow-editor so-widget-sow-editor-base\"\n\t\t\t\n\t\t>\n<div class=\"siteorigin-widget-tinymce textwidget\">\n\t<p>Le festival Les Aventuriers de la mer met \u00e0 l\u2019honneur les aventures maritimes du XXIe si\u00e8cle. Face aux d\u00e9fis climatiques et soci\u00e9taux, des hommes et des femmes de tout horizon maritime cherchent des solutions, innovent, r\u00e9-enchantent notre monde depuis la mer. Le Festival se donne pour objectifs d \u2018\u00e9veiller \u00e0 la mer, susciter des d\u00e9bats, favoriser les rencontres, ouvrir la voie des possibles\u2026.<\/p>\n<p><span style=\"color: #008080;\"><strong>Le grand voyage est bien la grande affaire de cette 9e \u00e9dition\u00a0!<\/strong><\/span><br \/>\nDeux fils rouges se m\u00ealent et s\u2019entrem\u00ealent avec la venue exceptionnelle de <strong>Joshua,<\/strong> navire du grand navigateur et \u00e9crivain Bernard <strong>Moitessier<\/strong> et avec la mise \u00e0 l\u2019honneur de <strong>familles ayant largu\u00e9 les amarres<\/strong> pour sillonner les vastes oc\u00e9ans.<\/p>\n<p>\u00c0 la rencontre des sciences et des arts, de la raison et de l\u2019\u00e9motion,<br \/>\nle Festival offre un riche programme en acc\u00e8s libre pour tous les publics.<\/p>\n<p><strong>\u00a0Les temps forts du festival\u00a0:<\/strong><br \/>\n\u00b7\u00a0\u00a0\u00a0\u00a0\u00a0\u00a0 Le grand voyage en famille GlobeSailor<br \/>\n\u00b7\u00a0\u00a0\u00a0\u00a0\u00a0\u00a0 La go\u00e9lette d\u2019exp\u00e9dition <strong>Tara<\/strong> de retour et le bateau de Bernard Moitessier <strong>Joshua<\/strong> ouverts \u00e0 la visite!<br \/>\n\u00b7\u00a0\u00a0\u00a0\u00a0\u00a0\u00a0 Nautisme et handicap : une journ\u00e9e d\u00e9di\u00e9e !<br \/>\n\u00b7\u00a0\u00a0\u00a0\u00a0\u00a0\u00a0 Quatre spectacles : Nuit Noire, Pianoc\u00e9an, N\u0153uds .. se transformer et Novecento pianiste ;<\/p>\n<p><span style=\"color: #008080;\"><em>Le festival est labellis\u00e9 F\u00eate de la Science et ouvrira l\u2019ann\u00e9e de la Mer 2024 -2025<\/em><\/span><\/p>\n<\/div>\n<\/div><\/div><div id=\"panel-7439-0-0-1\" class=\"so-panel widget widget_sow-editor\" data-index=\"1\" ><div class=\"panel-widget-style panel-widget-style-for-7439-0-0-1\" ><div\n\t\t\t\n\t\t\tclass=\"so-widget-sow-editor so-widget-sow-editor-base\"\n\t\t\t\n\t\t>\n<div class=\"siteorigin-widget-tinymce textwidget\">\n\t<h2 style=\"text-align: left;\"><span style=\"color: #003366;\"><em><a href=\"http:\/\/aventuriersdelamer.fr\/wp-content\/uploads\/2024\/09\/2024-aventuriers-de-la-mer-Programme-web-copie.pdf\"><img loading=\"lazy\" decoding=\"async\" class=\"alignleft wp-image-7774\" src=\"http:\/\/aventuriersdelamer.fr\/wp-content\/uploads\/2024\/09\/Couv.png\" alt=\"\" width=\"120\" height=\"167\" \/><\/a> <a href=\"http:\/\/aventuriersdelamer.fr\/wp-content\/uploads\/2024\/09\/2024-aventuriers-de-la-mer-Programme-web-copie.pdf\">\u2190T\u00e9l\u00e9chargez le programme !<\/a><br \/>\n<\/em><\/span><\/h2>\n<\/div>\n<\/div><\/div><\/div><div id=\"panel-7439-0-0-2\" class=\"so-panel widget widget_sow-editor panel-last-child\" data-index=\"2\" ><div class=\"panel-widget-style panel-widget-style-for-7439-0-0-2\" ><div\n\t\t\t\n\t\t\tclass=\"so-widget-sow-editor so-widget-sow-editor-base\"\n\t\t\t\n\t\t>\n<div class=\"siteorigin-widget-tinymce textwidget\">\n\t<p style=\"text-align: center;\"><span style=\"color: #003366;\"><em><span style=\"color: #333300;\"><a style=\"color: #333300;\" href=\"http:\/\/aventuriersdelamer.fr\/index.php\/les-invitees-9eme-edition\/\">Les invit\u00e9.e.s de la 9e \u00e9dition<\/a><\/span><br \/>\n<\/em><\/span><\/p>\n<\/div>\n<\/div><\/div><\/div><\/div><\/div><div id=\"pg-7439-1\"  class=\"panel-grid panel-no-style\" ><div id=\"pgc-7439-1-0\"  class=\"panel-grid-cell\" ><div id=\"panel-7439-1-0-0\" class=\"so-panel widget widget_sow-image panel-first-child\" data-index=\"3\" ><div\n\t\t\t\n\t\t\tclass=\"so-widget-sow-image so-widget-sow-image-default-8b5b6f678277-7439\"\n\t\t\t\n\t\t>\n<div class=\"sow-image-container\">\n\t\t\t<a href=\"http:\/\/aventuriersdelamer.fr\/index.php\/rencontres-douverture\/\"\n\t\t\t\t\t>\n\t\t\t<img \n\tsrc=\"https:\/\/aventuriersdelamer.fr\/wp-content\/uploads\/2024\/09\/antoine-portrait\u00a9iles.etaitune-fois-272x182.jpg\" width=\"272\" height=\"182\" sizes=\"(max-width: 272px) 100vw, 272px\" title=\"Antoine\" alt=\"\" \t\tclass=\"so-widget-image\"\/>\n\t\t\t<\/a><\/div>\n\n<\/div><\/div><div id=\"panel-7439-1-0-1\" class=\"so-panel widget widget_sow-headline\" data-index=\"4\" ><div\n\t\t\t\n\t\t\tclass=\"so-widget-sow-headline so-widget-sow-headline-default-e086535cc193-7439\"\n\t\t\t\n\t\t><div class=\"sow-headline-container \">\n\t\t\t\t\t\t\t<h1 class=\"sow-headline\">\n\t\t\t\t\t\t\t\t\t\t\t\t\t<a href=\"http:\/\/aventuriersdelamer.fr\/index.php\/rencontres-douverture\/\" >\n\t\t\t\t\t\t\t\tRencontres d'ouverture<\/a>\t\t\t\t\t\t<\/h1>\n\t\t\t\t\t\t\t\t\t\t\t<div class=\"decoration\">\n\t\t\t\t\t\t<div class=\"decoration-inside\"><\/div>\n\t\t\t\t\t<\/div>\n\t\t\t\t\t<\/div>\n<\/div><\/div><div id=\"panel-7439-1-0-2\" class=\"so-panel widget widget_sow-image\" data-index=\"5\" ><div\n\t\t\t\n\t\t\tclass=\"so-widget-sow-image so-widget-sow-image-default-8b5b6f678277-7439\"\n\t\t\t\n\t\t>\n<div class=\"sow-image-container\">\n\t\t\t<a href=\"http:\/\/aventuriersdelamer.fr\/index.php\/ateliers-scolair\u2026-la-science-2024\/%20\u200e\"\n\t\t\ttarget=\"_blank\" rel=\"noopener noreferrer\" \t\t>\n\t\t\t<img \n\tsrc=\"https:\/\/aventuriersdelamer.fr\/wp-content\/uploads\/2022\/09\/enfants-sur-mutin-272x182.jpg\" width=\"272\" height=\"182\" sizes=\"(max-width: 272px) 100vw, 272px\" title=\"enfants sur mutin\" alt=\"\" \t\tclass=\"so-widget-image\"\/>\n\t\t\t<\/a><\/div>\n\n<\/div><\/div><div id=\"panel-7439-1-0-3\" class=\"so-panel widget widget_sow-headline\" data-index=\"6\" ><div\n\t\t\t\n\t\t\tclass=\"so-widget-sow-headline so-widget-sow-headline-default-e086535cc193-7439\"\n\t\t\t\n\t\t><div class=\"sow-headline-container \">\n\t\t\t\t\t\t\t<h1 class=\"sow-headline\">\n\t\t\t\t\t\tAteliers scolaires \/F\u00eate de la Science\t\t\t\t\t\t<\/h1>\n\t\t\t\t\t\t\t\t\t\t\t<div class=\"decoration\">\n\t\t\t\t\t\t<div class=\"decoration-inside\"><\/div>\n\t\t\t\t\t<\/div>\n\t\t\t\t\t<\/div>\n<\/div><\/div><div id=\"panel-7439-1-0-4\" class=\"so-panel widget widget_sow-image\" data-index=\"7\" ><div\n\t\t\t\n\t\t\tclass=\"so-widget-sow-image so-widget-sow-image-default-8b5b6f678277-7439\"\n\t\t\t\n\t\t>\n<div class=\"sow-image-container\">\n\t\t\t<a href=\"http:\/\/aventuriersdelamer.fr\/index.php\/voile-handi-valide-24\/\"\n\t\t\ttarget=\"_blank\" rel=\"noopener noreferrer\" \t\t>\n\t\t\t<img \n\tsrc=\"https:\/\/aventuriersdelamer.fr\/wp-content\/uploads\/2024\/09\/spirates-272x182.png\" width=\"272\" height=\"182\" sizes=\"(max-width: 272px) 100vw, 272px\" alt=\"\" \t\tclass=\"so-widget-image\"\/>\n\t\t\t<\/a><\/div>\n\n<\/div><\/div><div id=\"panel-7439-1-0-5\" class=\"so-panel widget widget_sow-headline\" data-index=\"8\" ><div\n\t\t\t\n\t\t\tclass=\"so-widget-sow-headline so-widget-sow-headline-default-e086535cc193-7439\"\n\t\t\t\n\t\t><div class=\"sow-headline-container \">\n\t\t\t\t\t\t\t<h1 class=\"sow-headline\">\n\t\t\t\t\t\t\t\t\t\t\t\t\t<a href=\"http:\/\/aventuriersdelamer.fr\/index.php\/voile-handi-valide-24\/\" >\n\t\t\t\t\t\t\t\tVoile handi\/valide<\/a>\t\t\t\t\t\t<\/h1>\n\t\t\t\t\t\t\t\t\t\t\t<div class=\"decoration\">\n\t\t\t\t\t\t<div class=\"decoration-inside\"><\/div>\n\t\t\t\t\t<\/div>\n\t\t\t\t\t<\/div>\n<\/div><\/div><div id=\"panel-7439-1-0-6\" class=\"so-panel widget widget_sow-image\" data-index=\"9\" ><div\n\t\t\t\n\t\t\tclass=\"so-widget-sow-image so-widget-sow-image-default-8b5b6f678277-7439\"\n\t\t\t\n\t\t>\n<div class=\"sow-image-container\">\n\t\t<img \n\tsrc=\"https:\/\/aventuriersdelamer.fr\/wp-content\/uploads\/2024\/09\/T-naqalaqa.jpg\" width=\"425\" height=\"283\" srcset=\"https:\/\/aventuriersdelamer.fr\/wp-content\/uploads\/2024\/09\/T-naqalaqa.jpg 425w, https:\/\/aventuriersdelamer.fr\/wp-content\/uploads\/2024\/09\/T-naqalaqa-300x200.jpg 300w, https:\/\/aventuriersdelamer.fr\/wp-content\/uploads\/2024\/09\/T-naqalaqa-272x182.jpg 272w\" sizes=\"(max-width: 425px) 100vw, 425px\" title=\"default\" alt=\"@S.Roubinet\" \t\tclass=\"so-widget-image\"\/>\n\t<\/div>\n\n<\/div><\/div><div id=\"panel-7439-1-0-7\" class=\"so-panel widget widget_sow-headline\" data-index=\"10\" ><div\n\t\t\t\n\t\t\tclass=\"so-widget-sow-headline so-widget-sow-headline-default-e086535cc193-7439\"\n\t\t\t\n\t\t><div class=\"sow-headline-container \">\n\t\t\t\t\t\t\t<h1 class=\"sow-headline\">\n\t\t\t\t\t\t\t\t\t\t\t\t\t<a href=\"http:\/\/aventuriersdelamer.fr\/index.php\/rencontres-2024\/\" >\n\t\t\t\t\t\t\t\tLes rencontres de l'Auditorium<\/a>\t\t\t\t\t\t<\/h1>\n\t\t\t\t\t\t\t\t\t\t\t<div class=\"decoration\">\n\t\t\t\t\t\t<div class=\"decoration-inside\"><\/div>\n\t\t\t\t\t<\/div>\n\t\t\t\t\t<\/div>\n<\/div><\/div><div id=\"panel-7439-1-0-8\" class=\"so-panel widget widget_sow-image\" data-index=\"11\" ><div\n\t\t\t\n\t\t\tclass=\"so-widget-sow-image so-widget-sow-image-default-8b5b6f678277-7439\"\n\t\t\t\n\t\t>\n<div class=\"sow-image-container\">\n\t\t\t<a href=\"http:\/\/aventuriersdelamer.fr\/index.php\/globesailor\/\"\n\t\t\t\t\t>\n\t\t\t<img \n\tsrc=\"https:\/\/aventuriersdelamer.fr\/wp-content\/uploads\/2024\/09\/Famille-Gahinet-Zai-Zai-272x182.webp\" width=\"272\" height=\"182\" srcset=\"https:\/\/aventuriersdelamer.fr\/wp-content\/uploads\/2024\/09\/Famille-Gahinet-Zai-Zai-272x182.webp 272w, https:\/\/aventuriersdelamer.fr\/wp-content\/uploads\/2024\/09\/Famille-Gahinet-Zai-Zai-300x200.webp 300w, https:\/\/aventuriersdelamer.fr\/wp-content\/uploads\/2024\/09\/Famille-Gahinet-Zai-Zai-1024x682.webp 1024w, https:\/\/aventuriersdelamer.fr\/wp-content\/uploads\/2024\/09\/Famille-Gahinet-Zai-Zai-768x511.webp 768w, https:\/\/aventuriersdelamer.fr\/wp-content\/uploads\/2024\/09\/Famille-Gahinet-Zai-Zai-600x399.webp 600w, https:\/\/aventuriersdelamer.fr\/wp-content\/uploads\/2024\/09\/Famille-Gahinet-Zai-Zai-1536x1022.webp 1536w, https:\/\/aventuriersdelamer.fr\/wp-content\/uploads\/2024\/09\/Famille-Gahinet-Zai-Zai-451x300.webp 451w, https:\/\/aventuriersdelamer.fr\/wp-content\/uploads\/2024\/09\/Famille-Gahinet-Zai-Zai.webp 2048w\" sizes=\"(max-width: 272px) 100vw, 272px\" title=\"Famille Gahinet Zai\u0308 Zai\" alt=\"\" \t\tclass=\"so-widget-image\"\/>\n\t\t\t<\/a><\/div>\n\n<\/div><\/div><div id=\"panel-7439-1-0-9\" class=\"so-panel widget widget_sow-headline\" data-index=\"12\" ><div\n\t\t\t\n\t\t\tclass=\"so-widget-sow-headline so-widget-sow-headline-default-e086535cc193-7439\"\n\t\t\t\n\t\t><div class=\"sow-headline-container \">\n\t\t\t\t\t\t\t<h1 class=\"sow-headline\">\n\t\t\t\t\t\t\t\t\t\t\t\t\t<a href=\"http:\/\/aventuriersdelamer.fr\/index.php\/globesailor\/\" >\n\t\t\t\t\t\t\t\tLe grand voyage en famille GlobeSailor<\/a>\t\t\t\t\t\t<\/h1>\n\t\t\t\t\t\t\t\t\t\t\t<div class=\"decoration\">\n\t\t\t\t\t\t<div class=\"decoration-inside\"><\/div>\n\t\t\t\t\t<\/div>\n\t\t\t\t\t<\/div>\n<\/div><\/div><div id=\"panel-7439-1-0-10\" class=\"so-panel widget widget_sow-image\" data-index=\"13\" ><div\n\t\t\t\n\t\t\tclass=\"so-widget-sow-image so-widget-sow-image-default-8b5b6f678277-7439\"\n\t\t\t\n\t\t>\n<div class=\"sow-image-container\">\n\t\t\t<a href=\"http:\/\/aventuriersdelamer.fr\/index.php\/expositions-2024\/%20\u200e\"\n\t\t\t\t\t>\n\t\t\t<img \n\tsrc=\"https:\/\/aventuriersdelamer.fr\/wp-content\/uploads\/2024\/09\/horizonsbaaam-272x182.jpeg\" width=\"272\" height=\"182\" sizes=\"(max-width: 272px) 100vw, 272px\" alt=\"\" \t\tclass=\"so-widget-image\"\/>\n\t\t\t<\/a><\/div>\n\n<\/div><\/div><div id=\"panel-7439-1-0-11\" class=\"so-panel widget widget_sow-headline\" data-index=\"14\" ><div\n\t\t\t\n\t\t\tclass=\"so-widget-sow-headline so-widget-sow-headline-default-e086535cc193-7439\"\n\t\t\t\n\t\t><div class=\"sow-headline-container \">\n\t\t\t\t\t\t\t<h1 class=\"sow-headline\">\n\t\t\t\t\t\t\t\t\t\t\t\t\t<a href=\"http:\/\/aventuriersdelamer.fr\/index.php\/expositions-2024\/%20\u200e\" >\n\t\t\t\t\t\t\t\tExpositions<\/a>\t\t\t\t\t\t<\/h1>\n\t\t\t\t\t\t\t\t\t\t\t<div class=\"decoration\">\n\t\t\t\t\t\t<div class=\"decoration-inside\"><\/div>\n\t\t\t\t\t<\/div>\n\t\t\t\t\t<\/div>\n<\/div><\/div><div id=\"panel-7439-1-0-12\" class=\"so-panel widget widget_sow-image\" data-index=\"15\" ><div\n\t\t\t\n\t\t\tclass=\"so-widget-sow-image so-widget-sow-image-default-8b5b6f678277-7439\"\n\t\t\t\n\t\t>\n<div class=\"sow-image-container\">\n\t\t\t<a href=\"http:\/\/aventuriersdelamer.fr\/index.php\/embarquez-2024\/\"\n\t\t\t\t\t>\n\t\t\t<img \n\tsrc=\"https:\/\/aventuriersdelamer.fr\/wp-content\/uploads\/2022\/09\/Belouga-500-272x182.jpg\" width=\"272\" height=\"182\" sizes=\"(max-width: 272px) 100vw, 272px\" title=\"OLYMPUS DIGITAL CAMERA\" alt=\"\" \t\tclass=\"so-widget-image\"\/>\n\t\t\t<\/a><\/div>\n\n<\/div><\/div><div id=\"panel-7439-1-0-13\" class=\"so-panel widget widget_sow-headline panel-last-child\" data-index=\"16\" ><div\n\t\t\t\n\t\t\tclass=\"so-widget-sow-headline so-widget-sow-headline-default-e086535cc193-7439\"\n\t\t\t\n\t\t><div class=\"sow-headline-container \">\n\t\t\t\t\t\t\t<h1 class=\"sow-headline\">\n\t\t\t\t\t\t\t\t\t\t\t\t\t<a href=\"http:\/\/aventuriersdelamer.fr\/index.php\/embarquez-2024\/\" >\n\t\t\t\t\t\t\t\tEmbarquez !<\/a>\t\t\t\t\t\t<\/h1>\n\t\t\t\t\t\t\t\t\t\t\t<div class=\"decoration\">\n\t\t\t\t\t\t<div class=\"decoration-inside\"><\/div>\n\t\t\t\t\t<\/div>\n\t\t\t\t\t<\/div>\n<\/div><\/div><\/div><div id=\"pgc-7439-1-1\"  class=\"panel-grid-cell\" ><div id=\"panel-7439-1-1-0\" class=\"so-panel widget widget_sow-image panel-first-child\" data-index=\"17\" ><div\n\t\t\t\n\t\t\tclass=\"so-widget-sow-image so-widget-sow-image-default-8b5b6f678277-7439\"\n\t\t\t\n\t\t>\n<div class=\"sow-image-container\">\n\t\t\t<a href=\"http:\/\/aventuriersdelamer.fr\/index.php\/le-prix-des-initiatives-maritimes\/\"\n\t\t\t\t\t>\n\t\t\t<img \n\tsrc=\"https:\/\/aventuriersdelamer.fr\/wp-content\/uploads\/2021\/03\/Anim18OK-scaled.jpg\" width=\"2560\" height=\"1702\" srcset=\"https:\/\/aventuriersdelamer.fr\/wp-content\/uploads\/2021\/03\/Anim18OK-scaled.jpg 2560w, https:\/\/aventuriersdelamer.fr\/wp-content\/uploads\/2021\/03\/Anim18OK-300x199.jpg 300w, https:\/\/aventuriersdelamer.fr\/wp-content\/uploads\/2021\/03\/Anim18OK-1024x681.jpg 1024w, https:\/\/aventuriersdelamer.fr\/wp-content\/uploads\/2021\/03\/Anim18OK-768x511.jpg 768w, https:\/\/aventuriersdelamer.fr\/wp-content\/uploads\/2021\/03\/Anim18OK-600x399.jpg 600w, https:\/\/aventuriersdelamer.fr\/wp-content\/uploads\/2021\/03\/Anim18OK-1536x1021.jpg 1536w, https:\/\/aventuriersdelamer.fr\/wp-content\/uploads\/2021\/03\/Anim18OK-2048x1362.jpg 2048w, https:\/\/aventuriersdelamer.fr\/wp-content\/uploads\/2021\/03\/Anim18OK-451x300.jpg 451w, https:\/\/aventuriersdelamer.fr\/wp-content\/uploads\/2021\/03\/Anim18OK-272x182.jpg 272w\" sizes=\"(max-width: 2560px) 100vw, 2560px\" title=\"Anim18OK\" alt=\"\" \t\tclass=\"so-widget-image\"\/>\n\t\t\t<\/a><\/div>\n\n<\/div><\/div><div id=\"panel-7439-1-1-1\" class=\"so-panel widget widget_sow-headline\" data-index=\"18\" ><div\n\t\t\t\n\t\t\tclass=\"so-widget-sow-headline so-widget-sow-headline-default-e086535cc193-7439\"\n\t\t\t\n\t\t><div class=\"sow-headline-container \">\n\t\t\t\t\t\t\t<h1 class=\"sow-headline\">\n\t\t\t\t\t\t\t\t\t\t\t\t\t<a href=\"http:\/\/aventuriersdelamer.fr\/index.php\/le-prix-des-initiatives-maritimes\/\" >\n\t\t\t\t\t\t\t\tPrix des initiatives maritimes<\/a>\t\t\t\t\t\t<\/h1>\n\t\t\t\t\t\t\t\t\t\t\t<div class=\"decoration\">\n\t\t\t\t\t\t<div class=\"decoration-inside\"><\/div>\n\t\t\t\t\t<\/div>\n\t\t\t\t\t<\/div>\n<\/div><\/div><div id=\"panel-7439-1-1-2\" class=\"so-panel widget widget_sow-image\" data-index=\"19\" ><div\n\t\t\t\n\t\t\tclass=\"so-widget-sow-image so-widget-sow-image-default-8b5b6f678277-7439\"\n\t\t\t\n\t\t>\n<div class=\"sow-image-container\">\n\t\t\t<a href=\"http:\/\/aventuriersdelamer.fr\/index.php\/les-femmes-et-la-mer-24\/\"\n\t\t\t\t\t>\n\t\t\t<img \n\tsrc=\"https:\/\/aventuriersdelamer.fr\/wp-content\/uploads\/2024\/09\/portrait-anne-smith-272x182.jpg\" width=\"272\" height=\"182\" sizes=\"(max-width: 272px) 100vw, 272px\" title=\"Anne Smith\" alt=\"\" \t\tclass=\"so-widget-image\"\/>\n\t\t\t<\/a><\/div>\n\n<\/div><\/div><div id=\"panel-7439-1-1-3\" class=\"so-panel widget widget_sow-headline\" data-index=\"20\" ><div\n\t\t\t\n\t\t\tclass=\"so-widget-sow-headline so-widget-sow-headline-default-e086535cc193-7439\"\n\t\t\t\n\t\t><div class=\"sow-headline-container \">\n\t\t\t\t\t\t\t<h1 class=\"sow-headline\">\n\t\t\t\t\t\t\t\t\t\t\t\t\t<a href=\"http:\/\/aventuriersdelamer.fr\/index.php\/les-femmes-et-la-mer-24\/\" >\n\t\t\t\t\t\t\t\tLes femmes et la mer<\/a>\t\t\t\t\t\t<\/h1>\n\t\t\t\t\t\t\t\t\t\t\t<div class=\"decoration\">\n\t\t\t\t\t\t<div class=\"decoration-inside\"><\/div>\n\t\t\t\t\t<\/div>\n\t\t\t\t\t<\/div>\n<\/div><\/div><div id=\"panel-7439-1-1-4\" class=\"so-panel widget widget_sow-image\" data-index=\"21\" ><div\n\t\t\t\n\t\t\tclass=\"so-widget-sow-image so-widget-sow-image-default-8b5b6f678277-7439\"\n\t\t\t\n\t\t>\n<div class=\"sow-image-container\">\n\t\t\t<a href=\"http:\/\/aventuriersdelamer.fr\/index.php\/visites-de-bateaux-2024\/\"\n\t\t\t\t\t>\n\t\t\t<img \n\tsrc=\"https:\/\/aventuriersdelamer.fr\/wp-content\/uploads\/2023\/09\/MMLRJOSHUA2-768x1181.jpg\" width=\"584\" height=\"898\" srcset=\"https:\/\/aventuriersdelamer.fr\/wp-content\/uploads\/2023\/09\/MMLRJOSHUA2-768x1181.jpg 768w, https:\/\/aventuriersdelamer.fr\/wp-content\/uploads\/2023\/09\/MMLRJOSHUA2-195x300.jpg 195w, https:\/\/aventuriersdelamer.fr\/wp-content\/uploads\/2023\/09\/MMLRJOSHUA2-666x1024.jpg 666w, https:\/\/aventuriersdelamer.fr\/wp-content\/uploads\/2023\/09\/MMLRJOSHUA2-600x922.jpg 600w, https:\/\/aventuriersdelamer.fr\/wp-content\/uploads\/2023\/09\/MMLRJOSHUA2-999x1536.jpg 999w, https:\/\/aventuriersdelamer.fr\/wp-content\/uploads\/2023\/09\/MMLRJOSHUA2.jpg 1152w\" sizes=\"(max-width: 584px) 100vw, 584px\" title=\"Joshua, le navire de Bernard Moitessier\" alt=\"\" \t\tclass=\"so-widget-image\"\/>\n\t\t\t<\/a><\/div>\n\n<\/div><\/div><div id=\"panel-7439-1-1-5\" class=\"so-panel widget widget_sow-headline\" data-index=\"22\" ><div\n\t\t\t\n\t\t\tclass=\"so-widget-sow-headline so-widget-sow-headline-default-e086535cc193-7439\"\n\t\t\t\n\t\t><div class=\"sow-headline-container \">\n\t\t\t\t\t\t\t<h1 class=\"sow-headline\">\n\t\t\t\t\t\t\t\t\t\t\t\t\t<a href=\"http:\/\/aventuriersdelamer.fr\/index.php\/visites-de-bateaux-2024\/\" >\n\t\t\t\t\t\t\t\tVisites de bateaux<\/a>\t\t\t\t\t\t<\/h1>\n\t\t\t\t\t\t\t\t\t\t\t<div class=\"decoration\">\n\t\t\t\t\t\t<div class=\"decoration-inside\"><\/div>\n\t\t\t\t\t<\/div>\n\t\t\t\t\t<\/div>\n<\/div><\/div><div id=\"panel-7439-1-1-6\" class=\"so-panel widget widget_sow-image\" data-index=\"23\" ><div\n\t\t\t\n\t\t\tclass=\"so-widget-sow-image so-widget-sow-image-default-8b5b6f678277-7439\"\n\t\t\t\n\t\t>\n<div class=\"sow-image-container\">\n\t\t\t<a href=\"http:\/\/aventuriersdelamer.fr\/index.php\/spectacles-2024\/\"\n\t\t\t\t\t>\n\t\t\t<img \n\tsrc=\"https:\/\/aventuriersdelamer.fr\/wp-content\/uploads\/2024\/09\/Joshua-YounnLocard-234x300.jpg\" width=\"234\" height=\"300\" srcset=\"https:\/\/aventuriersdelamer.fr\/wp-content\/uploads\/2024\/09\/Joshua-YounnLocard-234x300.jpg 234w, https:\/\/aventuriersdelamer.fr\/wp-content\/uploads\/2024\/09\/Joshua-YounnLocard-798x1024.jpg 798w, https:\/\/aventuriersdelamer.fr\/wp-content\/uploads\/2024\/09\/Joshua-YounnLocard-768x985.jpg 768w, https:\/\/aventuriersdelamer.fr\/wp-content\/uploads\/2024\/09\/Joshua-YounnLocard-600x770.jpg 600w, https:\/\/aventuriersdelamer.fr\/wp-content\/uploads\/2024\/09\/Joshua-YounnLocard-1197x1536.jpg 1197w, https:\/\/aventuriersdelamer.fr\/wp-content\/uploads\/2024\/09\/Joshua-YounnLocard-1596x2048.jpg 1596w, https:\/\/aventuriersdelamer.fr\/wp-content\/uploads\/2024\/09\/Joshua-YounnLocard.jpg 1717w\" sizes=\"(max-width: 234px) 100vw, 234px\" title=\"Joshua &#8211; YounnLocard\" alt=\"\" \t\tclass=\"so-widget-image\"\/>\n\t\t\t<\/a><\/div>\n\n<\/div><\/div><div id=\"panel-7439-1-1-7\" class=\"so-panel widget widget_sow-headline\" data-index=\"24\" ><div\n\t\t\t\n\t\t\tclass=\"so-widget-sow-headline so-widget-sow-headline-default-e086535cc193-7439\"\n\t\t\t\n\t\t><div class=\"sow-headline-container \">\n\t\t\t\t\t\t\t<h1 class=\"sow-headline\">\n\t\t\t\t\t\t\t\t\t\t\t\t\t<a href=\"http:\/\/aventuriersdelamer.fr\/index.php\/spectacles-2024\/\" >\n\t\t\t\t\t\t\t\tSpectacles<\/a>\t\t\t\t\t\t<\/h1>\n\t\t\t\t\t\t\t\t\t\t\t<div class=\"decoration\">\n\t\t\t\t\t\t<div class=\"decoration-inside\"><\/div>\n\t\t\t\t\t<\/div>\n\t\t\t\t\t<\/div>\n<\/div><\/div><div id=\"panel-7439-1-1-8\" class=\"so-panel widget widget_sow-image\" data-index=\"25\" ><div\n\t\t\t\n\t\t\tclass=\"so-widget-sow-image so-widget-sow-image-default-8b5b6f678277-7439\"\n\t\t\t\n\t\t>\n<div class=\"sow-image-container\">\n\t\t\t<a href=\"http:\/\/aventuriersdelamer.fr\/index.php\/cine-des-aventuriers24\/\"\n\t\t\t\t\t>\n\t\t\t<img \n\tsrc=\"https:\/\/aventuriersdelamer.fr\/wp-content\/uploads\/2024\/09\/Armes-lheritage-toxique-272x182.jpeg\" width=\"272\" height=\"182\" sizes=\"(max-width: 272px) 100vw, 272px\" title=\"Egypte 2019\" alt=\"\" \t\tclass=\"so-widget-image\"\/>\n\t\t\t<\/a><\/div>\n\n<\/div><\/div><div id=\"panel-7439-1-1-9\" class=\"so-panel widget widget_sow-headline\" data-index=\"26\" ><div\n\t\t\t\n\t\t\tclass=\"so-widget-sow-headline so-widget-sow-headline-default-e086535cc193-7439\"\n\t\t\t\n\t\t><div class=\"sow-headline-container \">\n\t\t\t\t\t\t\t<h1 class=\"sow-headline\">\n\t\t\t\t\t\t\t\t\t\t\t\t\t<a href=\"http:\/\/aventuriersdelamer.fr\/index.php\/cine-des-aventuriers24\/\" >\n\t\t\t\t\t\t\t\tLe cin\u00e9 des Aventuriers<\/a>\t\t\t\t\t\t<\/h1>\n\t\t\t\t\t\t\t\t\t\t\t<div class=\"decoration\">\n\t\t\t\t\t\t<div class=\"decoration-inside\"><\/div>\n\t\t\t\t\t<\/div>\n\t\t\t\t\t<\/div>\n<\/div><\/div><div id=\"panel-7439-1-1-10\" class=\"so-panel widget widget_sow-image\" data-index=\"27\" ><div\n\t\t\t\n\t\t\tclass=\"so-widget-sow-image so-widget-sow-image-default-8b5b6f678277-7439\"\n\t\t\t\n\t\t>\n<div class=\"sow-image-container\">\n\t\t\t<a href=\"http:\/\/aventuriersdelamer.fr\/index.php\/associations-et-animations24\/%20\u200e\"\n\t\t\t\t\t>\n\t\t\t<img \n\tsrc=\"https:\/\/aventuriersdelamer.fr\/wp-content\/uploads\/2021\/10\/associations-Karre\u0301-\u00a9CaroleTymen-272x182.jpg\" width=\"272\" height=\"182\" sizes=\"(max-width: 272px) 100vw, 272px\" title=\"associations Karre\u0301 \u00a9CaroleTymen\" alt=\"\" \t\tclass=\"so-widget-image\"\/>\n\t\t\t<\/a><\/div>\n\n<\/div><\/div><div id=\"panel-7439-1-1-11\" class=\"so-panel widget widget_sow-headline panel-last-child\" data-index=\"28\" ><div\n\t\t\t\n\t\t\tclass=\"so-widget-sow-headline so-widget-sow-headline-default-e086535cc193-7439\"\n\t\t\t\n\t\t><div class=\"sow-headline-container \">\n\t\t\t\t\t\t\t<h1 class=\"sow-headline\">\n\t\t\t\t\t\t\t\t\t\t\t\t\t<a href=\"http:\/\/aventuriersdelamer.fr\/index.php\/associations-et-animations24\/%20\u200e\" >\n\t\t\t\t\t\t\t\tAssociations &amp; Animations<\/a>\t\t\t\t\t\t<\/h1>\n\t\t\t\t\t\t\t\t\t\t\t<div class=\"decoration\">\n\t\t\t\t\t\t<div class=\"decoration-inside\"><\/div>\n\t\t\t\t\t<\/div>\n\t\t\t\t\t<\/div>\n<\/div><\/div><\/div><\/div><div id=\"pg-7439-2\"  class=\"panel-grid panel-no-style\" ><div id=\"pgc-7439-2-0\"  class=\"panel-grid-cell panel-grid-cell-empty\" ><\/div><\/div><\/div>","protected":false},"excerpt":{"rendered":"<p>Le festival Les Aventuriers de la mer met &agrave; l&rsquo;honneur les aventures maritimes du XXIe si&egrave;cle. Face aux d&eacute;fis climatiques et soci&eacute;taux, des hommes et des femmes de tout horizon maritime cherchent des solutions, innovent, r&eacute;-enchantent notre monde depuis la &hellip; <a href=\"https:\/\/aventuriersdelamer.fr\/index.php\/festival-2024\/\">Continuer la lecture <span class=\"meta-nav\">&rarr;<\/span><\/a><\/p>\n","protected":false},"author":1,"featured_media":7568,"parent":0,"menu_order":0,"comment_status":"closed","ping_status":"closed","template":"","meta":{"footnotes":""},"class_list":["post-7439","page","type-page","status-publish","has-post-thumbnail","hentry"],"yoast_head":"<!-- This site is optimized with the Yoast SEO plugin v27.3 - https:\/\/yoast.com\/product\/yoast-seo-wordpress\/ -->\n<title>Festival 2024 - Festival Les Aventuriers de la Mer<\/title>\n<meta name=\"robots\" content=\"index, follow, max-snippet:-1, max-image-preview:large, max-video-preview:-1\" \/>\n<link rel=\"canonical\" href=\"https:\/\/aventuriersdelamer.fr\/index.php\/festival-2024\/\" \/>\n<meta property=\"og:locale\" content=\"fr_FR\" \/>\n<meta property=\"og:type\" content=\"article\" \/>\n<meta property=\"og:title\" content=\"Festival 2024 - Festival Les Aventuriers de la Mer\" \/>\n<meta property=\"og:description\" content=\"Le festival Les Aventuriers de la mer met &agrave; l&rsquo;honneur les aventures maritimes du XXIe si&egrave;cle. Face aux d&eacute;fis climatiques et soci&eacute;taux, des hommes et des femmes de tout horizon maritime cherchent des solutions, innovent, r&eacute;-enchantent notre monde depuis la &hellip; Continuer la lecture &rarr;\" \/>\n<meta property=\"og:url\" content=\"https:\/\/aventuriersdelamer.fr\/index.php\/festival-2024\/\" \/>\n<meta property=\"og:site_name\" content=\"Festival Les Aventuriers de la Mer\" \/>\n<meta property=\"article:publisher\" content=\"https:\/\/www.facebook.com\/aventuriersdelamer\/\" \/>\n<meta property=\"article:modified_time\" content=\"2024-09-28T10:11:35+00:00\" \/>\n<meta property=\"og:image\" content=\"https:\/\/aventuriersdelamer.fr\/wp-content\/uploads\/2024\/09\/2024-ADM-Lorient-sans-texte-1900x1078-1.jpg\" \/>\n\t<meta property=\"og:image:width\" content=\"1900\" \/>\n\t<meta property=\"og:image:height\" content=\"1078\" \/>\n\t<meta property=\"og:image:type\" content=\"image\/jpeg\" \/>\n<meta name=\"twitter:card\" content=\"summary_large_image\" \/>\n<meta name=\"twitter:label1\" content=\"Dur\u00e9e de lecture estim\u00e9e\" \/>\n\t<meta name=\"twitter:data1\" content=\"2 minutes\" \/>\n<script type=\"application\/ld+json\" class=\"yoast-schema-graph\">{\"@context\":\"https:\\\/\\\/schema.org\",\"@graph\":[{\"@type\":\"WebPage\",\"@id\":\"https:\\\/\\\/aventuriersdelamer.fr\\\/index.php\\\/festival-2024\\\/\",\"url\":\"https:\\\/\\\/aventuriersdelamer.fr\\\/index.php\\\/festival-2024\\\/\",\"name\":\"Festival 2024 - Festival Les Aventuriers de la Mer\",\"isPartOf\":{\"@id\":\"https:\\\/\\\/aventuriersdelamer.fr\\\/#website\"},\"primaryImageOfPage\":{\"@id\":\"https:\\\/\\\/aventuriersdelamer.fr\\\/index.php\\\/festival-2024\\\/#primaryimage\"},\"image\":{\"@id\":\"https:\\\/\\\/aventuriersdelamer.fr\\\/index.php\\\/festival-2024\\\/#primaryimage\"},\"thumbnailUrl\":\"https:\\\/\\\/aventuriersdelamer.fr\\\/wp-content\\\/uploads\\\/2024\\\/09\\\/2024-ADM-Lorient-sans-texte-1900x1078-1.jpg\",\"datePublished\":\"2024-04-30T13:47:00+00:00\",\"dateModified\":\"2024-09-28T10:11:35+00:00\",\"breadcrumb\":{\"@id\":\"https:\\\/\\\/aventuriersdelamer.fr\\\/index.php\\\/festival-2024\\\/#breadcrumb\"},\"inLanguage\":\"fr-FR\",\"potentialAction\":[{\"@type\":\"ReadAction\",\"target\":[\"https:\\\/\\\/aventuriersdelamer.fr\\\/index.php\\\/festival-2024\\\/\"]}]},{\"@type\":\"ImageObject\",\"inLanguage\":\"fr-FR\",\"@id\":\"https:\\\/\\\/aventuriersdelamer.fr\\\/index.php\\\/festival-2024\\\/#primaryimage\",\"url\":\"https:\\\/\\\/aventuriersdelamer.fr\\\/wp-content\\\/uploads\\\/2024\\\/09\\\/2024-ADM-Lorient-sans-texte-1900x1078-1.jpg\",\"contentUrl\":\"https:\\\/\\\/aventuriersdelamer.fr\\\/wp-content\\\/uploads\\\/2024\\\/09\\\/2024-ADM-Lorient-sans-texte-1900x1078-1.jpg\",\"width\":1900,\"height\":1078},{\"@type\":\"BreadcrumbList\",\"@id\":\"https:\\\/\\\/aventuriersdelamer.fr\\\/index.php\\\/festival-2024\\\/#breadcrumb\",\"itemListElement\":[{\"@type\":\"ListItem\",\"position\":1,\"name\":\"Accueil\",\"item\":\"https:\\\/\\\/aventuriersdelamer.fr\\\/\"},{\"@type\":\"ListItem\",\"position\":2,\"name\":\"Festival 2024\"}]},{\"@type\":\"WebSite\",\"@id\":\"https:\\\/\\\/aventuriersdelamer.fr\\\/#website\",\"url\":\"https:\\\/\\\/aventuriersdelamer.fr\\\/\",\"name\":\"Festival Les Aventuriers de la Mer\",\"description\":\"Explorer, innover et enchanter le monde\",\"publisher\":{\"@id\":\"https:\\\/\\\/aventuriersdelamer.fr\\\/#organization\"},\"potentialAction\":[{\"@type\":\"SearchAction\",\"target\":{\"@type\":\"EntryPoint\",\"urlTemplate\":\"https:\\\/\\\/aventuriersdelamer.fr\\\/?s={search_term_string}\"},\"query-input\":{\"@type\":\"PropertyValueSpecification\",\"valueRequired\":true,\"valueName\":\"search_term_string\"}}],\"inLanguage\":\"fr-FR\"},{\"@type\":\"Organization\",\"@id\":\"https:\\\/\\\/aventuriersdelamer.fr\\\/#organization\",\"name\":\"Le Bruit du Vent\",\"url\":\"https:\\\/\\\/aventuriersdelamer.fr\\\/\",\"logo\":{\"@type\":\"ImageObject\",\"inLanguage\":\"fr-FR\",\"@id\":\"https:\\\/\\\/aventuriersdelamer.fr\\\/#\\\/schema\\\/logo\\\/image\\\/\",\"url\":\"https:\\\/\\\/aventuriersdelamer.fr\\\/wp-content\\\/uploads\\\/2016\\\/01\\\/4ECA575F-1CCB-41C9-AAC8-93902736151E.jpeg\",\"contentUrl\":\"https:\\\/\\\/aventuriersdelamer.fr\\\/wp-content\\\/uploads\\\/2016\\\/01\\\/4ECA575F-1CCB-41C9-AAC8-93902736151E.jpeg\",\"width\":222,\"height\":198,\"caption\":\"Le Bruit du Vent\"},\"image\":{\"@id\":\"https:\\\/\\\/aventuriersdelamer.fr\\\/#\\\/schema\\\/logo\\\/image\\\/\"},\"sameAs\":[\"https:\\\/\\\/www.facebook.com\\\/aventuriersdelamer\\\/\"]}]}<\/script>\n<!-- \/ Yoast SEO plugin. -->","yoast_head_json":{"title":"Festival 2024 - Festival Les Aventuriers de la Mer","robots":{"index":"index","follow":"follow","max-snippet":"max-snippet:-1","max-image-preview":"max-image-preview:large","max-video-preview":"max-video-preview:-1"},"canonical":"https:\/\/aventuriersdelamer.fr\/index.php\/festival-2024\/","og_locale":"fr_FR","og_type":"article","og_title":"Festival 2024 - Festival Les Aventuriers de la Mer","og_description":"Le festival Les Aventuriers de la mer met &agrave; l&rsquo;honneur les aventures maritimes du XXIe si&egrave;cle. Face aux d&eacute;fis climatiques et soci&eacute;taux, des hommes et des femmes de tout horizon maritime cherchent des solutions, innovent, r&eacute;-enchantent notre monde depuis la &hellip; Continuer la lecture &rarr;","og_url":"https:\/\/aventuriersdelamer.fr\/index.php\/festival-2024\/","og_site_name":"Festival Les Aventuriers de la Mer","article_publisher":"https:\/\/www.facebook.com\/aventuriersdelamer\/","article_modified_time":"2024-09-28T10:11:35+00:00","og_image":[{"width":1900,"height":1078,"url":"https:\/\/aventuriersdelamer.fr\/wp-content\/uploads\/2024\/09\/2024-ADM-Lorient-sans-texte-1900x1078-1.jpg","type":"image\/jpeg"}],"twitter_card":"summary_large_image","twitter_misc":{"Dur\u00e9e de lecture estim\u00e9e":"2 minutes"},"schema":{"@context":"https:\/\/schema.org","@graph":[{"@type":"WebPage","@id":"https:\/\/aventuriersdelamer.fr\/index.php\/festival-2024\/","url":"https:\/\/aventuriersdelamer.fr\/index.php\/festival-2024\/","name":"Festival 2024 - Festival Les Aventuriers de la Mer","isPartOf":{"@id":"https:\/\/aventuriersdelamer.fr\/#website"},"primaryImageOfPage":{"@id":"https:\/\/aventuriersdelamer.fr\/index.php\/festival-2024\/#primaryimage"},"image":{"@id":"https:\/\/aventuriersdelamer.fr\/index.php\/festival-2024\/#primaryimage"},"thumbnailUrl":"https:\/\/aventuriersdelamer.fr\/wp-content\/uploads\/2024\/09\/2024-ADM-Lorient-sans-texte-1900x1078-1.jpg","datePublished":"2024-04-30T13:47:00+00:00","dateModified":"2024-09-28T10:11:35+00:00","breadcrumb":{"@id":"https:\/\/aventuriersdelamer.fr\/index.php\/festival-2024\/#breadcrumb"},"inLanguage":"fr-FR","potentialAction":[{"@type":"ReadAction","target":["https:\/\/aventuriersdelamer.fr\/index.php\/festival-2024\/"]}]},{"@type":"ImageObject","inLanguage":"fr-FR","@id":"https:\/\/aventuriersdelamer.fr\/index.php\/festival-2024\/#primaryimage","url":"https:\/\/aventuriersdelamer.fr\/wp-content\/uploads\/2024\/09\/2024-ADM-Lorient-sans-texte-1900x1078-1.jpg","contentUrl":"https:\/\/aventuriersdelamer.fr\/wp-content\/uploads\/2024\/09\/2024-ADM-Lorient-sans-texte-1900x1078-1.jpg","width":1900,"height":1078},{"@type":"BreadcrumbList","@id":"https:\/\/aventuriersdelamer.fr\/index.php\/festival-2024\/#breadcrumb","itemListElement":[{"@type":"ListItem","position":1,"name":"Accueil","item":"https:\/\/aventuriersdelamer.fr\/"},{"@type":"ListItem","position":2,"name":"Festival 2024"}]},{"@type":"WebSite","@id":"https:\/\/aventuriersdelamer.fr\/#website","url":"https:\/\/aventuriersdelamer.fr\/","name":"Festival Les Aventuriers de la Mer","description":"Explorer, innover et enchanter le monde","publisher":{"@id":"https:\/\/aventuriersdelamer.fr\/#organization"},"potentialAction":[{"@type":"SearchAction","target":{"@type":"EntryPoint","urlTemplate":"https:\/\/aventuriersdelamer.fr\/?s={search_term_string}"},"query-input":{"@type":"PropertyValueSpecification","valueRequired":true,"valueName":"search_term_string"}}],"inLanguage":"fr-FR"},{"@type":"Organization","@id":"https:\/\/aventuriersdelamer.fr\/#organization","name":"Le Bruit du Vent","url":"https:\/\/aventuriersdelamer.fr\/","logo":{"@type":"ImageObject","inLanguage":"fr-FR","@id":"https:\/\/aventuriersdelamer.fr\/#\/schema\/logo\/image\/","url":"https:\/\/aventuriersdelamer.fr\/wp-content\/uploads\/2016\/01\/4ECA575F-1CCB-41C9-AAC8-93902736151E.jpeg","contentUrl":"https:\/\/aventuriersdelamer.fr\/wp-content\/uploads\/2016\/01\/4ECA575F-1CCB-41C9-AAC8-93902736151E.jpeg","width":222,"height":198,"caption":"Le Bruit du Vent"},"image":{"@id":"https:\/\/aventuriersdelamer.fr\/#\/schema\/logo\/image\/"},"sameAs":["https:\/\/www.facebook.com\/aventuriersdelamer\/"]}]}},"_links":{"self":[{"href":"https:\/\/aventuriersdelamer.fr\/index.php\/wp-json\/wp\/v2\/pages\/7439","targetHints":{"allow":["GET"]}}],"collection":[{"href":"https:\/\/aventuriersdelamer.fr\/index.php\/wp-json\/wp\/v2\/pages"}],"about":[{"href":"https:\/\/aventuriersdelamer.fr\/index.php\/wp-json\/wp\/v2\/types\/page"}],"author":[{"embeddable":true,"href":"https:\/\/aventuriersdelamer.fr\/index.php\/wp-json\/wp\/v2\/users\/1"}],"replies":[{"embeddable":true,"href":"https:\/\/aventuriersdelamer.fr\/index.php\/wp-json\/wp\/v2\/comments?post=7439"}],"version-history":[{"count":33,"href":"https:\/\/aventuriersdelamer.fr\/index.php\/wp-json\/wp\/v2\/pages\/7439\/revisions"}],"predecessor-version":[{"id":7896,"href":"https:\/\/aventuriersdelamer.fr\/index.php\/wp-json\/wp\/v2\/pages\/7439\/revisions\/7896"}],"wp:featuredmedia":[{"embeddable":true,"href":"https:\/\/aventuriersdelamer.fr\/index.php\/wp-json\/wp\/v2\/media\/7568"}],"wp:attachment":[{"href":"https:\/\/aventuriersdelamer.fr\/index.php\/wp-json\/wp\/v2\/media?parent=7439"}],"curies":[{"name":"wp","href":"https:\/\/api.w.org\/{rel}","templated":true}]}}