{"id":6637,"date":"2024-06-05T17:03:56","date_gmt":"2024-06-05T16:03:56","guid":{"rendered":"http:\/\/aventuriersdelamer.fr\/?page_id=6637"},"modified":"2024-10-10T10:37:16","modified_gmt":"2024-10-10T09:37:16","slug":"les-initiatives-maritimes","status":"publish","type":"page","link":"https:\/\/aventuriersdelamer.fr\/index.php\/les-initiatives-maritimes\/","title":{"rendered":"Les Initiatives Maritimes 2024"},"content":{"rendered":"<div id=\"pl-6637\"  class=\"panel-layout\" ><div id=\"pg-6637-0\"  class=\"panel-grid panel-no-style\" ><div id=\"pgc-6637-0-0\"  class=\"panel-grid-cell\" ><div id=\"panel-6637-0-0-0\" class=\"so-panel widget widget_sow-headline panel-first-child\" data-index=\"0\" ><div\n\t\t\t\n\t\t\tclass=\"so-widget-sow-headline so-widget-sow-headline-default-bc89c45b962a-6637\"\n\t\t\t\n\t\t><div class=\"sow-headline-container \">\n\t\t\t\t\t\t\t<h1 class=\"sow-headline\">\n\t\t\t\t\t\tSimple citoyen, entreprise, association ? Vous \u00eates porteur d\u2019une initiative maritime ? Participez ! \t\t\t\t\t\t<\/h1>\n\t\t\t\t\t\t\t\t\t\t\t<div class=\"decoration\">\n\t\t\t\t\t\t<div class=\"decoration-inside\"><\/div>\n\t\t\t\t\t<\/div>\n\t\t\t\t\t<\/div>\n<\/div><\/div><div id=\"panel-6637-0-0-1\" class=\"so-panel widget widget_sow-editor\" data-index=\"1\" ><div\n\t\t\t\n\t\t\tclass=\"so-widget-sow-editor so-widget-sow-editor-base\"\n\t\t\t\n\t\t>\n<div class=\"siteorigin-widget-tinymce textwidget\">\n\t<p><a href=\"http:\/\/aventuriersdelamer.fr\/wp-content\/uploads\/2019\/06\/logo-prix-initiatives-maritimes.png\"><img loading=\"lazy\" decoding=\"async\" class=\"alignright wp-image-1524\" src=\"http:\/\/aventuriersdelamer.fr\/wp-content\/uploads\/2019\/06\/logo-prix-initiatives-maritimes.png\" alt=\"\" width=\"113\" height=\"116\" \/><\/a>Le Festival <em><strong>Les aventuriers de la mer<\/strong><\/em> lance pour la <sup>9e<\/sup> \u00e9dition les Prix des Initiatives maritimes pour d\u00e9couvrir et accompagner des <strong>projets maritimes ambitieux et innovants, inscrits dans le d\u00e9veloppement durable\u00a0<\/strong>: Economie, Environnement, Social, Culture &amp; D\u00e9mocratie.<\/p>\n<p>Le Prix des initiatives maritimes, c\u2019est l\u2019occasion<br \/>\n* de<strong> faire conna\u00eetre votre projet<\/strong>,<br \/>\n* de <strong>rencontrer des personnes ressources<\/strong><br \/>\n* de <strong>remporter des aides \u00e0 l\u2019accompagnement et dotations financi\u00e8res<\/strong><\/p>\n<\/div>\n<\/div><\/div><div id=\"panel-6637-0-0-2\" class=\"so-panel widget widget_sow-editor\" data-index=\"2\" ><div\n\t\t\t\n\t\t\tclass=\"so-widget-sow-editor so-widget-sow-editor-base\"\n\t\t\t\n\t\t>\n<div class=\"siteorigin-widget-tinymce textwidget\">\n\t<p style=\"text-align: center;\"><a href=\"http:\/\/aventuriersdelamer.fr\/wp-content\/uploads\/2024\/06\/PrixPIM-24-Ok.png\"><img loading=\"lazy\" decoding=\"async\" class=\"aligncenter size-full wp-image-7506\" src=\"http:\/\/aventuriersdelamer.fr\/wp-content\/uploads\/2024\/06\/PrixPIM-24-Ok.png\" alt=\"\" width=\"579\" height=\"659\" srcset=\"https:\/\/aventuriersdelamer.fr\/wp-content\/uploads\/2024\/06\/PrixPIM-24-Ok.png 579w, https:\/\/aventuriersdelamer.fr\/wp-content\/uploads\/2024\/06\/PrixPIM-24-Ok-264x300.png 264w\" sizes=\"auto, (max-width: 579px) 100vw, 579px\" \/><\/a><\/p>\n<\/div>\n<\/div><\/div><div id=\"panel-6637-0-0-3\" class=\"so-panel widget widget_sow-editor\" data-index=\"3\" ><div\n\t\t\t\n\t\t\tclass=\"so-widget-sow-editor so-widget-sow-editor-base\"\n\t\t\t\n\t\t>\n<div class=\"siteorigin-widget-tinymce textwidget\">\n\t<p><strong>Les porteurs de projets peuvent \u00eatre :\u2028<\/strong><br \/>\n* une association (constitu\u00e9e ou en cours de constitution)<br \/>\n* une entreprise (quelle que soit leur taille\u2028)<br \/>\n* un citoyen (en cours de construction de projet)<\/p>\n<p>Ils peuvent s'inscrire dans <strong>l'une des trois cat\u00e9gories suivantes :<\/strong><br \/>\n* Associations et citoyens<br \/>\n* Entreprises<br \/>\n* Exp\u00e9ditions : un projet d'exp\u00e9dition port\u00e9 par une association<\/p>\n<p><strong>Les crit\u00e8res de s\u00e9lection<\/strong><br \/>\nLes projets pr\u00e9sent\u00e9s sont en lien avec la mer et doivent porter :<br \/>\n<strong>\u00a0* Une dimension li\u00e9e au d\u00e9veloppement durable<\/strong> dans les cat\u00e9gories suivantes : Environnement , Economie, Social, Culture et D\u00e9mocratie.<br \/>\n<strong>\u00a0* Une dimension d'int\u00e9r\u00eat g\u00e9n\u00e9ral<\/strong> pouvant rev\u00eatir des caract\u00e8res philanthropiques, \u00e9ducatifs, culturels, scientifique, social, humanitaire, concourant \u00e0 la diffusion de la culture maritime, \u00e0 la d\u00e9fense de l'environnement naturel ou \u00e0 la diffusion de connaissances scientifiques.<\/p>\n<p>Une attention particuli\u00e8re sera port\u00e9e <strong>aux projets inclusifs<\/strong> (tous handicaps confondus), avec la possibilit\u00e9 d'un accompagnement particulier de l'Universit\u00e9 Bretagne Sud.<\/p>\n<p><strong>Chaque projet propos\u00e9 doit avoir : <\/strong><br \/>\n* Une r\u00e9flexion sur son <strong>impact environnemental<\/strong><br \/>\n* Une r\u00e9flexion sur son<strong> \u00e9tat d'avancement<\/strong><\/p>\n<\/div>\n<\/div><\/div><div id=\"panel-6637-0-0-4\" class=\"so-panel widget widget_sow-editor\" data-index=\"4\" ><div\n\t\t\t\n\t\t\tclass=\"so-widget-sow-editor so-widget-sow-editor-base\"\n\t\t\t\n\t\t>\n<div class=\"siteorigin-widget-tinymce textwidget\">\n\t<h4 style=\"text-align: center;\"><span style=\"color: #003366;\">Fin des inscriptions\u00a0 - annonce des candidats s\u00e9lectionn\u00e9s pour la finale <strong><br \/>\nVendredi 13 septembre<\/strong><\/span><\/h4>\n<\/div>\n<\/div><\/div><div id=\"panel-6637-0-0-5\" class=\"so-panel widget widget_sow-editor\" data-index=\"5\" ><div\n\t\t\t\n\t\t\tclass=\"so-widget-sow-editor so-widget-sow-editor-base\"\n\t\t\t\n\t\t>\n<div class=\"siteorigin-widget-tinymce textwidget\">\n\t<p><strong>9 projets<\/strong> (3 par cat\u00e9gorie) seront s\u00e9lectionn\u00e9s pour une pr\u00e9sentation en public pendant le Festival <strong>Les<\/strong> <strong>Aventuriers de la Mer<\/strong> et pourront pr\u00e9tendre \u00e0 un des 7 prix en lice le <strong>vendredi 11 octobre, \u00e0 20h \u00e0 la Cit\u00e9 de la Voile Eric Tabarly, Lorient<\/strong>. La pr\u00e9sentation est inspir\u00e9e des \"PechaKucha\" : 3 mn de pr\u00e9sentation, 3 mn de questions par le jury.<\/p>\n<\/div>\n<\/div><\/div><div id=\"panel-6637-0-0-6\" class=\"so-panel widget widget_sow-editor\" data-index=\"6\" ><div\n\t\t\t\n\t\t\tclass=\"so-widget-sow-editor so-widget-sow-editor-base\"\n\t\t\t\n\t\t>\n<div class=\"siteorigin-widget-tinymce textwidget\">\n\t<div style=\"text-align: center;\"><a href=\"http:\/\/aventuriersdelamer.fr\/wp-content\/uploads\/2024\/06\/calendrier-PIM-24-1.png\"><img loading=\"lazy\" decoding=\"async\" class=\"aligncenter size-full wp-image-7485\" src=\"http:\/\/aventuriersdelamer.fr\/wp-content\/uploads\/2024\/06\/calendrier-PIM-24-1.png\" alt=\"\" width=\"310\" height=\"465\" srcset=\"https:\/\/aventuriersdelamer.fr\/wp-content\/uploads\/2024\/06\/calendrier-PIM-24-1.png 310w, https:\/\/aventuriersdelamer.fr\/wp-content\/uploads\/2024\/06\/calendrier-PIM-24-1-200x300.png 200w\" sizes=\"auto, (max-width: 310px) 100vw, 310px\" \/><\/a><\/div>\n<\/div>\n<\/div><\/div><div id=\"panel-6637-0-0-7\" class=\"so-panel widget widget_sow-editor panel-last-child\" data-index=\"7\" ><div\n\t\t\t\n\t\t\tclass=\"so-widget-sow-editor so-widget-sow-editor-base\"\n\t\t\t\n\t\t>\n<div class=\"siteorigin-widget-tinymce textwidget\">\n\t<\/div>\n<\/div><\/div><\/div><\/div><div id=\"pg-6637-1\"  class=\"panel-grid panel-no-style\" ><div id=\"pgc-6637-1-0\"  class=\"panel-grid-cell\" ><div id=\"panel-6637-1-0-0\" class=\"so-panel widget widget_sow-editor panel-first-child\" data-index=\"8\" ><div\n\t\t\t\n\t\t\tclass=\"so-widget-sow-editor so-widget-sow-editor-base\"\n\t\t\t\n\t\t>\n<div class=\"siteorigin-widget-tinymce textwidget\">\n\t<div><a href=\"http:\/\/aventuriersdelamer.fr\/wp-content\/uploads\/2024\/06\/SI-bandeau-partenaires-23.V1.jpg\"><img loading=\"lazy\" decoding=\"async\" class=\"aligncenter size-full wp-image-7486\" src=\"http:\/\/aventuriersdelamer.fr\/wp-content\/uploads\/2024\/06\/SI-bandeau-partenaires-23.V1.jpg\" alt=\"\" width=\"2084\" height=\"1250\" srcset=\"https:\/\/aventuriersdelamer.fr\/wp-content\/uploads\/2024\/06\/SI-bandeau-partenaires-23.V1.jpg 2084w, https:\/\/aventuriersdelamer.fr\/wp-content\/uploads\/2024\/06\/SI-bandeau-partenaires-23.V1-300x180.jpg 300w, https:\/\/aventuriersdelamer.fr\/wp-content\/uploads\/2024\/06\/SI-bandeau-partenaires-23.V1-1024x614.jpg 1024w, https:\/\/aventuriersdelamer.fr\/wp-content\/uploads\/2024\/06\/SI-bandeau-partenaires-23.V1-768x461.jpg 768w, https:\/\/aventuriersdelamer.fr\/wp-content\/uploads\/2024\/06\/SI-bandeau-partenaires-23.V1-600x360.jpg 600w, https:\/\/aventuriersdelamer.fr\/wp-content\/uploads\/2024\/06\/SI-bandeau-partenaires-23.V1-1536x921.jpg 1536w, https:\/\/aventuriersdelamer.fr\/wp-content\/uploads\/2024\/06\/SI-bandeau-partenaires-23.V1-2048x1228.jpg 2048w, https:\/\/aventuriersdelamer.fr\/wp-content\/uploads\/2024\/06\/SI-bandeau-partenaires-23.V1-500x300.jpg 500w\" sizes=\"auto, (max-width: 2084px) 100vw, 2084px\" \/><\/a><\/div>\n<\/div>\n<\/div><\/div><div id=\"panel-6637-1-0-1\" class=\"so-panel widget widget_sow-editor\" data-index=\"9\" ><div\n\t\t\t\n\t\t\tclass=\"so-widget-sow-editor so-widget-sow-editor-base\"\n\t\t\t\n\t\t>\n<div class=\"siteorigin-widget-tinymce textwidget\">\n\t<p><strong>Les laur\u00e9ats pr\u00e9c\u00e9dents<\/strong><br \/>\nEn 2023, 46 candidatures avaient \u00e9t\u00e9 d\u00e9pos\u00e9es, en provenance de toute la France. Gr\u00e2ce \u00e0 leur participation, les laur\u00e9ats des derni\u00e8res \u00e9ditions du prix des Initiatives maritimes ont obtenu de la visibilit\u00e9 et de la cr\u00e9dibilit\u00e9, notamment aupr\u00e8s des bailleurs, et ont pu mener \u00e0 bien leurs projets. <a href=\"http:\/\/aventuriersdelamer.fr\/index.php\/laureats\/\"><strong><span style=\"color: #003366;\"><em>En savoir plus...<\/em> <\/span><\/strong><\/a><\/p>\n<\/div>\n<\/div><\/div><div id=\"panel-6637-1-0-2\" class=\"so-panel widget widget_sow-image\" data-index=\"10\" ><div\n\t\t\t\n\t\t\tclass=\"so-widget-sow-image so-widget-sow-image-default-8b5b6f678277-6637\"\n\t\t\t\n\t\t>\n<div class=\"sow-image-container\">\n\t\t<img \n\tsrc=\"https:\/\/aventuriersdelamer.fr\/wp-content\/uploads\/2022\/05\/Capture-de\u0301cran-2022-05-09-a\u0300-19.07.40.png\" width=\"1107\" height=\"203\" srcset=\"https:\/\/aventuriersdelamer.fr\/wp-content\/uploads\/2022\/05\/Capture-de\u0301cran-2022-05-09-a\u0300-19.07.40.png 1107w, https:\/\/aventuriersdelamer.fr\/wp-content\/uploads\/2022\/05\/Capture-de\u0301cran-2022-05-09-a\u0300-19.07.40-300x55.png 300w, https:\/\/aventuriersdelamer.fr\/wp-content\/uploads\/2022\/05\/Capture-de\u0301cran-2022-05-09-a\u0300-19.07.40-1024x188.png 1024w, https:\/\/aventuriersdelamer.fr\/wp-content\/uploads\/2022\/05\/Capture-de\u0301cran-2022-05-09-a\u0300-19.07.40-768x141.png 768w, https:\/\/aventuriersdelamer.fr\/wp-content\/uploads\/2022\/05\/Capture-de\u0301cran-2022-05-09-a\u0300-19.07.40-600x110.png 600w, https:\/\/aventuriersdelamer.fr\/wp-content\/uploads\/2022\/05\/Capture-de\u0301cran-2022-05-09-a\u0300-19.07.40-500x92.png 500w\" sizes=\"(max-width: 1107px) 100vw, 1107px\" title=\"Capture d\u2019e\u0301cran 2022-05-09 a\u0300 19.07.40\" alt=\"\" \t\tclass=\"so-widget-image\"\/>\n\t<\/div>\n\n<\/div><\/div><div id=\"panel-6637-1-0-3\" class=\"so-panel widget widget_sow-editor panel-last-child\" data-index=\"11\" ><div\n\t\t\t\n\t\t\tclass=\"so-widget-sow-editor so-widget-sow-editor-base\"\n\t\t\t\n\t\t>\n<div class=\"siteorigin-widget-tinymce textwidget\">\n\t<div>Une question ou besoin d'information ? Contactez-nous \u00e0 <a href=\"http:\/\/Pim(a)aventuriersdelamer.fr\">Pim(a)aventuriersdelamer.fr<\/a><\/div>\n<\/div>\n<\/div><\/div><\/div><\/div><div id=\"pg-6637-2\"  class=\"panel-grid panel-no-style\" ><div id=\"pgc-6637-2-0\"  class=\"panel-grid-cell panel-grid-cell-empty\" ><\/div><\/div><\/div>","protected":false},"excerpt":{"rendered":"<p>Le Festival Les aventuriers de la mer lance pour la 9e &eacute;dition les Prix des Initiatives maritimes pour d&eacute;couvrir et accompagner des projets maritimes ambitieux et innovants, inscrits dans le d&eacute;veloppement durable&nbsp;: Economie, Environnement, Social, Culture &amp; D&eacute;mocratie. Le Prix &hellip; <a href=\"https:\/\/aventuriersdelamer.fr\/index.php\/les-initiatives-maritimes\/\">Continuer la lecture <span class=\"meta-nav\">&rarr;<\/span><\/a><\/p>\n","protected":false},"author":1,"featured_media":783,"parent":0,"menu_order":0,"comment_status":"closed","ping_status":"closed","template":"","meta":{"footnotes":""},"class_list":["post-6637","page","type-page","status-publish","has-post-thumbnail","hentry"],"yoast_head":"<!-- This site is optimized with the Yoast SEO plugin v27.3 - https:\/\/yoast.com\/product\/yoast-seo-wordpress\/ -->\n<title>Les Initiatives Maritimes 2024 - Festival Les Aventuriers de la Mer<\/title>\n<meta name=\"robots\" content=\"index, follow, max-snippet:-1, max-image-preview:large, max-video-preview:-1\" \/>\n<link rel=\"canonical\" href=\"https:\/\/aventuriersdelamer.fr\/index.php\/les-initiatives-maritimes\/\" \/>\n<meta property=\"og:locale\" content=\"fr_FR\" \/>\n<meta property=\"og:type\" content=\"article\" \/>\n<meta property=\"og:title\" content=\"Les Initiatives Maritimes 2024 - Festival Les Aventuriers de la Mer\" \/>\n<meta property=\"og:description\" content=\"Le Festival Les aventuriers de la mer lance pour la 9e &eacute;dition les Prix des Initiatives maritimes pour d&eacute;couvrir et accompagner des projets maritimes ambitieux et innovants, inscrits dans le d&eacute;veloppement durable&nbsp;: Economie, Environnement, Social, Culture &amp; D&eacute;mocratie. Le Prix &hellip; Continuer la lecture &rarr;\" \/>\n<meta property=\"og:url\" content=\"https:\/\/aventuriersdelamer.fr\/index.php\/les-initiatives-maritimes\/\" \/>\n<meta property=\"og:site_name\" content=\"Festival Les Aventuriers de la Mer\" \/>\n<meta property=\"article:publisher\" content=\"https:\/\/www.facebook.com\/aventuriersdelamer\/\" \/>\n<meta property=\"article:modified_time\" content=\"2024-10-10T09:37:16+00:00\" \/>\n<meta property=\"og:image\" content=\"https:\/\/aventuriersdelamer.fr\/wp-content\/uploads\/2018\/02\/22550088_1927419497511269_5930307624489087080_o.jpg\" \/>\n\t<meta property=\"og:image:width\" content=\"2048\" \/>\n\t<meta property=\"og:image:height\" content=\"1270\" \/>\n\t<meta property=\"og:image:type\" content=\"image\/jpeg\" \/>\n<meta name=\"twitter:card\" content=\"summary_large_image\" \/>\n<meta name=\"twitter:label1\" content=\"Dur\u00e9e de lecture estim\u00e9e\" \/>\n\t<meta name=\"twitter:data1\" content=\"2 minutes\" \/>\n<script type=\"application\/ld+json\" class=\"yoast-schema-graph\">{\"@context\":\"https:\\\/\\\/schema.org\",\"@graph\":[{\"@type\":\"WebPage\",\"@id\":\"https:\\\/\\\/aventuriersdelamer.fr\\\/index.php\\\/les-initiatives-maritimes\\\/\",\"url\":\"https:\\\/\\\/aventuriersdelamer.fr\\\/index.php\\\/les-initiatives-maritimes\\\/\",\"name\":\"Les Initiatives Maritimes 2024 - Festival Les Aventuriers de la Mer\",\"isPartOf\":{\"@id\":\"https:\\\/\\\/aventuriersdelamer.fr\\\/#website\"},\"primaryImageOfPage\":{\"@id\":\"https:\\\/\\\/aventuriersdelamer.fr\\\/index.php\\\/les-initiatives-maritimes\\\/#primaryimage\"},\"image\":{\"@id\":\"https:\\\/\\\/aventuriersdelamer.fr\\\/index.php\\\/les-initiatives-maritimes\\\/#primaryimage\"},\"thumbnailUrl\":\"https:\\\/\\\/aventuriersdelamer.fr\\\/wp-content\\\/uploads\\\/2018\\\/02\\\/22550088_1927419497511269_5930307624489087080_o.jpg\",\"datePublished\":\"2024-06-05T16:03:56+00:00\",\"dateModified\":\"2024-10-10T09:37:16+00:00\",\"breadcrumb\":{\"@id\":\"https:\\\/\\\/aventuriersdelamer.fr\\\/index.php\\\/les-initiatives-maritimes\\\/#breadcrumb\"},\"inLanguage\":\"fr-FR\",\"potentialAction\":[{\"@type\":\"ReadAction\",\"target\":[\"https:\\\/\\\/aventuriersdelamer.fr\\\/index.php\\\/les-initiatives-maritimes\\\/\"]}]},{\"@type\":\"ImageObject\",\"inLanguage\":\"fr-FR\",\"@id\":\"https:\\\/\\\/aventuriersdelamer.fr\\\/index.php\\\/les-initiatives-maritimes\\\/#primaryimage\",\"url\":\"https:\\\/\\\/aventuriersdelamer.fr\\\/wp-content\\\/uploads\\\/2018\\\/02\\\/22550088_1927419497511269_5930307624489087080_o.jpg\",\"contentUrl\":\"https:\\\/\\\/aventuriersdelamer.fr\\\/wp-content\\\/uploads\\\/2018\\\/02\\\/22550088_1927419497511269_5930307624489087080_o.jpg\",\"width\":2048,\"height\":1270},{\"@type\":\"BreadcrumbList\",\"@id\":\"https:\\\/\\\/aventuriersdelamer.fr\\\/index.php\\\/les-initiatives-maritimes\\\/#breadcrumb\",\"itemListElement\":[{\"@type\":\"ListItem\",\"position\":1,\"name\":\"Accueil\",\"item\":\"https:\\\/\\\/aventuriersdelamer.fr\\\/\"},{\"@type\":\"ListItem\",\"position\":2,\"name\":\"Les Initiatives Maritimes 2024\"}]},{\"@type\":\"WebSite\",\"@id\":\"https:\\\/\\\/aventuriersdelamer.fr\\\/#website\",\"url\":\"https:\\\/\\\/aventuriersdelamer.fr\\\/\",\"name\":\"Festival Les Aventuriers de la Mer\",\"description\":\"Explorer, innover et enchanter le monde\",\"publisher\":{\"@id\":\"https:\\\/\\\/aventuriersdelamer.fr\\\/#organization\"},\"potentialAction\":[{\"@type\":\"SearchAction\",\"target\":{\"@type\":\"EntryPoint\",\"urlTemplate\":\"https:\\\/\\\/aventuriersdelamer.fr\\\/?s={search_term_string}\"},\"query-input\":{\"@type\":\"PropertyValueSpecification\",\"valueRequired\":true,\"valueName\":\"search_term_string\"}}],\"inLanguage\":\"fr-FR\"},{\"@type\":\"Organization\",\"@id\":\"https:\\\/\\\/aventuriersdelamer.fr\\\/#organization\",\"name\":\"Le Bruit du Vent\",\"url\":\"https:\\\/\\\/aventuriersdelamer.fr\\\/\",\"logo\":{\"@type\":\"ImageObject\",\"inLanguage\":\"fr-FR\",\"@id\":\"https:\\\/\\\/aventuriersdelamer.fr\\\/#\\\/schema\\\/logo\\\/image\\\/\",\"url\":\"https:\\\/\\\/aventuriersdelamer.fr\\\/wp-content\\\/uploads\\\/2016\\\/01\\\/4ECA575F-1CCB-41C9-AAC8-93902736151E.jpeg\",\"contentUrl\":\"https:\\\/\\\/aventuriersdelamer.fr\\\/wp-content\\\/uploads\\\/2016\\\/01\\\/4ECA575F-1CCB-41C9-AAC8-93902736151E.jpeg\",\"width\":222,\"height\":198,\"caption\":\"Le Bruit du Vent\"},\"image\":{\"@id\":\"https:\\\/\\\/aventuriersdelamer.fr\\\/#\\\/schema\\\/logo\\\/image\\\/\"},\"sameAs\":[\"https:\\\/\\\/www.facebook.com\\\/aventuriersdelamer\\\/\"]}]}<\/script>\n<!-- \/ Yoast SEO plugin. -->","yoast_head_json":{"title":"Les Initiatives Maritimes 2024 - Festival Les Aventuriers de la Mer","robots":{"index":"index","follow":"follow","max-snippet":"max-snippet:-1","max-image-preview":"max-image-preview:large","max-video-preview":"max-video-preview:-1"},"canonical":"https:\/\/aventuriersdelamer.fr\/index.php\/les-initiatives-maritimes\/","og_locale":"fr_FR","og_type":"article","og_title":"Les Initiatives Maritimes 2024 - Festival Les Aventuriers de la Mer","og_description":"Le Festival Les aventuriers de la mer lance pour la 9e &eacute;dition les Prix des Initiatives maritimes pour d&eacute;couvrir et accompagner des projets maritimes ambitieux et innovants, inscrits dans le d&eacute;veloppement durable&nbsp;: Economie, Environnement, Social, Culture &amp; D&eacute;mocratie. Le Prix &hellip; Continuer la lecture &rarr;","og_url":"https:\/\/aventuriersdelamer.fr\/index.php\/les-initiatives-maritimes\/","og_site_name":"Festival Les Aventuriers de la Mer","article_publisher":"https:\/\/www.facebook.com\/aventuriersdelamer\/","article_modified_time":"2024-10-10T09:37:16+00:00","og_image":[{"width":2048,"height":1270,"url":"https:\/\/aventuriersdelamer.fr\/wp-content\/uploads\/2018\/02\/22550088_1927419497511269_5930307624489087080_o.jpg","type":"image\/jpeg"}],"twitter_card":"summary_large_image","twitter_misc":{"Dur\u00e9e de lecture estim\u00e9e":"2 minutes"},"schema":{"@context":"https:\/\/schema.org","@graph":[{"@type":"WebPage","@id":"https:\/\/aventuriersdelamer.fr\/index.php\/les-initiatives-maritimes\/","url":"https:\/\/aventuriersdelamer.fr\/index.php\/les-initiatives-maritimes\/","name":"Les Initiatives Maritimes 2024 - Festival Les Aventuriers de la Mer","isPartOf":{"@id":"https:\/\/aventuriersdelamer.fr\/#website"},"primaryImageOfPage":{"@id":"https:\/\/aventuriersdelamer.fr\/index.php\/les-initiatives-maritimes\/#primaryimage"},"image":{"@id":"https:\/\/aventuriersdelamer.fr\/index.php\/les-initiatives-maritimes\/#primaryimage"},"thumbnailUrl":"https:\/\/aventuriersdelamer.fr\/wp-content\/uploads\/2018\/02\/22550088_1927419497511269_5930307624489087080_o.jpg","datePublished":"2024-06-05T16:03:56+00:00","dateModified":"2024-10-10T09:37:16+00:00","breadcrumb":{"@id":"https:\/\/aventuriersdelamer.fr\/index.php\/les-initiatives-maritimes\/#breadcrumb"},"inLanguage":"fr-FR","potentialAction":[{"@type":"ReadAction","target":["https:\/\/aventuriersdelamer.fr\/index.php\/les-initiatives-maritimes\/"]}]},{"@type":"ImageObject","inLanguage":"fr-FR","@id":"https:\/\/aventuriersdelamer.fr\/index.php\/les-initiatives-maritimes\/#primaryimage","url":"https:\/\/aventuriersdelamer.fr\/wp-content\/uploads\/2018\/02\/22550088_1927419497511269_5930307624489087080_o.jpg","contentUrl":"https:\/\/aventuriersdelamer.fr\/wp-content\/uploads\/2018\/02\/22550088_1927419497511269_5930307624489087080_o.jpg","width":2048,"height":1270},{"@type":"BreadcrumbList","@id":"https:\/\/aventuriersdelamer.fr\/index.php\/les-initiatives-maritimes\/#breadcrumb","itemListElement":[{"@type":"ListItem","position":1,"name":"Accueil","item":"https:\/\/aventuriersdelamer.fr\/"},{"@type":"ListItem","position":2,"name":"Les Initiatives Maritimes 2024"}]},{"@type":"WebSite","@id":"https:\/\/aventuriersdelamer.fr\/#website","url":"https:\/\/aventuriersdelamer.fr\/","name":"Festival Les Aventuriers de la Mer","description":"Explorer, innover et enchanter le monde","publisher":{"@id":"https:\/\/aventuriersdelamer.fr\/#organization"},"potentialAction":[{"@type":"SearchAction","target":{"@type":"EntryPoint","urlTemplate":"https:\/\/aventuriersdelamer.fr\/?s={search_term_string}"},"query-input":{"@type":"PropertyValueSpecification","valueRequired":true,"valueName":"search_term_string"}}],"inLanguage":"fr-FR"},{"@type":"Organization","@id":"https:\/\/aventuriersdelamer.fr\/#organization","name":"Le Bruit du Vent","url":"https:\/\/aventuriersdelamer.fr\/","logo":{"@type":"ImageObject","inLanguage":"fr-FR","@id":"https:\/\/aventuriersdelamer.fr\/#\/schema\/logo\/image\/","url":"https:\/\/aventuriersdelamer.fr\/wp-content\/uploads\/2016\/01\/4ECA575F-1CCB-41C9-AAC8-93902736151E.jpeg","contentUrl":"https:\/\/aventuriersdelamer.fr\/wp-content\/uploads\/2016\/01\/4ECA575F-1CCB-41C9-AAC8-93902736151E.jpeg","width":222,"height":198,"caption":"Le Bruit du Vent"},"image":{"@id":"https:\/\/aventuriersdelamer.fr\/#\/schema\/logo\/image\/"},"sameAs":["https:\/\/www.facebook.com\/aventuriersdelamer\/"]}]}},"_links":{"self":[{"href":"https:\/\/aventuriersdelamer.fr\/index.php\/wp-json\/wp\/v2\/pages\/6637","targetHints":{"allow":["GET"]}}],"collection":[{"href":"https:\/\/aventuriersdelamer.fr\/index.php\/wp-json\/wp\/v2\/pages"}],"about":[{"href":"https:\/\/aventuriersdelamer.fr\/index.php\/wp-json\/wp\/v2\/types\/page"}],"author":[{"embeddable":true,"href":"https:\/\/aventuriersdelamer.fr\/index.php\/wp-json\/wp\/v2\/users\/1"}],"replies":[{"embeddable":true,"href":"https:\/\/aventuriersdelamer.fr\/index.php\/wp-json\/wp\/v2\/comments?post=6637"}],"version-history":[{"count":14,"href":"https:\/\/aventuriersdelamer.fr\/index.php\/wp-json\/wp\/v2\/pages\/6637\/revisions"}],"predecessor-version":[{"id":7679,"href":"https:\/\/aventuriersdelamer.fr\/index.php\/wp-json\/wp\/v2\/pages\/6637\/revisions\/7679"}],"wp:featuredmedia":[{"embeddable":true,"href":"https:\/\/aventuriersdelamer.fr\/index.php\/wp-json\/wp\/v2\/media\/783"}],"wp:attachment":[{"href":"https:\/\/aventuriersdelamer.fr\/index.php\/wp-json\/wp\/v2\/media?parent=6637"}],"curies":[{"name":"wp","href":"https:\/\/api.w.org\/{rel}","templated":true}]}}