{"id":6307,"date":"2023-09-13T13:54:04","date_gmt":"2023-09-13T12:54:04","guid":{"rendered":"http:\/\/aventuriersdelamer.fr\/?page_id=6307"},"modified":"2023-10-14T17:20:29","modified_gmt":"2023-10-14T16:20:29","slug":"rencontres-2023","status":"publish","type":"page","link":"https:\/\/aventuriersdelamer.fr\/index.php\/rencontres-2023\/","title":{"rendered":"Rencontres 2023"},"content":{"rendered":"<div id=\"pl-6307\"  class=\"panel-layout\" ><div id=\"pg-6307-0\"  class=\"panel-grid panel-no-style\" ><div id=\"pgc-6307-0-0\"  class=\"panel-grid-cell\" ><div id=\"panel-6307-0-0-0\" class=\"so-panel widget widget_sow-editor panel-first-child panel-last-child\" data-index=\"0\" ><div\n\t\t\t\n\t\t\tclass=\"so-widget-sow-editor so-widget-sow-editor-base\"\n\t\t\t\n\t\t>\n<div class=\"siteorigin-widget-tinymce textwidget\">\n\t<p>Les imaginaires ... Au d\u00e9part des mondes nouveaux, le r\u00eave, l'imaginaire. Comment inventer et partager un r\u00e9cit mobilisateur au service de la protection des oc\u00e9ans ?<\/p>\n<p>Les rencontres sont un moment de partages et de r\u00e9flexion, pour s\u2019\u00e9veiller, s\u2019informer et\u00a0aussi s\u2019\u00e9merveiller.<br \/>\nRetrouvez la biographie de nos invit\u00e9s dans <a href=\"http:\/\/aventuriersdelamer.fr\/index.php\/les-invite-e-s-de-la-8e-edition\/\">\"Les invit\u00e9s du Festival\"<\/a><\/p>\n<p>S\u00e9ance de d\u00e9dicaces \u00e0 l\u2019issue des rencontres<\/p>\n<\/div>\n<\/div><\/div><\/div><\/div><div id=\"pg-6307-1\"  class=\"panel-grid panel-no-style\" ><div id=\"pgc-6307-1-0\"  class=\"panel-grid-cell\" ><div id=\"panel-6307-1-0-0\" class=\"so-panel widget widget_sow-editor panel-first-child\" data-index=\"1\" ><div class=\"panel-widget-style panel-widget-style-for-6307-1-0-0\" ><div\n\t\t\t\n\t\t\tclass=\"so-widget-sow-editor so-widget-sow-editor-base\"\n\t\t\t\n\t\t>\n<div class=\"siteorigin-widget-tinymce textwidget\">\n\t<p style=\"text-align: center;\"><strong>LES RENCONTRES D\u2019OUVERTURE<\/strong><\/p>\n<\/div>\n<\/div><\/div><\/div><div id=\"panel-6307-1-0-1\" class=\"so-panel widget widget_sow-editor\" data-index=\"2\" ><div class=\"panel-widget-style panel-widget-style-for-6307-1-0-1\" ><div\n\t\t\t\n\t\t\tclass=\"so-widget-sow-editor so-widget-sow-editor-base\"\n\t\t\t\n\t\t>\n<div class=\"siteorigin-widget-tinymce textwidget\">\n\t<h1 style=\"text-align: center;\"><strong>MERCREDI 11 OCTOBRE - THEATRE DE LORIENT<\/strong><\/h1>\n<\/div>\n<\/div><\/div><\/div><div id=\"panel-6307-1-0-2\" class=\"so-panel widget widget_sow-editor\" data-index=\"3\" ><div\n\t\t\t\n\t\t\tclass=\"so-widget-sow-editor so-widget-sow-editor-base\"\n\t\t\t\n\t\t>\n<div class=\"siteorigin-widget-tinymce textwidget\">\n\t<p><span style=\"color: #000080;\"><strong>Rencontre-lecture \/\/ <\/strong><\/span><span style=\"color: #000080;\"><strong>A la recherche de nos r\u00eaves engloutis : les imaginaires sous-marins<\/strong><\/span><br \/>\nPlateau radiophonique de <strong>Radio Balises<\/strong> dans le cadre de son \u00e9mission \u00ab\u00a0La quotidienne\u00a0\u00bb - ouvert au public. Dans le cadre du spectacle \u00ab\u00a0La grande mar\u00e9e\u00a0\u00bb 12 et 13 octobre, <strong>Th\u00e9\u00e2tre de Lorient.<\/strong><\/p>\n<p><span style=\"color: #000080;\"><em>Que cherche-t-on sous la mer\u00a0? Des \u00e9paves, des tr\u00e9sors\u2026 une qu\u00eate de soi\u00a0? Entre recherche scientifique et sensations d\u2019\u00e9merveillements, partons \u00e0 la d\u00e9couverte des fonds marins\u2026<\/em><\/span><br \/>\nAvec <strong>Simon Gauchet,<\/strong> acteur, metteur en sc\u00e8ne, sc\u00e9nographe et plasticien,<strong> Jean-Claude Keroull\u00e9 <\/strong>(pr\u00e9sident de de la SAMM (Soci\u00e9t\u00e9 d\u2019arch\u00e9ologie et de m\u00e9moire maritime),\u00a0 <strong>S\u00e9bastien Thi\u00e9bot<\/strong>, r\u00e9alisateur, sp\u00e9cialiste des images sous-marines et oc\u00e9anographiques<\/p>\n<p><span style=\"text-decoration: underline;\">Suivie d\u2019un extrait lu de \u00ab\u00a0La grande mar\u00e9e\u00a0\u00bb par Simon Gauchet\u00a0<\/span><\/p>\n<pre><strong>Mercredi 11 octobre\n<\/strong>Studio Joseph Ponthus, Th\u00e9\u00e2tre de Lorient\n<strong>ATTENTION CHANGEMENT D'HORAIRE _ LA RENCONTRE COMMENCERA A <span style=\"color: #ff0000;\">20H <\/span><\/strong>\nEntr\u00e9e libre - R\u00e9servation conseill\u00e9e www.theatredelorient.fr<\/pre>\n<\/div>\n<\/div><\/div><div id=\"panel-6307-1-0-3\" class=\"so-panel widget widget_sow-editor\" data-index=\"4\" ><div class=\"panel-widget-style panel-widget-style-for-6307-1-0-3\" ><div\n\t\t\t\n\t\t\tclass=\"so-widget-sow-editor so-widget-sow-editor-base\"\n\t\t\t\n\t\t>\n<div class=\"siteorigin-widget-tinymce textwidget\">\n\t<h1 style=\"text-align: center;\"><strong>JEUDI 12 OCTOBRE<br \/>\n<\/strong><\/h1>\n<h1 style=\"text-align: center;\"><strong>RENCONTRE INAUGURALE DE LA CITE DE LA VOILE<\/strong><\/h1>\n<\/div>\n<\/div><\/div><\/div><div id=\"panel-6307-1-0-4\" class=\"so-panel widget widget_sow-editor\" data-index=\"5\" ><div\n\t\t\t\n\t\t\tclass=\"so-widget-sow-editor so-widget-sow-editor-base\"\n\t\t\t\n\t\t>\n<div class=\"siteorigin-widget-tinymce textwidget\">\n\t<p><strong><span style=\"color: #000080;\">Les imaginaires, cr\u00e9ateurs d\u2019avenirs<\/span><\/strong><br \/>\nAnim\u00e9e par Thierry Frechier<br \/>\n<em><span style=\"color: #000080;\">Au d\u00e9part des mondes nouveaux, le r\u00eave, l'imaginaire. Comment inventer et partager un r\u00e9cit mobilisateur au service de la protection des oc\u00e9ans ?<\/span><\/em><\/p>\n<p>Avec : <strong>Eric Brossier,<\/strong> scientifique, capitaine de Vagabond, voilier polaire pour logistique d'exp\u00e9ditions, <strong>David Wahl,<\/strong> auteur, dramaturge et interpr\u00e8te, associ\u00e9 \u00e0 Oc\u00e9anopolis, <strong>Louise Ras<\/strong>, co-fondatrice de l\u2019association Sailing Hirondelle<\/p>\n<pre>Jeudi 12 octobre\n20h-21h30 \u2013 Auditorium, Cit\u00e9 de la Voile Eric Tabarly\nR\u00e9servation conseill\u00e9e<\/pre>\n<\/div>\n<\/div><\/div><div id=\"panel-6307-1-0-5\" class=\"so-panel widget widget_sow-button\" data-index=\"6\" ><div\n\t\t\t\n\t\t\tclass=\"so-widget-sow-button so-widget-sow-button-atom-be17bef34c92-6307\"\n\t\t\t\n\t\t><div class=\"ow-button-base ow-button-align-center\"\n>\n\t\t\t<a\n\t\t\t\t\thref=\"https:\/\/www.helloasso.com\/associations\/le-bruit-du-vent\/evenements\/rencontre-les-imaginaires-createurs-d-avenir\"\n\t\t\t\t\tclass=\"sowb-button ow-icon-placement-left ow-button-hover\" target=\"_blank\" rel=\"noopener noreferrer\" \t>\n\t\t<span>\n\t\t\t\n\t\t\tR\u00e9servez pour la soir\u00e9e !\t\t<\/span>\n\t\t\t<\/a>\n\t<\/div>\n<\/div><\/div><div id=\"panel-6307-1-0-6\" class=\"so-panel widget widget_media_gallery\" data-index=\"7\" >\n\t\t<style type=\"text\/css\">\n\t\t\t#gallery-1 {\n\t\t\t\tmargin: auto;\n\t\t\t}\n\t\t\t#gallery-1 .gallery-item {\n\t\t\t\tfloat: left;\n\t\t\t\tmargin-top: 10px;\n\t\t\t\ttext-align: center;\n\t\t\t\twidth: 33%;\n\t\t\t}\n\t\t\t#gallery-1 img {\n\t\t\t\tborder: 2px solid #cfcfcf;\n\t\t\t}\n\t\t\t#gallery-1 .gallery-caption {\n\t\t\t\tmargin-left: 0;\n\t\t\t}\n\t\t\t\/* see gallery_shortcode() in wp-includes\/media.php *\/\n\t\t<\/style>\n\t\t<div id='gallery-1' class='gallery galleryid-6307 gallery-columns-3 gallery-size-thumbnail'><dl class='gallery-item'>\n\t\t\t<dt class='gallery-icon landscape'>\n\t\t\t\t<a href='https:\/\/aventuriersdelamer.fr\/index.php\/rencontres-2023\/photos-invites3\/'><img loading=\"lazy\" decoding=\"async\" width=\"150\" height=\"150\" src=\"https:\/\/aventuriersdelamer.fr\/wp-content\/uploads\/2023\/09\/photos-invites3-150x150.jpg\" class=\"attachment-thumbnail size-thumbnail\" alt=\"\" aria-describedby=\"gallery-1-6308\" srcset=\"https:\/\/aventuriersdelamer.fr\/wp-content\/uploads\/2023\/09\/photos-invites3-150x150.jpg 150w, https:\/\/aventuriersdelamer.fr\/wp-content\/uploads\/2023\/09\/photos-invites3-300x300.jpg 300w, https:\/\/aventuriersdelamer.fr\/wp-content\/uploads\/2023\/09\/photos-invites3-768x768.jpg 768w, https:\/\/aventuriersdelamer.fr\/wp-content\/uploads\/2023\/09\/photos-invites3-600x600.jpg 600w, https:\/\/aventuriersdelamer.fr\/wp-content\/uploads\/2023\/09\/photos-invites3.jpg 834w\" sizes=\"auto, (max-width: 150px) 100vw, 150px\" \/><\/a>\n\t\t\t<\/dt>\n\t\t\t\t<dd class='wp-caption-text gallery-caption' id='gallery-1-6308'>\n\t\t\t\tDavid Wahl\n\t\t\t\t<\/dd><\/dl><dl class='gallery-item'>\n\t\t\t<dt class='gallery-icon landscape'>\n\t\t\t\t<a href='https:\/\/aventuriersdelamer.fr\/index.php\/les-invite-e-s-de-la-8e-edition\/eric\/'><img loading=\"lazy\" decoding=\"async\" width=\"150\" height=\"150\" src=\"https:\/\/aventuriersdelamer.fr\/wp-content\/uploads\/2023\/09\/eric-150x150.jpg\" class=\"attachment-thumbnail size-thumbnail\" alt=\"\" aria-describedby=\"gallery-1-6273\" srcset=\"https:\/\/aventuriersdelamer.fr\/wp-content\/uploads\/2023\/09\/eric-150x150.jpg 150w, https:\/\/aventuriersdelamer.fr\/wp-content\/uploads\/2023\/09\/eric-300x300.jpg 300w, https:\/\/aventuriersdelamer.fr\/wp-content\/uploads\/2023\/09\/eric-768x768.jpg 768w, https:\/\/aventuriersdelamer.fr\/wp-content\/uploads\/2023\/09\/eric-600x600.jpg 600w, https:\/\/aventuriersdelamer.fr\/wp-content\/uploads\/2023\/09\/eric.jpg 834w\" sizes=\"auto, (max-width: 150px) 100vw, 150px\" \/><\/a>\n\t\t\t<\/dt>\n\t\t\t\t<dd class='wp-caption-text gallery-caption' id='gallery-1-6273'>\n\t\t\t\tEric Brossier\n\t\t\t\t<\/dd><\/dl><dl class='gallery-item'>\n\t\t\t<dt class='gallery-icon landscape'>\n\t\t\t\t<a href='https:\/\/aventuriersdelamer.fr\/index.php\/rencontres-2023\/louise-ras\/'><img loading=\"lazy\" decoding=\"async\" width=\"150\" height=\"150\" src=\"https:\/\/aventuriersdelamer.fr\/wp-content\/uploads\/2023\/09\/Louise-Ras-150x150.jpg\" class=\"attachment-thumbnail size-thumbnail\" alt=\"\" aria-describedby=\"gallery-1-6309\" srcset=\"https:\/\/aventuriersdelamer.fr\/wp-content\/uploads\/2023\/09\/Louise-Ras-150x150.jpg 150w, https:\/\/aventuriersdelamer.fr\/wp-content\/uploads\/2023\/09\/Louise-Ras.jpg 200w\" sizes=\"auto, (max-width: 150px) 100vw, 150px\" \/><\/a>\n\t\t\t<\/dt>\n\t\t\t\t<dd class='wp-caption-text gallery-caption' id='gallery-1-6309'>\n\t\t\t\tLouise Ras\n\t\t\t\t<\/dd><\/dl><br style=\"clear: both\" \/>\n\t\t<\/div>\n<\/div><div id=\"panel-6307-1-0-7\" class=\"so-panel widget widget_sow-editor\" data-index=\"8\" ><div class=\"panel-widget-style panel-widget-style-for-6307-1-0-7\" ><div\n\t\t\t\n\t\t\tclass=\"so-widget-sow-editor so-widget-sow-editor-base\"\n\t\t\t\n\t\t>\n<div class=\"siteorigin-widget-tinymce textwidget\">\n\t<h1 style=\"text-align: center;\"><strong>LES RENCONTRES<\/strong><\/h1>\n<\/div>\n<\/div><\/div><\/div><div id=\"panel-6307-1-0-8\" class=\"so-panel widget widget_sow-editor\" data-index=\"9\" ><div class=\"panel-widget-style panel-widget-style-for-6307-1-0-8\" ><div\n\t\t\t\n\t\t\tclass=\"so-widget-sow-editor so-widget-sow-editor-base\"\n\t\t\t\n\t\t>\n<div class=\"siteorigin-widget-tinymce textwidget\">\n\t<h1 style=\"text-align: center;\"><strong>VENDREDI 13 OCTOBRE<br \/>\n<\/strong><\/h1>\n<\/div>\n<\/div><\/div><\/div><div id=\"panel-6307-1-0-9\" class=\"so-panel widget widget_sow-editor\" data-index=\"10\" ><div\n\t\t\t\n\t\t\tclass=\"so-widget-sow-editor so-widget-sow-editor-base\"\n\t\t\t\n\t\t>\n<div class=\"siteorigin-widget-tinymce textwidget\">\n\t<p><strong>Projection-rencontre \/\/ \u00ab Surf attitude \u00bb Documentaire de Audrey Lasbleiz (2022-F-26\u2019)<\/strong><br \/>\n14h &gt; 15h - Hall Pen Duick, Cit\u00e9 de la Voile Eric Tabarly<\/p>\n<p><span style=\"color: #000080;\"><em>Le film Surf Attitude a \u00e9t\u00e9 r\u00e9compens\u00e9 lors de la 6e \u00e9dition du Brest Surf Film Festival en 2023 du Prix de la Fondation Banque Populaire Grand Ouest - Comp\u00e9tition internationale de longs m\u00e9trages.<\/em><\/span><\/p>\n<p><em>La vie de Katell a bascul\u00e9 \u00e0 l\u2019\u00e2ge de 45 ans.<\/em> <em>\u00c0 la suite d\u2019une compression de la moelle \u00e9pini\u00e8re, elle devient t\u00e9trapl\u00e9gique. Une d\u00e9couverte sportive va lui permettre d\u2019entamer un processus d\u2019acceptation du handicap : le surf<\/em><\/p>\n<p>Suivie d\u2019une rencontre avec\u00a0:<\/p>\n<ul>\n<li><strong>Katell Roperz,<\/strong> vice-championne para-surfeuse<\/li>\n<li><strong>Audrez Lasbleiz,<\/strong> r\u00e9alisatrice<\/li>\n<li><strong>Chlo\u00e9 Batissou,<\/strong> directrice du Brest Surf Film Festival<\/li>\n<\/ul>\n<\/div>\n<\/div><\/div><div id=\"panel-6307-1-0-10\" class=\"so-panel widget widget_media_gallery\" data-index=\"11\" >\n\t\t<style type=\"text\/css\">\n\t\t\t#gallery-2 {\n\t\t\t\tmargin: auto;\n\t\t\t}\n\t\t\t#gallery-2 .gallery-item {\n\t\t\t\tfloat: left;\n\t\t\t\tmargin-top: 10px;\n\t\t\t\ttext-align: center;\n\t\t\t\twidth: 33%;\n\t\t\t}\n\t\t\t#gallery-2 img {\n\t\t\t\tborder: 2px solid #cfcfcf;\n\t\t\t}\n\t\t\t#gallery-2 .gallery-caption {\n\t\t\t\tmargin-left: 0;\n\t\t\t}\n\t\t\t\/* see gallery_shortcode() in wp-includes\/media.php *\/\n\t\t<\/style>\n\t\t<div id='gallery-2' class='gallery galleryid-6307 gallery-columns-3 gallery-size-thumbnail'><dl class='gallery-item'>\n\t\t\t<dt class='gallery-icon landscape'>\n\t\t\t\t<a href='https:\/\/aventuriersdelamer.fr\/index.php\/les-invite-e-s-de-la-8e-edition\/photo-audrey\/'><img loading=\"lazy\" decoding=\"async\" width=\"150\" height=\"150\" src=\"https:\/\/aventuriersdelamer.fr\/wp-content\/uploads\/2023\/09\/photo-Audrey-150x150.jpg\" class=\"attachment-thumbnail size-thumbnail\" alt=\"\" aria-describedby=\"gallery-2-6330\" srcset=\"https:\/\/aventuriersdelamer.fr\/wp-content\/uploads\/2023\/09\/photo-Audrey-150x150.jpg 150w, https:\/\/aventuriersdelamer.fr\/wp-content\/uploads\/2023\/09\/photo-Audrey-300x300.jpg 300w, https:\/\/aventuriersdelamer.fr\/wp-content\/uploads\/2023\/09\/photo-Audrey-768x768.jpg 768w, https:\/\/aventuriersdelamer.fr\/wp-content\/uploads\/2023\/09\/photo-Audrey-600x600.jpg 600w, https:\/\/aventuriersdelamer.fr\/wp-content\/uploads\/2023\/09\/photo-Audrey.jpg 800w\" sizes=\"auto, (max-width: 150px) 100vw, 150px\" \/><\/a>\n\t\t\t<\/dt>\n\t\t\t\t<dd class='wp-caption-text gallery-caption' id='gallery-2-6330'>\n\t\t\t\tAudrey Lasbleiz\n\t\t\t\t<\/dd><\/dl><dl class='gallery-item'>\n\t\t\t<dt class='gallery-icon landscape'>\n\t\t\t\t<a href='https:\/\/aventuriersdelamer.fr\/index.php\/les-invite-e-s-de-la-8e-edition\/katell-ropert\/'><img loading=\"lazy\" decoding=\"async\" width=\"150\" height=\"150\" src=\"https:\/\/aventuriersdelamer.fr\/wp-content\/uploads\/2023\/09\/Katell-ropert-150x150.jpg\" class=\"attachment-thumbnail size-thumbnail\" alt=\"\" aria-describedby=\"gallery-2-6328\" srcset=\"https:\/\/aventuriersdelamer.fr\/wp-content\/uploads\/2023\/09\/Katell-ropert-150x150.jpg 150w, https:\/\/aventuriersdelamer.fr\/wp-content\/uploads\/2023\/09\/Katell-ropert-300x300.jpg 300w, https:\/\/aventuriersdelamer.fr\/wp-content\/uploads\/2023\/09\/Katell-ropert-768x768.jpg 768w, https:\/\/aventuriersdelamer.fr\/wp-content\/uploads\/2023\/09\/Katell-ropert-600x600.jpg 600w, https:\/\/aventuriersdelamer.fr\/wp-content\/uploads\/2023\/09\/Katell-ropert.jpg 834w\" sizes=\"auto, (max-width: 150px) 100vw, 150px\" \/><\/a>\n\t\t\t<\/dt>\n\t\t\t\t<dd class='wp-caption-text gallery-caption' id='gallery-2-6328'>\n\t\t\t\tKatell Ropert\n\t\t\t\t<\/dd><\/dl>\n\t\t\t<br style='clear: both' \/>\n\t\t<\/div>\n<\/div><div id=\"panel-6307-1-0-11\" class=\"so-panel widget widget_sow-editor\" data-index=\"12\" ><div\n\t\t\t\n\t\t\tclass=\"so-widget-sow-editor so-widget-sow-editor-base\"\n\t\t\t\n\t\t>\n<div class=\"siteorigin-widget-tinymce textwidget\">\n\t<p><strong>Projection \u2013 Rencontre \/\/ <\/strong><strong>\u00ab\u00a0Etre Mer\u00a0\u00bb documentaire de Nina Montagn\u00e9 (France-2022-40\u2019)<\/strong><br \/>\n19h30 &gt; 21 h - Mus\u00e9e nationale de la Marine \u2013 Port-Louis<\/p>\n<p>Etre m\u00e8re ou \u00eatre en mer ? Peut - on \u00eatre femme, marin, et maman ? Peut-on conjuguer maternit\u00e9 et un travail qui implique d\u2019\u00eatre absent sur de longues p\u00e9riodes ? Quel choix de vie cela engage-t-il ? Portraits crois\u00e9s dans l'intimit\u00e9 et les questionnements de trois femmes marins. Suivie d\u2019une rencontre avec\u00a0:<\/p>\n<ul>\n<li><strong>Nina Montagn\u00e9,<\/strong> r\u00e9alisatrice<\/li>\n<li><strong>Cl\u00e9mentine Moulin,<\/strong> co-fondatrice Women of the seas<\/li>\n<li><strong>Julie Mira,<\/strong> skipper et coach nautique<\/li>\n<\/ul>\n<\/div>\n<\/div><\/div><div id=\"panel-6307-1-0-12\" class=\"so-panel widget widget_media_gallery\" data-index=\"13\" >\n\t\t<style type=\"text\/css\">\n\t\t\t#gallery-3 {\n\t\t\t\tmargin: auto;\n\t\t\t}\n\t\t\t#gallery-3 .gallery-item {\n\t\t\t\tfloat: left;\n\t\t\t\tmargin-top: 10px;\n\t\t\t\ttext-align: center;\n\t\t\t\twidth: 33%;\n\t\t\t}\n\t\t\t#gallery-3 img {\n\t\t\t\tborder: 2px solid #cfcfcf;\n\t\t\t}\n\t\t\t#gallery-3 .gallery-caption {\n\t\t\t\tmargin-left: 0;\n\t\t\t}\n\t\t\t\/* see gallery_shortcode() in wp-includes\/media.php *\/\n\t\t<\/style>\n\t\t<div id='gallery-3' class='gallery galleryid-6307 gallery-columns-3 gallery-size-thumbnail'><dl class='gallery-item'>\n\t\t\t<dt class='gallery-icon landscape'>\n\t\t\t\t<a href='https:\/\/aventuriersdelamer.fr\/index.php\/rencontres-2023\/clem-antoine2-2\/'><img loading=\"lazy\" decoding=\"async\" width=\"150\" height=\"150\" src=\"https:\/\/aventuriersdelamer.fr\/wp-content\/uploads\/2023\/09\/clem-antoine2-1-150x150.jpg\" class=\"attachment-thumbnail size-thumbnail\" alt=\"\" aria-describedby=\"gallery-3-6343\" srcset=\"https:\/\/aventuriersdelamer.fr\/wp-content\/uploads\/2023\/09\/clem-antoine2-1-150x150.jpg 150w, https:\/\/aventuriersdelamer.fr\/wp-content\/uploads\/2023\/09\/clem-antoine2-1-300x300.jpg 300w, https:\/\/aventuriersdelamer.fr\/wp-content\/uploads\/2023\/09\/clem-antoine2-1-768x768.jpg 768w, https:\/\/aventuriersdelamer.fr\/wp-content\/uploads\/2023\/09\/clem-antoine2-1-600x600.jpg 600w, https:\/\/aventuriersdelamer.fr\/wp-content\/uploads\/2023\/09\/clem-antoine2-1.jpg 834w\" sizes=\"auto, (max-width: 150px) 100vw, 150px\" \/><\/a>\n\t\t\t<\/dt>\n\t\t\t\t<dd class='wp-caption-text gallery-caption' id='gallery-3-6343'>\n\t\t\t\tCl\u00e9mentine Moulin\n\t\t\t\t<\/dd><\/dl><dl class='gallery-item'>\n\t\t\t<dt class='gallery-icon landscape'>\n\t\t\t\t<a href='https:\/\/aventuriersdelamer.fr\/index.php\/rencontres-2023\/ninamontagnenm\/'><img loading=\"lazy\" decoding=\"async\" width=\"150\" height=\"150\" src=\"https:\/\/aventuriersdelamer.fr\/wp-content\/uploads\/2023\/09\/Ninamontagne\u00a9NM-150x150.jpeg\" class=\"attachment-thumbnail size-thumbnail\" alt=\"\" aria-describedby=\"gallery-3-6344\" \/><\/a>\n\t\t\t<\/dt>\n\t\t\t\t<dd class='wp-caption-text gallery-caption' id='gallery-3-6344'>\n\t\t\t\tNina Montagne\n\t\t\t\t<\/dd><\/dl>\n\t\t\t<br style='clear: both' \/>\n\t\t<\/div>\n<\/div><div id=\"panel-6307-1-0-13\" class=\"so-panel widget widget_sow-editor\" data-index=\"14\" ><div class=\"panel-widget-style panel-widget-style-for-6307-1-0-13\" ><div\n\t\t\t\n\t\t\tclass=\"so-widget-sow-editor so-widget-sow-editor-base\"\n\t\t\t\n\t\t>\n<div class=\"siteorigin-widget-tinymce textwidget\">\n\t<h1 style=\"text-align: center;\"><strong>LES RENCONTRES<\/strong><\/h1>\n<\/div>\n<\/div><\/div><\/div><div id=\"panel-6307-1-0-14\" class=\"so-panel widget widget_sow-editor\" data-index=\"15\" ><div class=\"panel-widget-style panel-widget-style-for-6307-1-0-14\" ><div\n\t\t\t\n\t\t\tclass=\"so-widget-sow-editor so-widget-sow-editor-base\"\n\t\t\t\n\t\t>\n<div class=\"siteorigin-widget-tinymce textwidget\">\n\t<h1 style=\"text-align: center;\"><strong>SAMEDI 14 OCTOBRE<br \/>\n<\/strong><\/h1>\n<\/div>\n<\/div><\/div><\/div><div id=\"panel-6307-1-0-15\" class=\"so-panel widget widget_sow-editor\" data-index=\"16\" ><div\n\t\t\t\n\t\t\tclass=\"so-widget-sow-editor so-widget-sow-editor-base\"\n\t\t\t\n\t\t>\n<div class=\"siteorigin-widget-tinymce textwidget\">\n\t<p><strong><span style=\"color: #ff6600;\">11h-12h30<\/span> Auditorium \/\/\u00a0 Le tour du monde sur un bateau de 4m, carte blanche \u00e0 Yann Quenet et son Baluchon \u00a0<\/strong><br \/>\nAnim\u00e9e par Roger Pidgel<strong><br \/>\n<\/strong><\/p>\n<p>Pendant 3 ans, <strong>Yann Qu\u00e9net<\/strong> a sillonn\u00e9 le globe sur Baluchon, voilier de quatre m\u00e8tres construit de ses propres mains\u2026 Aujourd\u2019hui, le navigateur breton r\u00eave d\u00e9j\u00e0 de nouveaux horizons.<\/p>\n<\/div>\n<\/div><\/div><div id=\"panel-6307-1-0-16\" class=\"so-panel widget widget_media_gallery\" data-index=\"17\" >\n\t\t<style type=\"text\/css\">\n\t\t\t#gallery-4 {\n\t\t\t\tmargin: auto;\n\t\t\t}\n\t\t\t#gallery-4 .gallery-item {\n\t\t\t\tfloat: left;\n\t\t\t\tmargin-top: 10px;\n\t\t\t\ttext-align: center;\n\t\t\t\twidth: 33%;\n\t\t\t}\n\t\t\t#gallery-4 img {\n\t\t\t\tborder: 2px solid #cfcfcf;\n\t\t\t}\n\t\t\t#gallery-4 .gallery-caption {\n\t\t\t\tmargin-left: 0;\n\t\t\t}\n\t\t\t\/* see gallery_shortcode() in wp-includes\/media.php *\/\n\t\t<\/style>\n\t\t<div id='gallery-4' class='gallery galleryid-6307 gallery-columns-3 gallery-size-thumbnail'><dl class='gallery-item'>\n\t\t\t<dt class='gallery-icon landscape'>\n\t\t\t\t<a href='https:\/\/aventuriersdelamer.fr\/index.php\/les-invite-e-s-de-la-8e-edition\/yann_quenet_c_remy_ravon_-_38\/'><img loading=\"lazy\" decoding=\"async\" width=\"150\" height=\"150\" src=\"https:\/\/aventuriersdelamer.fr\/wp-content\/uploads\/2023\/09\/yann_quenet_c_remy_ravon_-_38-150x150.jpg\" class=\"attachment-thumbnail size-thumbnail\" alt=\"\" \/><\/a>\n\t\t\t<\/dt><\/dl><dl class='gallery-item'>\n\t\t\t<dt class='gallery-icon landscape'>\n\t\t\t\t<a href='https:\/\/aventuriersdelamer.fr\/index.php\/les-invite-e-s-de-la-8e-edition\/photos8\/'><img loading=\"lazy\" decoding=\"async\" width=\"150\" height=\"150\" src=\"https:\/\/aventuriersdelamer.fr\/wp-content\/uploads\/2023\/09\/PHOTOS8-150x150.jpg\" class=\"attachment-thumbnail size-thumbnail\" alt=\"\" \/><\/a>\n\t\t\t<\/dt><\/dl><dl class='gallery-item'>\n\t\t\t<dt class='gallery-icon landscape'>\n\t\t\t\t<a href='https:\/\/aventuriersdelamer.fr\/index.php\/les-invite-e-s-de-la-8e-edition\/yann-quenet\/'><img loading=\"lazy\" decoding=\"async\" width=\"150\" height=\"150\" src=\"https:\/\/aventuriersdelamer.fr\/wp-content\/uploads\/2023\/09\/Yann-quenet-150x150.jpg\" class=\"attachment-thumbnail size-thumbnail\" alt=\"\" srcset=\"https:\/\/aventuriersdelamer.fr\/wp-content\/uploads\/2023\/09\/Yann-quenet-150x150.jpg 150w, https:\/\/aventuriersdelamer.fr\/wp-content\/uploads\/2023\/09\/Yann-quenet-300x300.jpg 300w, https:\/\/aventuriersdelamer.fr\/wp-content\/uploads\/2023\/09\/Yann-quenet-768x768.jpg 768w, https:\/\/aventuriersdelamer.fr\/wp-content\/uploads\/2023\/09\/Yann-quenet-600x600.jpg 600w, https:\/\/aventuriersdelamer.fr\/wp-content\/uploads\/2023\/09\/Yann-quenet.jpg 834w\" sizes=\"auto, (max-width: 150px) 100vw, 150px\" \/><\/a>\n\t\t\t<\/dt><\/dl><br style=\"clear: both\" \/>\n\t\t<\/div>\n<\/div><div id=\"panel-6307-1-0-17\" class=\"so-panel widget widget_sow-editor\" data-index=\"18\" ><div\n\t\t\t\n\t\t\tclass=\"so-widget-sow-editor so-widget-sow-editor-base\"\n\t\t\t\n\t\t>\n<div class=\"siteorigin-widget-tinymce textwidget\">\n\t<p><strong>14h30-16h Auditorium \/\/ Projection-rencontre \/\/ L\u2019oc\u00e9an, cette incroyable machine<\/strong><br \/>\nAnim\u00e9e par Pierre Meisel<\/p>\n<p>Observer, comprendre et pr\u00e9voir le r\u00f4le de l\u2019Oc\u00e9an sur la plan\u00e8te.<\/p>\n<p><span style=\"color: #003366;\">\u00ab\u00a0Le d\u00e9fi d\u2019Iris\u00a0\u00bb documentaire de Chlo\u00e9 Zwiebel (France-2023-26\u2019)<\/span><br \/>\n<em>Lorsque la pand\u00e9mie frappe la plan\u00e8te, tout s\u2019arr\u00eate. Un navire de l\u00e9gende s\u2019appr\u00eate alors \u00e0 reprendre du service pour parcourir l\u2019oc\u00e9an Atlantique et d\u00e9ployer 95 flotteurs Argo \u00e0 la voile, avec pour mission la compr\u00e9hension de l\u2019oc\u00e9an.<\/em><\/p>\n<p><span style=\"color: #003366;\">Suivie d\u2019une rencontre avec\u00a0:<\/span><br \/>\n\u00b7\u00a0\u00a0\u00a0\u00a0\u00a0\u00a0<strong> Eric Defert,<\/strong> skipper du navire oc\u00e9anographique Blue Observer<br \/>\n\u00b7\u00a0\u00a0\u00a0\u00a0\u00a0\u00a0 <strong>Pierre Mollo,<\/strong> biologiste, sp\u00e9cialis\u00e9 dans l\u2019\u00e9tude du plancton<br \/>\n\u00b7\u00a0\u00a0\u00a0\u00a0\u00a0\u00a0 <strong>Thomas Meunier,<\/strong> oc\u00e9anographe physicien chercheur \u00e0 Woods Hole Oceanographic Institution<\/p>\n<p>&nbsp;<\/p>\n<\/div>\n<\/div><\/div><div id=\"panel-6307-1-0-18\" class=\"so-panel widget widget_media_gallery\" data-index=\"19\" >\n\t\t<style type=\"text\/css\">\n\t\t\t#gallery-5 {\n\t\t\t\tmargin: auto;\n\t\t\t}\n\t\t\t#gallery-5 .gallery-item {\n\t\t\t\tfloat: left;\n\t\t\t\tmargin-top: 10px;\n\t\t\t\ttext-align: center;\n\t\t\t\twidth: 33%;\n\t\t\t}\n\t\t\t#gallery-5 img {\n\t\t\t\tborder: 2px solid #cfcfcf;\n\t\t\t}\n\t\t\t#gallery-5 .gallery-caption {\n\t\t\t\tmargin-left: 0;\n\t\t\t}\n\t\t\t\/* see gallery_shortcode() in wp-includes\/media.php *\/\n\t\t<\/style>\n\t\t<div id='gallery-5' class='gallery galleryid-6307 gallery-columns-3 gallery-size-thumbnail'><dl class='gallery-item'>\n\t\t\t<dt class='gallery-icon landscape'>\n\t\t\t\t<a href='https:\/\/aventuriersdelamer.fr\/index.php\/rencontres-2023\/defi-iris\/'><img loading=\"lazy\" decoding=\"async\" width=\"150\" height=\"150\" src=\"https:\/\/aventuriersdelamer.fr\/wp-content\/uploads\/2023\/09\/defi-iris-150x150.jpg\" class=\"attachment-thumbnail size-thumbnail\" alt=\"\" aria-describedby=\"gallery-5-6993\" srcset=\"https:\/\/aventuriersdelamer.fr\/wp-content\/uploads\/2023\/09\/defi-iris-150x150.jpg 150w, https:\/\/aventuriersdelamer.fr\/wp-content\/uploads\/2023\/09\/defi-iris-300x300.jpg 300w, https:\/\/aventuriersdelamer.fr\/wp-content\/uploads\/2023\/09\/defi-iris-768x768.jpg 768w, https:\/\/aventuriersdelamer.fr\/wp-content\/uploads\/2023\/09\/defi-iris-600x600.jpg 600w, https:\/\/aventuriersdelamer.fr\/wp-content\/uploads\/2023\/09\/defi-iris.jpg 834w\" sizes=\"auto, (max-width: 150px) 100vw, 150px\" \/><\/a>\n\t\t\t<\/dt>\n\t\t\t\t<dd class='wp-caption-text gallery-caption' id='gallery-5-6993'>\n\t\t\t\tProjection\n\t\t\t\t<\/dd><\/dl><dl class='gallery-item'>\n\t\t\t<dt class='gallery-icon landscape'>\n\t\t\t\t<a href='https:\/\/aventuriersdelamer.fr\/index.php\/les-invite-e-s-de-la-8e-edition\/pierremollopm\/'><img loading=\"lazy\" decoding=\"async\" width=\"150\" height=\"150\" src=\"https:\/\/aventuriersdelamer.fr\/wp-content\/uploads\/2023\/08\/PierreMollo\u00a9PM-150x150.jpg\" class=\"attachment-thumbnail size-thumbnail\" alt=\"\" aria-describedby=\"gallery-5-6162\" srcset=\"https:\/\/aventuriersdelamer.fr\/wp-content\/uploads\/2023\/08\/PierreMollo\u00a9PM-150x150.jpg 150w, https:\/\/aventuriersdelamer.fr\/wp-content\/uploads\/2023\/08\/PierreMollo\u00a9PM-300x300.jpg 300w, https:\/\/aventuriersdelamer.fr\/wp-content\/uploads\/2023\/08\/PierreMollo\u00a9PM-768x768.jpg 768w, https:\/\/aventuriersdelamer.fr\/wp-content\/uploads\/2023\/08\/PierreMollo\u00a9PM-600x600.jpg 600w, https:\/\/aventuriersdelamer.fr\/wp-content\/uploads\/2023\/08\/PierreMollo\u00a9PM.jpg 834w\" sizes=\"auto, (max-width: 150px) 100vw, 150px\" \/><\/a>\n\t\t\t<\/dt>\n\t\t\t\t<dd class='wp-caption-text gallery-caption' id='gallery-5-6162'>\n\t\t\t\tPierre Mollo\n\t\t\t\t<\/dd><\/dl>\n\t\t\t<br style='clear: both' \/>\n\t\t<\/div>\n<\/div><div id=\"panel-6307-1-0-19\" class=\"so-panel widget widget_sow-editor\" data-index=\"20\" ><div\n\t\t\t\n\t\t\tclass=\"so-widget-sow-editor so-widget-sow-editor-base\"\n\t\t\t\n\t\t>\n<div class=\"siteorigin-widget-tinymce textwidget\">\n\t<p><strong>16h30-18h Auditorium \/\/ Rencontre \/\/ Transporter les marchandises \u00e0 la voile, une utopie en marche\u00a0!<\/strong><br \/>\nAnim\u00e9 par R\u00e9gis Guyon - En partenariat avec Le P\u00f4le Mer Bretagne Atlantique<\/p>\n<p>Avec\u00a0:<br \/>\n\u00b7\u00a0\u00a0\u00a0\u00a0\u00a0\u00a0 <strong>Lo\u00efc Briand,<\/strong> directeur g\u00e9n\u00e9ral Grain de Sail Shipping<br \/>\n\u00b7\u00a0\u00a0\u00a0\u00a0\u00a0<strong>\u00a0 Herv\u00e9 Mamino,<\/strong> directeur du Lyc\u00e9e maritime du Guilvinec<br \/>\n\u00b7\u00a0\u00a0\u00a0\u00a0\u00a0<strong>\u00a0 Loys Leclercq,<\/strong> architecte naval<br \/>\n\u00b7\u00a0\u00a0<strong>\u00a0\u00a0\u00a0\u00a0 Anne-Flore Gannat,<\/strong> capitaine du voilier Tres Hombres<\/p>\n<\/div>\n<\/div><\/div><div id=\"panel-6307-1-0-20\" class=\"so-panel widget widget_media_gallery\" data-index=\"21\" >\n\t\t<style type=\"text\/css\">\n\t\t\t#gallery-6 {\n\t\t\t\tmargin: auto;\n\t\t\t}\n\t\t\t#gallery-6 .gallery-item {\n\t\t\t\tfloat: left;\n\t\t\t\tmargin-top: 10px;\n\t\t\t\ttext-align: center;\n\t\t\t\twidth: 33%;\n\t\t\t}\n\t\t\t#gallery-6 img {\n\t\t\t\tborder: 2px solid #cfcfcf;\n\t\t\t}\n\t\t\t#gallery-6 .gallery-caption {\n\t\t\t\tmargin-left: 0;\n\t\t\t}\n\t\t\t\/* see gallery_shortcode() in wp-includes\/media.php *\/\n\t\t<\/style>\n\t\t<div id='gallery-6' class='gallery galleryid-6307 gallery-columns-3 gallery-size-thumbnail'><dl class='gallery-item'>\n\t\t\t<dt class='gallery-icon landscape'>\n\t\t\t\t<a href='https:\/\/aventuriersdelamer.fr\/index.php\/les-invite-e-s-de-la-8e-edition\/loi%cc%88c-briand-presse1\/'><img loading=\"lazy\" decoding=\"async\" width=\"150\" height=\"150\" src=\"https:\/\/aventuriersdelamer.fr\/wp-content\/uploads\/2023\/09\/Loi\u0308c-Briand-Presse1-150x150.jpg\" class=\"attachment-thumbnail size-thumbnail\" alt=\"\" aria-describedby=\"gallery-6-6252\" srcset=\"https:\/\/aventuriersdelamer.fr\/wp-content\/uploads\/2023\/09\/Loi\u0308c-Briand-Presse1-150x150.jpg 150w, https:\/\/aventuriersdelamer.fr\/wp-content\/uploads\/2023\/09\/Loi\u0308c-Briand-Presse1-300x300.jpg 300w, https:\/\/aventuriersdelamer.fr\/wp-content\/uploads\/2023\/09\/Loi\u0308c-Briand-Presse1-1024x1024.jpg 1024w, https:\/\/aventuriersdelamer.fr\/wp-content\/uploads\/2023\/09\/Loi\u0308c-Briand-Presse1-768x768.jpg 768w, https:\/\/aventuriersdelamer.fr\/wp-content\/uploads\/2023\/09\/Loi\u0308c-Briand-Presse1-600x600.jpg 600w, https:\/\/aventuriersdelamer.fr\/wp-content\/uploads\/2023\/09\/Loi\u0308c-Briand-Presse1-1536x1536.jpg 1536w, https:\/\/aventuriersdelamer.fr\/wp-content\/uploads\/2023\/09\/Loi\u0308c-Briand-Presse1-2048x2048.jpg 2048w\" sizes=\"auto, (max-width: 150px) 100vw, 150px\" \/><\/a>\n\t\t\t<\/dt>\n\t\t\t\t<dd class='wp-caption-text gallery-caption' id='gallery-6-6252'>\n\t\t\t\tLo\u00efc Briand\n\t\t\t\t<\/dd><\/dl><dl class='gallery-item'>\n\t\t\t<dt class='gallery-icon landscape'>\n\t\t\t\t<a href='https:\/\/aventuriersdelamer.fr\/index.php\/rencontres-2023\/loys-leclercq\/'><img loading=\"lazy\" decoding=\"async\" width=\"150\" height=\"150\" src=\"https:\/\/aventuriersdelamer.fr\/wp-content\/uploads\/2023\/09\/Loys-leclercq-150x150.jpg\" class=\"attachment-thumbnail size-thumbnail\" alt=\"\" aria-describedby=\"gallery-6-6340\" srcset=\"https:\/\/aventuriersdelamer.fr\/wp-content\/uploads\/2023\/09\/Loys-leclercq-150x150.jpg 150w, https:\/\/aventuriersdelamer.fr\/wp-content\/uploads\/2023\/09\/Loys-leclercq-300x300.jpg 300w, https:\/\/aventuriersdelamer.fr\/wp-content\/uploads\/2023\/09\/Loys-leclercq-768x768.jpg 768w, https:\/\/aventuriersdelamer.fr\/wp-content\/uploads\/2023\/09\/Loys-leclercq-600x600.jpg 600w, https:\/\/aventuriersdelamer.fr\/wp-content\/uploads\/2023\/09\/Loys-leclercq.jpg 834w\" sizes=\"auto, (max-width: 150px) 100vw, 150px\" \/><\/a>\n\t\t\t<\/dt>\n\t\t\t\t<dd class='wp-caption-text gallery-caption' id='gallery-6-6340'>\n\t\t\t\tLoys Leclercq\n\t\t\t\t<\/dd><\/dl>\n\t\t\t<br style='clear: both' \/>\n\t\t<\/div>\n<\/div><div id=\"panel-6307-1-0-21\" class=\"so-panel widget widget_sow-editor\" data-index=\"22\" ><div class=\"panel-widget-style panel-widget-style-for-6307-1-0-21\" ><div\n\t\t\t\n\t\t\tclass=\"so-widget-sow-editor so-widget-sow-editor-base\"\n\t\t\t\n\t\t>\n<div class=\"siteorigin-widget-tinymce textwidget\">\n\t<h1 style=\"text-align: center;\"><strong>LA GRANDE SOIREE<br \/>\n<\/strong><\/h1>\n<p style=\"text-align: center;\">\n<\/div>\n<\/div><\/div><\/div><div id=\"panel-6307-1-0-22\" class=\"so-panel widget widget_sow-editor\" data-index=\"23\" ><div class=\"panel-widget-style panel-widget-style-for-6307-1-0-22\" ><div\n\t\t\t\n\t\t\tclass=\"so-widget-sow-editor so-widget-sow-editor-base\"\n\t\t\t\n\t\t>\n<div class=\"siteorigin-widget-tinymce textwidget\">\n\t<p style=\"text-align: center;\"><strong>RENCONTRE \"L'EXPEDITION CACHALOTS\"<\/strong><\/p>\n<\/div>\n<\/div><\/div><\/div><div id=\"panel-6307-1-0-23\" class=\"so-panel widget widget_sow-hero\" data-index=\"24\" ><div\n\t\t\t\n\t\t\tclass=\"so-widget-sow-hero so-widget-sow-hero-default-47cef776cc4b-6307 so-widget-fittext-wrapper\"\n\t\t\t data-fit-text-compressor=\"0.85\"\n\t\t>\t\t\t\t<div class=\"sow-slider-base\" style=\"display: none\" tabindex=\"0\">\n\t\t\t\t\t<ul\n\t\t\t\t\tclass=\"sow-slider-images\"\n\t\t\t\t\tdata-settings=\"{&quot;pagination&quot;:true,&quot;speed&quot;:800,&quot;timeout&quot;:8000,&quot;paused&quot;:false,&quot;pause_on_hover&quot;:false,&quot;swipe&quot;:true,&quot;nav_always_show_desktop&quot;:&quot;&quot;,&quot;nav_always_show_mobile&quot;:&quot;&quot;,&quot;breakpoint&quot;:&quot;780px&quot;,&quot;unmute&quot;:false,&quot;anchor&quot;:null}\"\n\t\t\t\t\t\t\t\t\t\tdata-anchor-id=\"\"\n\t\t\t\t>\t\t<li class=\"sow-slider-image\" style=\"visibility: visible;;background-color: #a0bbbf\" >\n\t\t\t\t\t<div class=\"sow-slider-image-container\">\n\t\t\t<div class=\"sow-slider-image-wrapper\">\n\t\t\t\t<p><em><span style=\"color: #003366\">Avril 2023 - V\u00e9ronique et Fran\u00e7ois Sarano (Longitude 181) et Roland Jourdain (Explore) lancent ensemble en M\u00e9diterran\u00e9e le troisi\u00e8me volet de \u00ab l\u2019Exp\u00e9dition WhaleWay - La Voix des Cachalots \u00bb. Cinq jours de mission au c\u0153ur du sanctuaire P\u00e9lagos, pour mieux comprendre les populations de cachalots qui vivent pr\u00e8s de nos c\u00f4tes, et contribuer \u00e0 la pr\u00e9servation de cette esp\u00e8ce \u00ab en danger d\u2019extinction \u00bb en M\u00e9diterran\u00e9e\u2026<\/span><\/em><\/p>\n\t\t\t<\/div>\n\t\t<\/div>\n\t\t\t\t<\/li>\n\t\t<\/ul>\t\t\t\t<ol class=\"sow-slider-pagination\">\n\t\t\t\t\t\t\t\t\t\t\t<li><a href=\"#\" data-goto=\"0\" aria-label=\"Display slide 1\"><\/a><\/li>\n\t\t\t\t\t\t\t\t\t<\/ol>\n\n\t\t\t\t<div class=\"sow-slide-nav sow-slide-nav-next\">\n\t\t\t\t\t<a href=\"#\" data-goto=\"next\" aria-label=\"Next slide\" data-action=\"next\">\n\t\t\t\t\t\t<em class=\"sow-sld-icon-thin-right\"><\/em>\n\t\t\t\t\t<\/a>\n\t\t\t\t<\/div>\n\n\t\t\t\t<div class=\"sow-slide-nav sow-slide-nav-prev\">\n\t\t\t\t\t<a href=\"#\" data-goto=\"previous\" aria-label=\"Previous slide\" data-action=\"prev\">\n\t\t\t\t\t\t<em class=\"sow-sld-icon-thin-left\"><\/em>\n\t\t\t\t\t<\/a>\n\t\t\t\t<\/div>\n\t\t\t\t<\/div><\/div><\/div><div id=\"panel-6307-1-0-24\" class=\"so-panel widget widget_sow-image\" data-index=\"25\" ><div\n\t\t\t\n\t\t\tclass=\"so-widget-sow-image so-widget-sow-image-default-8b5b6f678277-6307\"\n\t\t\t\n\t\t>\n<div class=\"sow-image-container\">\n\t\t<img \n\tsrc=\"https:\/\/aventuriersdelamer.fr\/wp-content\/uploads\/2023\/09\/Ve\u0301ronique-et-Francois-SARANO-cre\u0301dit-Ste\u0301phane-Granzotto.png\" width=\"2628\" height=\"1508\" srcset=\"https:\/\/aventuriersdelamer.fr\/wp-content\/uploads\/2023\/09\/Ve\u0301ronique-et-Francois-SARANO-cre\u0301dit-Ste\u0301phane-Granzotto.png 2628w, https:\/\/aventuriersdelamer.fr\/wp-content\/uploads\/2023\/09\/Ve\u0301ronique-et-Francois-SARANO-cre\u0301dit-Ste\u0301phane-Granzotto-300x172.png 300w, https:\/\/aventuriersdelamer.fr\/wp-content\/uploads\/2023\/09\/Ve\u0301ronique-et-Francois-SARANO-cre\u0301dit-Ste\u0301phane-Granzotto-1024x588.png 1024w, https:\/\/aventuriersdelamer.fr\/wp-content\/uploads\/2023\/09\/Ve\u0301ronique-et-Francois-SARANO-cre\u0301dit-Ste\u0301phane-Granzotto-768x441.png 768w, https:\/\/aventuriersdelamer.fr\/wp-content\/uploads\/2023\/09\/Ve\u0301ronique-et-Francois-SARANO-cre\u0301dit-Ste\u0301phane-Granzotto-600x344.png 600w, https:\/\/aventuriersdelamer.fr\/wp-content\/uploads\/2023\/09\/Ve\u0301ronique-et-Francois-SARANO-cre\u0301dit-Ste\u0301phane-Granzotto-1536x881.png 1536w, https:\/\/aventuriersdelamer.fr\/wp-content\/uploads\/2023\/09\/Ve\u0301ronique-et-Francois-SARANO-cre\u0301dit-Ste\u0301phane-Granzotto-2048x1175.png 2048w, https:\/\/aventuriersdelamer.fr\/wp-content\/uploads\/2023\/09\/Ve\u0301ronique-et-Francois-SARANO-cre\u0301dit-Ste\u0301phane-Granzotto-500x287.png 500w\" sizes=\"(max-width: 2628px) 100vw, 2628px\" title=\"Ve\u0301ronique et Francois SARANO -cre\u0301dit Ste\u0301phane Granzotto\" alt=\"\" \t\tclass=\"so-widget-image\"\/>\n\t<\/div>\n\n<\/div><\/div><div id=\"panel-6307-1-0-25\" class=\"so-panel widget widget_sow-editor panel-last-child\" data-index=\"26\" ><div\n\t\t\t\n\t\t\tclass=\"so-widget-sow-editor so-widget-sow-editor-base\"\n\t\t\t\n\t\t>\n<div class=\"siteorigin-widget-tinymce textwidget\">\n\t<p>Avec\u00a0:<br \/>\n\u00b7\u00a0\u00a0\u00a0\u00a0\u00a0\u00a0 <strong>Fran\u00e7ois Sarano,<\/strong> oc\u00e9anographe, sp\u00e9cialiste des c\u00e9tac\u00e9s (association Longitude 181) ancien chef d'exp\u00e9dition du Commandant Cousteau.<br \/>\n\u00b7\u00a0\u00a0\u00a0<strong>\u00a0 V\u00e9ronique Sarano,<\/strong> oc\u00e9anographe, sp\u00e9cialist\u00e9 des c\u00e9tac\u00e9s, ancienne conseill\u00e8re scientifique pour l\u2019Equipe Cousteau<br \/>\n\u00b7\u00a0\u00a0\u00a0\u00a0\u00a0\u00a0 <strong>Roland Jourdain,<\/strong> navigateur, double vainqueur Route du Rhum, co-fondateur We Explore<\/p>\n<p>Anim\u00e9 par Pierre Meisel - 20h- Hall Pen Duick - <strong>r\u00e9servation en ligne termin\u00e9e. Il y a des places, pr\u00e9sentez vous au moins 30 mn en avance si vous souhaitez assister \u00e0 la rencontre.<br \/>\n<\/strong><\/p>\n<\/div>\n<\/div><\/div><\/div><\/div><div id=\"pg-6307-2\"  class=\"panel-grid panel-no-style\" ><div id=\"pgc-6307-2-0\"  class=\"panel-grid-cell\" ><div id=\"panel-6307-2-0-0\" class=\"so-panel widget widget_sow-editor panel-first-child\" data-index=\"27\" ><div class=\"panel-widget-style panel-widget-style-for-6307-2-0-0\" ><div\n\t\t\t\n\t\t\tclass=\"so-widget-sow-editor so-widget-sow-editor-base\"\n\t\t\t\n\t\t>\n<div class=\"siteorigin-widget-tinymce textwidget\">\n\t<h1 style=\"text-align: center;\"><strong>LES RENCONTRES<\/strong><\/h1>\n<\/div>\n<\/div><\/div><\/div><div id=\"panel-6307-2-0-1\" class=\"so-panel widget widget_sow-editor\" data-index=\"28\" ><div class=\"panel-widget-style panel-widget-style-for-6307-2-0-1\" ><div\n\t\t\t\n\t\t\tclass=\"so-widget-sow-editor so-widget-sow-editor-base\"\n\t\t\t\n\t\t>\n<div class=\"siteorigin-widget-tinymce textwidget\">\n\t<h1 style=\"text-align: center;\"><strong>DIMANCHE 15 OCTOBRE<br \/>\n<\/strong><\/h1>\n<\/div>\n<\/div><\/div><\/div><div id=\"panel-6307-2-0-2\" class=\"so-panel widget widget_sow-editor\" data-index=\"29\" ><div\n\t\t\t\n\t\t\tclass=\"so-widget-sow-editor so-widget-sow-editor-base\"\n\t\t\t\n\t\t>\n<div class=\"siteorigin-widget-tinymce textwidget\">\n\t<p><strong>14h30&gt;16h Auditorium \/\/ Rencontre \/\/ 8 mois sans escale en solitaire, carte blanche \u00e0 Kirsten Neusch\u00e4fer<\/strong><br \/>\nAnim\u00e9 par Pierre Meisel<br \/>\nLe 28 avril 2023 aux Sables-d\u2019Olonne, <strong>Kirsten Neusch\u00e4fer<\/strong> termine en t\u00eate de la Golden Globe Race. Apr\u00e8s 235 jours sur son monocoque de 36 pieds, une navigation sans instrument \u00e9lectronique et le sauvetage d\u2019un concurrent, elle devient la premi\u00e8re femme \u00e0 remporter une course autour du monde en solitaire.<br \/>\nAvec<br \/>\nKirsten Neusch\u00e4fer, Capitaine, victorieuse de la Golden Globe Race 2022<\/p>\n<\/div>\n<\/div><\/div><div id=\"panel-6307-2-0-3\" class=\"so-panel widget widget_media_gallery\" data-index=\"30\" >\n\t\t<style type=\"text\/css\">\n\t\t\t#gallery-7 {\n\t\t\t\tmargin: auto;\n\t\t\t}\n\t\t\t#gallery-7 .gallery-item {\n\t\t\t\tfloat: left;\n\t\t\t\tmargin-top: 10px;\n\t\t\t\ttext-align: center;\n\t\t\t\twidth: 33%;\n\t\t\t}\n\t\t\t#gallery-7 img {\n\t\t\t\tborder: 2px solid #cfcfcf;\n\t\t\t}\n\t\t\t#gallery-7 .gallery-caption {\n\t\t\t\tmargin-left: 0;\n\t\t\t}\n\t\t\t\/* see gallery_shortcode() in wp-includes\/media.php *\/\n\t\t<\/style>\n\t\t<div id='gallery-7' class='gallery galleryid-6307 gallery-columns-3 gallery-size-thumbnail'><dl class='gallery-item'>\n\t\t\t<dt class='gallery-icon landscape'>\n\t\t\t\t<a href='https:\/\/aventuriersdelamer.fr\/index.php\/les-invite-e-s-de-la-8e-edition\/kirstenneuschaferkn-2\/'><img loading=\"lazy\" decoding=\"async\" width=\"150\" height=\"150\" src=\"https:\/\/aventuriersdelamer.fr\/wp-content\/uploads\/2023\/08\/KirstenNeuschafer\u00a9KN-1-150x150.jpg\" class=\"attachment-thumbnail size-thumbnail\" alt=\"\" aria-describedby=\"gallery-7-6163\" srcset=\"https:\/\/aventuriersdelamer.fr\/wp-content\/uploads\/2023\/08\/KirstenNeuschafer\u00a9KN-1-150x150.jpg 150w, https:\/\/aventuriersdelamer.fr\/wp-content\/uploads\/2023\/08\/KirstenNeuschafer\u00a9KN-1-300x300.jpg 300w, https:\/\/aventuriersdelamer.fr\/wp-content\/uploads\/2023\/08\/KirstenNeuschafer\u00a9KN-1-768x768.jpg 768w, https:\/\/aventuriersdelamer.fr\/wp-content\/uploads\/2023\/08\/KirstenNeuschafer\u00a9KN-1-600x600.jpg 600w, https:\/\/aventuriersdelamer.fr\/wp-content\/uploads\/2023\/08\/KirstenNeuschafer\u00a9KN-1.jpg 834w\" sizes=\"auto, (max-width: 150px) 100vw, 150px\" \/><\/a>\n\t\t\t<\/dt>\n\t\t\t\t<dd class='wp-caption-text gallery-caption' id='gallery-7-6163'>\n\t\t\t\tKirsten Neush\u00e4fer\n\t\t\t\t<\/dd><\/dl>\n\t\t\t<br style='clear: both' \/>\n\t\t<\/div>\n<\/div><div id=\"panel-6307-2-0-4\" class=\"so-panel widget widget_sow-editor\" data-index=\"31\" ><div\n\t\t\t\n\t\t\tclass=\"so-widget-sow-editor so-widget-sow-editor-base\"\n\t\t\t\n\t\t>\n<div class=\"siteorigin-widget-tinymce textwidget\">\n\t<p><strong>16h30 &gt;18h Auditorium \/\/ Projection-rencontre \/\/ \u00ab\u00a0L\u2019incroyable p\u00e9riple de Magellan\u00a0\u00bb<\/strong><br \/>\nAnim\u00e9 par Pierre Marcel<\/p>\n<p><span style=\"color: #003366;\">Projection \/\/ L\u2019incroyable p\u00e9riple de Magellan - documentaire de Fran\u00e7ois de Riberolles (\u00e9pisode 3)<\/span> (France-2022-52\u2019) - <a href=\"https:\/\/www.academiedemarine.com\/prixplus.php?num=4\">Prix de l'Acad\u00e9mie de Marine 2023<\/a><br \/>\n<span style=\"color: #008080;\"><em>Une s\u00e9rie r\u00e9alis\u00e9e par Fran\u00e7ois de Riberolles<\/em><\/span><br \/>\n<span style=\"color: #008080;\"><em>Une coproduction Camera lucida productions, Arte France, Minimal Films, Belgica Films, Serena Productions<\/em><\/span><\/p>\n<p>La formidable s\u00e9rie documentaire de Fran\u00e7ois de Riberolles retrace le p\u00e9riple du navigateur portugais, qui traversa le premier l\u2019oc\u00e9an qu\u2019il nomma \u00abPacifique\u00bb, et dont un des bateaux boucla le tour du monde. Le 3e \u00e9pisode nous entra\u00eene lors de la travers\u00e9e du c\u00e9l\u00e8bre D\u00e9troit (de Magellan) et de la travers\u00e9e du Pacifique. Les deux grands exploits maritimes que Magellan a r\u00e9alis\u00e9s.<\/p>\n<p>Suivie d\u2019une rencontre avec\u00a0:<br \/>\n\u00b7\u00a0\u00a0\u00a0\u00a0\u00a0\u00a0 <strong>Fran\u00e7ois de Riberolles,<\/strong> auteur-r\u00e9alisateur<br \/>\n\u00b7\u00a0\u00a0\u00a0\u00a0\u00a0\u00a0 <strong>Jean-Yves Bernot,<\/strong> routeur course au large<br \/>\n\u00b7<\/p>\n<\/div>\n<\/div><\/div><div id=\"panel-6307-2-0-5\" class=\"so-panel widget widget_media_gallery panel-last-child\" data-index=\"32\" >\n\t\t<style type=\"text\/css\">\n\t\t\t#gallery-8 {\n\t\t\t\tmargin: auto;\n\t\t\t}\n\t\t\t#gallery-8 .gallery-item {\n\t\t\t\tfloat: left;\n\t\t\t\tmargin-top: 10px;\n\t\t\t\ttext-align: center;\n\t\t\t\twidth: 33%;\n\t\t\t}\n\t\t\t#gallery-8 img {\n\t\t\t\tborder: 2px solid #cfcfcf;\n\t\t\t}\n\t\t\t#gallery-8 .gallery-caption {\n\t\t\t\tmargin-left: 0;\n\t\t\t}\n\t\t\t\/* see gallery_shortcode() in wp-includes\/media.php *\/\n\t\t<\/style>\n\t\t<div id='gallery-8' class='gallery galleryid-6307 gallery-columns-3 gallery-size-thumbnail'><dl class='gallery-item'>\n\t\t\t<dt class='gallery-icon landscape'>\n\t\t\t\t<a href='https:\/\/aventuriersdelamer.fr\/index.php\/les-invite-e-s-de-la-8e-edition\/fderiberolles\/'><img loading=\"lazy\" decoding=\"async\" width=\"150\" height=\"150\" src=\"https:\/\/aventuriersdelamer.fr\/wp-content\/uploads\/2023\/09\/FdeRiberolles-150x150.jpeg\" class=\"attachment-thumbnail size-thumbnail\" alt=\"\" aria-describedby=\"gallery-8-6189\" srcset=\"https:\/\/aventuriersdelamer.fr\/wp-content\/uploads\/2023\/09\/FdeRiberolles-150x150.jpeg 150w, https:\/\/aventuriersdelamer.fr\/wp-content\/uploads\/2023\/09\/FdeRiberolles-300x300.jpeg 300w, https:\/\/aventuriersdelamer.fr\/wp-content\/uploads\/2023\/09\/FdeRiberolles-768x768.jpeg 768w, https:\/\/aventuriersdelamer.fr\/wp-content\/uploads\/2023\/09\/FdeRiberolles-600x600.jpeg 600w, https:\/\/aventuriersdelamer.fr\/wp-content\/uploads\/2023\/09\/FdeRiberolles.jpeg 1000w\" sizes=\"auto, (max-width: 150px) 100vw, 150px\" \/><\/a>\n\t\t\t<\/dt>\n\t\t\t\t<dd class='wp-caption-text gallery-caption' id='gallery-8-6189'>\n\t\t\t\tFran\u00e7ois de Riberoles\n\t\t\t\t<\/dd><\/dl><dl class='gallery-item'>\n\t\t\t<dt class='gallery-icon landscape'>\n\t\t\t\t<a href='https:\/\/aventuriersdelamer.fr\/index.php\/les-invite-e-s-de-la-8e-edition\/jybernotjybernot\/'><img loading=\"lazy\" decoding=\"async\" width=\"150\" height=\"150\" src=\"https:\/\/aventuriersdelamer.fr\/wp-content\/uploads\/2023\/08\/JYBernot\u00a9JYBernot-150x150.jpg\" class=\"attachment-thumbnail size-thumbnail\" alt=\"\" aria-describedby=\"gallery-8-6160\" srcset=\"https:\/\/aventuriersdelamer.fr\/wp-content\/uploads\/2023\/08\/JYBernot\u00a9JYBernot-150x150.jpg 150w, https:\/\/aventuriersdelamer.fr\/wp-content\/uploads\/2023\/08\/JYBernot\u00a9JYBernot-300x300.jpg 300w, https:\/\/aventuriersdelamer.fr\/wp-content\/uploads\/2023\/08\/JYBernot\u00a9JYBernot-768x768.jpg 768w, https:\/\/aventuriersdelamer.fr\/wp-content\/uploads\/2023\/08\/JYBernot\u00a9JYBernot-600x600.jpg 600w, https:\/\/aventuriersdelamer.fr\/wp-content\/uploads\/2023\/08\/JYBernot\u00a9JYBernot.jpg 834w\" sizes=\"auto, (max-width: 150px) 100vw, 150px\" \/><\/a>\n\t\t\t<\/dt>\n\t\t\t\t<dd class='wp-caption-text gallery-caption' id='gallery-8-6160'>\n\t\t\t\tJean-Yves Bernot\n\t\t\t\t<\/dd><\/dl>\n\t\t\t<br style='clear: both' \/>\n\t\t<\/div>\n<\/div><\/div><\/div><\/div>","protected":false},"excerpt":{"rendered":"<p>Les imaginaires &#8230; Au d&eacute;part des mondes nouveaux, le r&ecirc;ve, l&rsquo;imaginaire. Comment inventer et partager un r&eacute;cit mobilisateur au service de la protection des oc&eacute;ans ? Les rencontres sont un moment de partages et de r&eacute;flexion, pour s&rsquo;&eacute;veiller, s&rsquo;informer et&nbsp;aussi &hellip; <a href=\"https:\/\/aventuriersdelamer.fr\/index.php\/rencontres-2023\/\">Continuer la lecture <span class=\"meta-nav\">&rarr;<\/span><\/a><\/p>\n","protected":false},"author":1,"featured_media":6353,"parent":0,"menu_order":0,"comment_status":"closed","ping_status":"closed","template":"","meta":{"footnotes":""},"class_list":["post-6307","page","type-page","status-publish","has-post-thumbnail","hentry"],"yoast_head":"<!-- This site is optimized with the Yoast SEO plugin v27.3 - https:\/\/yoast.com\/product\/yoast-seo-wordpress\/ -->\n<title>Rencontres 2023 - Festival Les Aventuriers de la Mer<\/title>\n<meta name=\"robots\" content=\"index, follow, max-snippet:-1, max-image-preview:large, max-video-preview:-1\" \/>\n<link rel=\"canonical\" href=\"https:\/\/aventuriersdelamer.fr\/index.php\/rencontres-2023\/\" \/>\n<meta property=\"og:locale\" content=\"fr_FR\" \/>\n<meta property=\"og:type\" content=\"article\" \/>\n<meta property=\"og:title\" content=\"Rencontres 2023 - Festival Les Aventuriers de la Mer\" \/>\n<meta property=\"og:description\" content=\"Les imaginaires ... Au d&eacute;part des mondes nouveaux, le r&ecirc;ve, l&#039;imaginaire. Comment inventer et partager un r&eacute;cit mobilisateur au service de la protection des oc&eacute;ans ? Les rencontres sont un moment de partages et de r&eacute;flexion, pour s&rsquo;&eacute;veiller, s&rsquo;informer et&nbsp;aussi &hellip; Continuer la lecture &rarr;\" \/>\n<meta property=\"og:url\" content=\"https:\/\/aventuriersdelamer.fr\/index.php\/rencontres-2023\/\" \/>\n<meta property=\"og:site_name\" content=\"Festival Les Aventuriers de la Mer\" \/>\n<meta property=\"article:publisher\" content=\"https:\/\/www.facebook.com\/aventuriersdelamer\/\" \/>\n<meta property=\"article:modified_time\" content=\"2023-10-14T16:20:29+00:00\" \/>\n<meta property=\"og:image\" content=\"https:\/\/aventuriersdelamer.fr\/wp-content\/uploads\/2023\/09\/TRUELOVE-WEEXPLORE-LONGITUDE181-FS-20230406g_cre\u0301dit-Longitude-181.jpg\" \/>\n\t<meta property=\"og:image:width\" content=\"1600\" \/>\n\t<meta property=\"og:image:height\" content=\"944\" \/>\n\t<meta property=\"og:image:type\" content=\"image\/jpeg\" \/>\n<meta name=\"twitter:card\" content=\"summary_large_image\" \/>\n<meta name=\"twitter:label1\" content=\"Dur\u00e9e de lecture estim\u00e9e\" \/>\n\t<meta name=\"twitter:data1\" content=\"6 minutes\" \/>\n<script type=\"application\/ld+json\" class=\"yoast-schema-graph\">{\"@context\":\"https:\\\/\\\/schema.org\",\"@graph\":[{\"@type\":\"WebPage\",\"@id\":\"https:\\\/\\\/aventuriersdelamer.fr\\\/index.php\\\/rencontres-2023\\\/\",\"url\":\"https:\\\/\\\/aventuriersdelamer.fr\\\/index.php\\\/rencontres-2023\\\/\",\"name\":\"Rencontres 2023 - Festival Les Aventuriers de la Mer\",\"isPartOf\":{\"@id\":\"https:\\\/\\\/aventuriersdelamer.fr\\\/#website\"},\"primaryImageOfPage\":{\"@id\":\"https:\\\/\\\/aventuriersdelamer.fr\\\/index.php\\\/rencontres-2023\\\/#primaryimage\"},\"image\":{\"@id\":\"https:\\\/\\\/aventuriersdelamer.fr\\\/index.php\\\/rencontres-2023\\\/#primaryimage\"},\"thumbnailUrl\":\"https:\\\/\\\/aventuriersdelamer.fr\\\/wp-content\\\/uploads\\\/2023\\\/09\\\/TRUELOVE-WEEXPLORE-LONGITUDE181-FS-20230406g_cre\u0301dit-Longitude-181.jpg\",\"datePublished\":\"2023-09-13T12:54:04+00:00\",\"dateModified\":\"2023-10-14T16:20:29+00:00\",\"breadcrumb\":{\"@id\":\"https:\\\/\\\/aventuriersdelamer.fr\\\/index.php\\\/rencontres-2023\\\/#breadcrumb\"},\"inLanguage\":\"fr-FR\",\"potentialAction\":[{\"@type\":\"ReadAction\",\"target\":[\"https:\\\/\\\/aventuriersdelamer.fr\\\/index.php\\\/rencontres-2023\\\/\"]}]},{\"@type\":\"ImageObject\",\"inLanguage\":\"fr-FR\",\"@id\":\"https:\\\/\\\/aventuriersdelamer.fr\\\/index.php\\\/rencontres-2023\\\/#primaryimage\",\"url\":\"https:\\\/\\\/aventuriersdelamer.fr\\\/wp-content\\\/uploads\\\/2023\\\/09\\\/TRUELOVE-WEEXPLORE-LONGITUDE181-FS-20230406g_cre\u0301dit-Longitude-181.jpg\",\"contentUrl\":\"https:\\\/\\\/aventuriersdelamer.fr\\\/wp-content\\\/uploads\\\/2023\\\/09\\\/TRUELOVE-WEEXPLORE-LONGITUDE181-FS-20230406g_cre\u0301dit-Longitude-181.jpg\",\"width\":1600,\"height\":944},{\"@type\":\"BreadcrumbList\",\"@id\":\"https:\\\/\\\/aventuriersdelamer.fr\\\/index.php\\\/rencontres-2023\\\/#breadcrumb\",\"itemListElement\":[{\"@type\":\"ListItem\",\"position\":1,\"name\":\"Accueil\",\"item\":\"https:\\\/\\\/aventuriersdelamer.fr\\\/\"},{\"@type\":\"ListItem\",\"position\":2,\"name\":\"Rencontres 2023\"}]},{\"@type\":\"WebSite\",\"@id\":\"https:\\\/\\\/aventuriersdelamer.fr\\\/#website\",\"url\":\"https:\\\/\\\/aventuriersdelamer.fr\\\/\",\"name\":\"Festival Les Aventuriers de la Mer\",\"description\":\"Explorer, innover et enchanter le monde\",\"publisher\":{\"@id\":\"https:\\\/\\\/aventuriersdelamer.fr\\\/#organization\"},\"potentialAction\":[{\"@type\":\"SearchAction\",\"target\":{\"@type\":\"EntryPoint\",\"urlTemplate\":\"https:\\\/\\\/aventuriersdelamer.fr\\\/?s={search_term_string}\"},\"query-input\":{\"@type\":\"PropertyValueSpecification\",\"valueRequired\":true,\"valueName\":\"search_term_string\"}}],\"inLanguage\":\"fr-FR\"},{\"@type\":\"Organization\",\"@id\":\"https:\\\/\\\/aventuriersdelamer.fr\\\/#organization\",\"name\":\"Le Bruit du Vent\",\"url\":\"https:\\\/\\\/aventuriersdelamer.fr\\\/\",\"logo\":{\"@type\":\"ImageObject\",\"inLanguage\":\"fr-FR\",\"@id\":\"https:\\\/\\\/aventuriersdelamer.fr\\\/#\\\/schema\\\/logo\\\/image\\\/\",\"url\":\"https:\\\/\\\/aventuriersdelamer.fr\\\/wp-content\\\/uploads\\\/2016\\\/01\\\/4ECA575F-1CCB-41C9-AAC8-93902736151E.jpeg\",\"contentUrl\":\"https:\\\/\\\/aventuriersdelamer.fr\\\/wp-content\\\/uploads\\\/2016\\\/01\\\/4ECA575F-1CCB-41C9-AAC8-93902736151E.jpeg\",\"width\":222,\"height\":198,\"caption\":\"Le Bruit du Vent\"},\"image\":{\"@id\":\"https:\\\/\\\/aventuriersdelamer.fr\\\/#\\\/schema\\\/logo\\\/image\\\/\"},\"sameAs\":[\"https:\\\/\\\/www.facebook.com\\\/aventuriersdelamer\\\/\"]}]}<\/script>\n<!-- \/ Yoast SEO plugin. -->","yoast_head_json":{"title":"Rencontres 2023 - Festival Les Aventuriers de la Mer","robots":{"index":"index","follow":"follow","max-snippet":"max-snippet:-1","max-image-preview":"max-image-preview:large","max-video-preview":"max-video-preview:-1"},"canonical":"https:\/\/aventuriersdelamer.fr\/index.php\/rencontres-2023\/","og_locale":"fr_FR","og_type":"article","og_title":"Rencontres 2023 - Festival Les Aventuriers de la Mer","og_description":"Les imaginaires ... Au d&eacute;part des mondes nouveaux, le r&ecirc;ve, l'imaginaire. Comment inventer et partager un r&eacute;cit mobilisateur au service de la protection des oc&eacute;ans ? Les rencontres sont un moment de partages et de r&eacute;flexion, pour s&rsquo;&eacute;veiller, s&rsquo;informer et&nbsp;aussi &hellip; Continuer la lecture &rarr;","og_url":"https:\/\/aventuriersdelamer.fr\/index.php\/rencontres-2023\/","og_site_name":"Festival Les Aventuriers de la Mer","article_publisher":"https:\/\/www.facebook.com\/aventuriersdelamer\/","article_modified_time":"2023-10-14T16:20:29+00:00","og_image":[{"width":1600,"height":944,"url":"https:\/\/aventuriersdelamer.fr\/wp-content\/uploads\/2023\/09\/TRUELOVE-WEEXPLORE-LONGITUDE181-FS-20230406g_cre\u0301dit-Longitude-181.jpg","type":"image\/jpeg"}],"twitter_card":"summary_large_image","twitter_misc":{"Dur\u00e9e de lecture estim\u00e9e":"6 minutes"},"schema":{"@context":"https:\/\/schema.org","@graph":[{"@type":"WebPage","@id":"https:\/\/aventuriersdelamer.fr\/index.php\/rencontres-2023\/","url":"https:\/\/aventuriersdelamer.fr\/index.php\/rencontres-2023\/","name":"Rencontres 2023 - Festival Les Aventuriers de la Mer","isPartOf":{"@id":"https:\/\/aventuriersdelamer.fr\/#website"},"primaryImageOfPage":{"@id":"https:\/\/aventuriersdelamer.fr\/index.php\/rencontres-2023\/#primaryimage"},"image":{"@id":"https:\/\/aventuriersdelamer.fr\/index.php\/rencontres-2023\/#primaryimage"},"thumbnailUrl":"https:\/\/aventuriersdelamer.fr\/wp-content\/uploads\/2023\/09\/TRUELOVE-WEEXPLORE-LONGITUDE181-FS-20230406g_cre\u0301dit-Longitude-181.jpg","datePublished":"2023-09-13T12:54:04+00:00","dateModified":"2023-10-14T16:20:29+00:00","breadcrumb":{"@id":"https:\/\/aventuriersdelamer.fr\/index.php\/rencontres-2023\/#breadcrumb"},"inLanguage":"fr-FR","potentialAction":[{"@type":"ReadAction","target":["https:\/\/aventuriersdelamer.fr\/index.php\/rencontres-2023\/"]}]},{"@type":"ImageObject","inLanguage":"fr-FR","@id":"https:\/\/aventuriersdelamer.fr\/index.php\/rencontres-2023\/#primaryimage","url":"https:\/\/aventuriersdelamer.fr\/wp-content\/uploads\/2023\/09\/TRUELOVE-WEEXPLORE-LONGITUDE181-FS-20230406g_cre\u0301dit-Longitude-181.jpg","contentUrl":"https:\/\/aventuriersdelamer.fr\/wp-content\/uploads\/2023\/09\/TRUELOVE-WEEXPLORE-LONGITUDE181-FS-20230406g_cre\u0301dit-Longitude-181.jpg","width":1600,"height":944},{"@type":"BreadcrumbList","@id":"https:\/\/aventuriersdelamer.fr\/index.php\/rencontres-2023\/#breadcrumb","itemListElement":[{"@type":"ListItem","position":1,"name":"Accueil","item":"https:\/\/aventuriersdelamer.fr\/"},{"@type":"ListItem","position":2,"name":"Rencontres 2023"}]},{"@type":"WebSite","@id":"https:\/\/aventuriersdelamer.fr\/#website","url":"https:\/\/aventuriersdelamer.fr\/","name":"Festival Les Aventuriers de la Mer","description":"Explorer, innover et enchanter le monde","publisher":{"@id":"https:\/\/aventuriersdelamer.fr\/#organization"},"potentialAction":[{"@type":"SearchAction","target":{"@type":"EntryPoint","urlTemplate":"https:\/\/aventuriersdelamer.fr\/?s={search_term_string}"},"query-input":{"@type":"PropertyValueSpecification","valueRequired":true,"valueName":"search_term_string"}}],"inLanguage":"fr-FR"},{"@type":"Organization","@id":"https:\/\/aventuriersdelamer.fr\/#organization","name":"Le Bruit du Vent","url":"https:\/\/aventuriersdelamer.fr\/","logo":{"@type":"ImageObject","inLanguage":"fr-FR","@id":"https:\/\/aventuriersdelamer.fr\/#\/schema\/logo\/image\/","url":"https:\/\/aventuriersdelamer.fr\/wp-content\/uploads\/2016\/01\/4ECA575F-1CCB-41C9-AAC8-93902736151E.jpeg","contentUrl":"https:\/\/aventuriersdelamer.fr\/wp-content\/uploads\/2016\/01\/4ECA575F-1CCB-41C9-AAC8-93902736151E.jpeg","width":222,"height":198,"caption":"Le Bruit du Vent"},"image":{"@id":"https:\/\/aventuriersdelamer.fr\/#\/schema\/logo\/image\/"},"sameAs":["https:\/\/www.facebook.com\/aventuriersdelamer\/"]}]}},"_links":{"self":[{"href":"https:\/\/aventuriersdelamer.fr\/index.php\/wp-json\/wp\/v2\/pages\/6307","targetHints":{"allow":["GET"]}}],"collection":[{"href":"https:\/\/aventuriersdelamer.fr\/index.php\/wp-json\/wp\/v2\/pages"}],"about":[{"href":"https:\/\/aventuriersdelamer.fr\/index.php\/wp-json\/wp\/v2\/types\/page"}],"author":[{"embeddable":true,"href":"https:\/\/aventuriersdelamer.fr\/index.php\/wp-json\/wp\/v2\/users\/1"}],"replies":[{"embeddable":true,"href":"https:\/\/aventuriersdelamer.fr\/index.php\/wp-json\/wp\/v2\/comments?post=6307"}],"version-history":[{"count":64,"href":"https:\/\/aventuriersdelamer.fr\/index.php\/wp-json\/wp\/v2\/pages\/6307\/revisions"}],"predecessor-version":[{"id":7257,"href":"https:\/\/aventuriersdelamer.fr\/index.php\/wp-json\/wp\/v2\/pages\/6307\/revisions\/7257"}],"wp:featuredmedia":[{"embeddable":true,"href":"https:\/\/aventuriersdelamer.fr\/index.php\/wp-json\/wp\/v2\/media\/6353"}],"wp:attachment":[{"href":"https:\/\/aventuriersdelamer.fr\/index.php\/wp-json\/wp\/v2\/media?parent=6307"}],"curies":[{"name":"wp","href":"https:\/\/api.w.org\/{rel}","templated":true}]}}