{"id":5481,"date":"2022-09-21T14:48:29","date_gmt":"2022-09-21T13:48:29","guid":{"rendered":"http:\/\/aventuriersdelamer.fr\/?page_id=5481"},"modified":"2023-10-02T17:06:53","modified_gmt":"2023-10-02T16:06:53","slug":"forum-des-initiatives-maritimes-22","status":"publish","type":"page","link":"https:\/\/aventuriersdelamer.fr\/index.php\/forum-des-initiatives-maritimes-22\/","title":{"rendered":"Forum des Initiatives Maritimes"},"content":{"rendered":"<div id=\"pl-5481\"  class=\"panel-layout\" ><div id=\"pg-5481-0\"  class=\"panel-grid panel-no-style\" ><div id=\"pgc-5481-0-0\"  class=\"panel-grid-cell\" ><div id=\"panel-5481-0-0-0\" class=\"so-panel widget widget_sow-editor panel-first-child\" data-index=\"0\" ><div\n\t\t\t\n\t\t\tclass=\"so-widget-sow-editor so-widget-sow-editor-base\"\n\t\t\t\n\t\t>\n<div class=\"siteorigin-widget-tinymce textwidget\">\n\t<p><strong>Comment r\u00e9aliser une bonne id\u00e9e ? Comment passer de l'\u00e9tincelle \u00e0 la concr\u00e9tisation ?<\/strong><\/p>\n<p>Moment convivial de rencontres, le Forum des Initiatives maritimes propose de rencontrer des professionnels de la mer, acteurs de l'accompagnement de projets. Pour vos pr\u00e9senter a Prix des initiatives maritimes l'ann\u00e9e prochaine, trouver de nouvelles sources de financement, mieux pr\u00e9senter votre projet ... nos sept partenaires sont \u00e0 votre \u00e9coute le temps d'une apr\u00e8s-midi !<\/p>\n<p>Seront pr\u00e9sents :<\/p>\n<blockquote>\n<p><span style=\"color: #000080;\"><strong>\u00a0<span style=\"color: #333333;\">R\u00e9gion Bretagne - Direction de la mer <\/span><\/strong><\/span><br \/>\n<span style=\"color: #333333;\"><strong>Fondation de la Mer<\/strong><\/span><br \/>\n<span style=\"color: #333333;\"><strong>Mer Invest &amp; Cr\u00e9dit maritime - Banque Populaire Grand Ouest<\/strong><\/span><br \/>\n<span style=\"color: #333333;\"><strong>Audelor &amp; le P\u00f4le Mer Bretagne Atlantique<\/strong><\/span><br \/>\n<span style=\"color: #333333;\"><strong>La revue Le Chasse-Mar\u00e9e<\/strong><\/span><br \/>\n<span style=\"color: #333333;\"><strong>L'Universit\u00e9 Bretagne Sud<\/strong><\/span><br \/>\n<span style=\"color: #333333;\"><strong>Explore<\/strong><\/span><\/p>\n<\/blockquote>\n<p style=\"text-align: center;\">\n<\/div>\n<\/div><\/div><div id=\"panel-5481-0-0-1\" class=\"so-panel widget widget_sow-image\" data-index=\"1\" ><div\n\t\t\t\n\t\t\tclass=\"so-widget-sow-image so-widget-sow-image-default-8b5b6f678277-5481\"\n\t\t\t\n\t\t>\n<div class=\"sow-image-container\">\n\t\t<img \n\tsrc=\"https:\/\/aventuriersdelamer.fr\/wp-content\/uploads\/2023\/10\/bandeau-jury-tout-2.jpg\" width=\"709\" height=\"591\" srcset=\"https:\/\/aventuriersdelamer.fr\/wp-content\/uploads\/2023\/10\/bandeau-jury-tout-2.jpg 709w, https:\/\/aventuriersdelamer.fr\/wp-content\/uploads\/2023\/10\/bandeau-jury-tout-2-300x250.jpg 300w, https:\/\/aventuriersdelamer.fr\/wp-content\/uploads\/2023\/10\/bandeau-jury-tout-2-600x500.jpg 600w, https:\/\/aventuriersdelamer.fr\/wp-content\/uploads\/2023\/10\/bandeau-jury-tout-2-360x300.jpg 360w\" sizes=\"(max-width: 709px) 100vw, 709px\" title=\"jury 1\" alt=\"\" \t\tclass=\"so-widget-image\"\/>\n\t<\/div>\n\n<\/div><\/div><div id=\"panel-5481-0-0-2\" class=\"so-panel widget widget_sow-editor\" data-index=\"2\" ><div\n\t\t\t\n\t\t\tclass=\"so-widget-sow-editor so-widget-sow-editor-base\"\n\t\t\t\n\t\t>\n<div class=\"siteorigin-widget-tinymce textwidget\">\n\t<blockquote>\n<p>&nbsp;<\/p>\n<\/blockquote>\n<hr \/>\n<p style=\"text-align: center;\"><strong>Ouvert \u00e0 toutes et tous<\/strong><\/p>\n<p style=\"text-align: center;\">Pour mieux vous accueillir, nous vous conseillons de vous inscrire via ce court formulaire en ligne\u00a0 : <strong><span style=\"color: #003366;\"><a style=\"color: #003366;\" href=\"https:\/\/framaforms.org\/forum-des-initiatives-maritimes-1600415996\">Forum Initiatives maritimes 2023<\/a><\/span><br \/>\n<\/strong><\/p>\n<p style=\"text-align: center;\"><strong>Vendredi 13 octobre, de 14h30 \u00e0 17h \u00e0 la Cit\u00e9 de la Voile Eric Tabarly, Lorient<\/strong><\/p>\n<\/div>\n<\/div><\/div><div id=\"panel-5481-0-0-3\" class=\"so-panel widget widget_sow-image panel-last-child\" data-index=\"3\" ><div\n\t\t\t\n\t\t\tclass=\"so-widget-sow-image so-widget-sow-image-default-8b5b6f678277-5481\"\n\t\t\t\n\t\t>\n<div class=\"sow-image-container\">\n\t\t<img \n\tsrc=\"https:\/\/aventuriersdelamer.fr\/wp-content\/uploads\/2023\/10\/2023-Forum-Initiatives-maritimes.V3.jpg\" width=\"886\" height=\"591\" srcset=\"https:\/\/aventuriersdelamer.fr\/wp-content\/uploads\/2023\/10\/2023-Forum-Initiatives-maritimes.V3.jpg 886w, https:\/\/aventuriersdelamer.fr\/wp-content\/uploads\/2023\/10\/2023-Forum-Initiatives-maritimes.V3-300x200.jpg 300w, https:\/\/aventuriersdelamer.fr\/wp-content\/uploads\/2023\/10\/2023-Forum-Initiatives-maritimes.V3-768x512.jpg 768w, https:\/\/aventuriersdelamer.fr\/wp-content\/uploads\/2023\/10\/2023-Forum-Initiatives-maritimes.V3-600x400.jpg 600w, https:\/\/aventuriersdelamer.fr\/wp-content\/uploads\/2023\/10\/2023-Forum-Initiatives-maritimes.V3-450x300.jpg 450w, https:\/\/aventuriersdelamer.fr\/wp-content\/uploads\/2023\/10\/2023-Forum-Initiatives-maritimes.V3-272x182.jpg 272w\" sizes=\"(max-width: 886px) 100vw, 886px\" title=\"2023-Forum Initiatives maritimes.V3\" alt=\"\" \t\tclass=\"so-widget-image\"\/>\n\t<\/div>\n\n<\/div><\/div><\/div><\/div><\/div>","protected":false},"excerpt":{"rendered":"<p>Comment r&eacute;aliser une bonne id&eacute;e ? Comment passer de l&rsquo;&eacute;tincelle &agrave; la concr&eacute;tisation ? Moment convivial de rencontres, le Forum des Initiatives maritimes propose de rencontrer des professionnels de la mer, acteurs de l&rsquo;accompagnement de projets. Pour vos pr&eacute;senter a &hellip; <a href=\"https:\/\/aventuriersdelamer.fr\/index.php\/forum-des-initiatives-maritimes-22\/\">Continuer la lecture <span class=\"meta-nav\">&rarr;<\/span><\/a><\/p>\n","protected":false},"author":1,"featured_media":0,"parent":0,"menu_order":0,"comment_status":"closed","ping_status":"closed","template":"","meta":{"footnotes":""},"class_list":["post-5481","page","type-page","status-publish","hentry"],"yoast_head":"<!-- This site is optimized with the Yoast SEO plugin v27.3 - https:\/\/yoast.com\/product\/yoast-seo-wordpress\/ -->\n<title>Forum des Initiatives Maritimes - Festival Les Aventuriers de la Mer<\/title>\n<meta name=\"robots\" content=\"index, follow, max-snippet:-1, max-image-preview:large, max-video-preview:-1\" \/>\n<link rel=\"canonical\" href=\"https:\/\/aventuriersdelamer.fr\/index.php\/forum-des-initiatives-maritimes-22\/\" \/>\n<meta property=\"og:locale\" content=\"fr_FR\" \/>\n<meta property=\"og:type\" content=\"article\" \/>\n<meta property=\"og:title\" content=\"Forum des Initiatives Maritimes - Festival Les Aventuriers de la Mer\" \/>\n<meta property=\"og:description\" content=\"Comment r&eacute;aliser une bonne id&eacute;e ? Comment passer de l&#039;&eacute;tincelle &agrave; la concr&eacute;tisation ? Moment convivial de rencontres, le Forum des Initiatives maritimes propose de rencontrer des professionnels de la mer, acteurs de l&#039;accompagnement de projets. Pour vos pr&eacute;senter a &hellip; Continuer la lecture &rarr;\" \/>\n<meta property=\"og:url\" content=\"https:\/\/aventuriersdelamer.fr\/index.php\/forum-des-initiatives-maritimes-22\/\" \/>\n<meta property=\"og:site_name\" content=\"Festival Les Aventuriers de la Mer\" \/>\n<meta property=\"article:publisher\" content=\"https:\/\/www.facebook.com\/aventuriersdelamer\/\" \/>\n<meta property=\"article:modified_time\" content=\"2023-10-02T16:06:53+00:00\" \/>\n<meta name=\"twitter:card\" content=\"summary_large_image\" \/>\n<meta name=\"twitter:label1\" content=\"Dur\u00e9e de lecture estim\u00e9e\" \/>\n\t<meta name=\"twitter:data1\" content=\"1 minute\" \/>\n<script type=\"application\/ld+json\" class=\"yoast-schema-graph\">{\"@context\":\"https:\\\/\\\/schema.org\",\"@graph\":[{\"@type\":\"WebPage\",\"@id\":\"https:\\\/\\\/aventuriersdelamer.fr\\\/index.php\\\/forum-des-initiatives-maritimes-22\\\/\",\"url\":\"https:\\\/\\\/aventuriersdelamer.fr\\\/index.php\\\/forum-des-initiatives-maritimes-22\\\/\",\"name\":\"Forum des Initiatives Maritimes - Festival Les Aventuriers de la Mer\",\"isPartOf\":{\"@id\":\"https:\\\/\\\/aventuriersdelamer.fr\\\/#website\"},\"datePublished\":\"2022-09-21T13:48:29+00:00\",\"dateModified\":\"2023-10-02T16:06:53+00:00\",\"breadcrumb\":{\"@id\":\"https:\\\/\\\/aventuriersdelamer.fr\\\/index.php\\\/forum-des-initiatives-maritimes-22\\\/#breadcrumb\"},\"inLanguage\":\"fr-FR\",\"potentialAction\":[{\"@type\":\"ReadAction\",\"target\":[\"https:\\\/\\\/aventuriersdelamer.fr\\\/index.php\\\/forum-des-initiatives-maritimes-22\\\/\"]}]},{\"@type\":\"BreadcrumbList\",\"@id\":\"https:\\\/\\\/aventuriersdelamer.fr\\\/index.php\\\/forum-des-initiatives-maritimes-22\\\/#breadcrumb\",\"itemListElement\":[{\"@type\":\"ListItem\",\"position\":1,\"name\":\"Accueil\",\"item\":\"https:\\\/\\\/aventuriersdelamer.fr\\\/\"},{\"@type\":\"ListItem\",\"position\":2,\"name\":\"Forum des Initiatives Maritimes\"}]},{\"@type\":\"WebSite\",\"@id\":\"https:\\\/\\\/aventuriersdelamer.fr\\\/#website\",\"url\":\"https:\\\/\\\/aventuriersdelamer.fr\\\/\",\"name\":\"Festival Les Aventuriers de la Mer\",\"description\":\"Explorer, innover et enchanter le monde\",\"publisher\":{\"@id\":\"https:\\\/\\\/aventuriersdelamer.fr\\\/#organization\"},\"potentialAction\":[{\"@type\":\"SearchAction\",\"target\":{\"@type\":\"EntryPoint\",\"urlTemplate\":\"https:\\\/\\\/aventuriersdelamer.fr\\\/?s={search_term_string}\"},\"query-input\":{\"@type\":\"PropertyValueSpecification\",\"valueRequired\":true,\"valueName\":\"search_term_string\"}}],\"inLanguage\":\"fr-FR\"},{\"@type\":\"Organization\",\"@id\":\"https:\\\/\\\/aventuriersdelamer.fr\\\/#organization\",\"name\":\"Le Bruit du Vent\",\"url\":\"https:\\\/\\\/aventuriersdelamer.fr\\\/\",\"logo\":{\"@type\":\"ImageObject\",\"inLanguage\":\"fr-FR\",\"@id\":\"https:\\\/\\\/aventuriersdelamer.fr\\\/#\\\/schema\\\/logo\\\/image\\\/\",\"url\":\"https:\\\/\\\/aventuriersdelamer.fr\\\/wp-content\\\/uploads\\\/2016\\\/01\\\/4ECA575F-1CCB-41C9-AAC8-93902736151E.jpeg\",\"contentUrl\":\"https:\\\/\\\/aventuriersdelamer.fr\\\/wp-content\\\/uploads\\\/2016\\\/01\\\/4ECA575F-1CCB-41C9-AAC8-93902736151E.jpeg\",\"width\":222,\"height\":198,\"caption\":\"Le Bruit du Vent\"},\"image\":{\"@id\":\"https:\\\/\\\/aventuriersdelamer.fr\\\/#\\\/schema\\\/logo\\\/image\\\/\"},\"sameAs\":[\"https:\\\/\\\/www.facebook.com\\\/aventuriersdelamer\\\/\"]}]}<\/script>\n<!-- \/ Yoast SEO plugin. -->","yoast_head_json":{"title":"Forum des Initiatives Maritimes - Festival Les Aventuriers de la Mer","robots":{"index":"index","follow":"follow","max-snippet":"max-snippet:-1","max-image-preview":"max-image-preview:large","max-video-preview":"max-video-preview:-1"},"canonical":"https:\/\/aventuriersdelamer.fr\/index.php\/forum-des-initiatives-maritimes-22\/","og_locale":"fr_FR","og_type":"article","og_title":"Forum des Initiatives Maritimes - Festival Les Aventuriers de la Mer","og_description":"Comment r&eacute;aliser une bonne id&eacute;e ? Comment passer de l'&eacute;tincelle &agrave; la concr&eacute;tisation ? Moment convivial de rencontres, le Forum des Initiatives maritimes propose de rencontrer des professionnels de la mer, acteurs de l'accompagnement de projets. Pour vos pr&eacute;senter a &hellip; Continuer la lecture &rarr;","og_url":"https:\/\/aventuriersdelamer.fr\/index.php\/forum-des-initiatives-maritimes-22\/","og_site_name":"Festival Les Aventuriers de la Mer","article_publisher":"https:\/\/www.facebook.com\/aventuriersdelamer\/","article_modified_time":"2023-10-02T16:06:53+00:00","twitter_card":"summary_large_image","twitter_misc":{"Dur\u00e9e de lecture estim\u00e9e":"1 minute"},"schema":{"@context":"https:\/\/schema.org","@graph":[{"@type":"WebPage","@id":"https:\/\/aventuriersdelamer.fr\/index.php\/forum-des-initiatives-maritimes-22\/","url":"https:\/\/aventuriersdelamer.fr\/index.php\/forum-des-initiatives-maritimes-22\/","name":"Forum des Initiatives Maritimes - Festival Les Aventuriers de la Mer","isPartOf":{"@id":"https:\/\/aventuriersdelamer.fr\/#website"},"datePublished":"2022-09-21T13:48:29+00:00","dateModified":"2023-10-02T16:06:53+00:00","breadcrumb":{"@id":"https:\/\/aventuriersdelamer.fr\/index.php\/forum-des-initiatives-maritimes-22\/#breadcrumb"},"inLanguage":"fr-FR","potentialAction":[{"@type":"ReadAction","target":["https:\/\/aventuriersdelamer.fr\/index.php\/forum-des-initiatives-maritimes-22\/"]}]},{"@type":"BreadcrumbList","@id":"https:\/\/aventuriersdelamer.fr\/index.php\/forum-des-initiatives-maritimes-22\/#breadcrumb","itemListElement":[{"@type":"ListItem","position":1,"name":"Accueil","item":"https:\/\/aventuriersdelamer.fr\/"},{"@type":"ListItem","position":2,"name":"Forum des Initiatives Maritimes"}]},{"@type":"WebSite","@id":"https:\/\/aventuriersdelamer.fr\/#website","url":"https:\/\/aventuriersdelamer.fr\/","name":"Festival Les Aventuriers de la Mer","description":"Explorer, innover et enchanter le monde","publisher":{"@id":"https:\/\/aventuriersdelamer.fr\/#organization"},"potentialAction":[{"@type":"SearchAction","target":{"@type":"EntryPoint","urlTemplate":"https:\/\/aventuriersdelamer.fr\/?s={search_term_string}"},"query-input":{"@type":"PropertyValueSpecification","valueRequired":true,"valueName":"search_term_string"}}],"inLanguage":"fr-FR"},{"@type":"Organization","@id":"https:\/\/aventuriersdelamer.fr\/#organization","name":"Le Bruit du Vent","url":"https:\/\/aventuriersdelamer.fr\/","logo":{"@type":"ImageObject","inLanguage":"fr-FR","@id":"https:\/\/aventuriersdelamer.fr\/#\/schema\/logo\/image\/","url":"https:\/\/aventuriersdelamer.fr\/wp-content\/uploads\/2016\/01\/4ECA575F-1CCB-41C9-AAC8-93902736151E.jpeg","contentUrl":"https:\/\/aventuriersdelamer.fr\/wp-content\/uploads\/2016\/01\/4ECA575F-1CCB-41C9-AAC8-93902736151E.jpeg","width":222,"height":198,"caption":"Le Bruit du Vent"},"image":{"@id":"https:\/\/aventuriersdelamer.fr\/#\/schema\/logo\/image\/"},"sameAs":["https:\/\/www.facebook.com\/aventuriersdelamer\/"]}]}},"_links":{"self":[{"href":"https:\/\/aventuriersdelamer.fr\/index.php\/wp-json\/wp\/v2\/pages\/5481","targetHints":{"allow":["GET"]}}],"collection":[{"href":"https:\/\/aventuriersdelamer.fr\/index.php\/wp-json\/wp\/v2\/pages"}],"about":[{"href":"https:\/\/aventuriersdelamer.fr\/index.php\/wp-json\/wp\/v2\/types\/page"}],"author":[{"embeddable":true,"href":"https:\/\/aventuriersdelamer.fr\/index.php\/wp-json\/wp\/v2\/users\/1"}],"replies":[{"embeddable":true,"href":"https:\/\/aventuriersdelamer.fr\/index.php\/wp-json\/wp\/v2\/comments?post=5481"}],"version-history":[{"count":24,"href":"https:\/\/aventuriersdelamer.fr\/index.php\/wp-json\/wp\/v2\/pages\/5481\/revisions"}],"predecessor-version":[{"id":7131,"href":"https:\/\/aventuriersdelamer.fr\/index.php\/wp-json\/wp\/v2\/pages\/5481\/revisions\/7131"}],"wp:attachment":[{"href":"https:\/\/aventuriersdelamer.fr\/index.php\/wp-json\/wp\/v2\/media?parent=5481"}],"curies":[{"name":"wp","href":"https:\/\/api.w.org\/{rel}","templated":true}]}}