{"id":3295,"date":"2021-04-16T17:10:09","date_gmt":"2021-04-16T16:10:09","guid":{"rendered":"http:\/\/aventuriersdelamer.fr\/?page_id=3295"},"modified":"2021-04-28T17:11:56","modified_gmt":"2021-04-28T16:11:56","slug":"laureats-2016-2018","status":"publish","type":"page","link":"https:\/\/aventuriersdelamer.fr\/index.php\/laureats-2016-2018\/","title":{"rendered":"Laur\u00e9ats 2016-2018"},"content":{"rendered":"<div id=\"pl-3295\"  class=\"panel-layout\" ><div id=\"pg-3295-0\"  class=\"panel-grid panel-no-style\" ><div id=\"pgc-3295-0-0\"  class=\"panel-grid-cell\" ><div id=\"panel-3295-0-0-0\" class=\"so-panel widget widget_sow-headline panel-first-child panel-last-child\" data-index=\"0\" ><div\n\t\t\t\n\t\t\tclass=\"so-widget-sow-headline so-widget-sow-headline-default-ea0af4cf39ae-3295\"\n\t\t\t\n\t\t><div class=\"sow-headline-container \">\n\t\t\t\t\t\t\t<h1 class=\"sow-headline\">\n\t\t\t\t\t\t\t\t\t\t\t\t\t<a href=\"http:\/\/www.lordsoftheocean.org\/\" target=\"_blank\" rel=\"noopener noreferrer\">\n\t\t\t\t\t\t\t\tPrix de l'Initiative maritime - Fondation de la mer 2018<\/a>\t\t\t\t\t\t<\/h1>\n\t\t\t\t\t\t\t\t\t\t\t<div class=\"decoration\">\n\t\t\t\t\t\t<div class=\"decoration-inside\"><\/div>\n\t\t\t\t\t<\/div>\n\t\t\t\t\t<\/div>\n<\/div><\/div><\/div><\/div><div id=\"pg-3295-1\"  class=\"panel-grid panel-no-style\" ><div id=\"pgc-3295-1-0\"  class=\"panel-grid-cell\" ><div id=\"panel-3295-1-0-0\" class=\"so-panel widget widget_sow-image panel-first-child\" data-index=\"1\" ><div\n\t\t\t\n\t\t\tclass=\"so-widget-sow-image so-widget-sow-image-default-8b5b6f678277-3295\"\n\t\t\t\n\t\t>\n<div class=\"sow-image-container\">\n\t\t<img \n\tsrc=\"https:\/\/aventuriersdelamer.fr\/wp-content\/uploads\/2021\/04\/Bahamas91.jpg\" width=\"1920\" height=\"1080\" srcset=\"https:\/\/aventuriersdelamer.fr\/wp-content\/uploads\/2021\/04\/Bahamas91.jpg 1920w, https:\/\/aventuriersdelamer.fr\/wp-content\/uploads\/2021\/04\/Bahamas91-300x169.jpg 300w, https:\/\/aventuriersdelamer.fr\/wp-content\/uploads\/2021\/04\/Bahamas91-1024x576.jpg 1024w, https:\/\/aventuriersdelamer.fr\/wp-content\/uploads\/2021\/04\/Bahamas91-768x432.jpg 768w, https:\/\/aventuriersdelamer.fr\/wp-content\/uploads\/2021\/04\/Bahamas91-600x338.jpg 600w, https:\/\/aventuriersdelamer.fr\/wp-content\/uploads\/2021\/04\/Bahamas91-1536x864.jpg 1536w, https:\/\/aventuriersdelamer.fr\/wp-content\/uploads\/2021\/04\/Bahamas91-500x281.jpg 500w\" sizes=\"(max-width: 1920px) 100vw, 1920px\" title=\"Bahamas9(1)\" alt=\"Lords of the ocean\" \t\tclass=\"so-widget-image\"\/>\n\t<\/div>\n\n<\/div><\/div><div id=\"panel-3295-1-0-1\" class=\"so-panel widget widget_sow-editor\" data-index=\"2\" ><div\n\t\t\t\n\t\t\tclass=\"so-widget-sow-editor so-widget-sow-editor-base\"\n\t\t\t\n\t\t>\n<div class=\"siteorigin-widget-tinymce textwidget\">\n\t<p style=\"text-align: center;\"><strong>Lords of the ocean<\/strong><\/p>\n<p style=\"text-align: left;\">Quatre amis ont entrepris de r\u00e9aliser leur r\u00eave : partir de Brest \u00e0 la rencontre des 5 grands requins r\u00e9put\u00e9s les plus dangereux pour r\u00e9aliser une web s\u00e9rie et un documentaire.<br \/>\nLeurs objectifs : combattre les pr\u00e9jug\u00e9s et \u0153uvrer \u00e0 leur pr\u00e9servation<\/p>\n<p style=\"text-align: left;\">Pour suivre leurs aventures : <a href=\"http:\/\/www.lordsoftheocean.org\/\">http:\/\/www.lordsoftheocean.org\/<\/a><\/p>\n<\/div>\n<\/div><\/div><div id=\"panel-3295-1-0-2\" class=\"so-panel widget widget_sow-image\" data-index=\"3\" ><div\n\t\t\t\n\t\t\tclass=\"so-widget-sow-image so-widget-sow-image-default-8b5b6f678277-3295\"\n\t\t\t\n\t\t>\n<div class=\"sow-image-container\">\n\t\t<img \n\tsrc=\"https:\/\/aventuriersdelamer.fr\/wp-content\/uploads\/2021\/04\/ansel.jpg\" width=\"1260\" height=\"712\" srcset=\"https:\/\/aventuriersdelamer.fr\/wp-content\/uploads\/2021\/04\/ansel.jpg 1260w, https:\/\/aventuriersdelamer.fr\/wp-content\/uploads\/2021\/04\/ansel-300x170.jpg 300w, https:\/\/aventuriersdelamer.fr\/wp-content\/uploads\/2021\/04\/ansel-1024x579.jpg 1024w, https:\/\/aventuriersdelamer.fr\/wp-content\/uploads\/2021\/04\/ansel-768x434.jpg 768w, https:\/\/aventuriersdelamer.fr\/wp-content\/uploads\/2021\/04\/ansel-600x339.jpg 600w, https:\/\/aventuriersdelamer.fr\/wp-content\/uploads\/2021\/04\/ansel-500x283.jpg 500w\" sizes=\"(max-width: 1260px) 100vw, 1260px\" title=\"Association de nettoyage des plages ANSEL\" alt=\"Ansel\" \t\tclass=\"so-widget-image\"\/>\n\t<\/div>\n\n<\/div><\/div><div id=\"panel-3295-1-0-3\" class=\"so-panel widget widget_sow-editor\" data-index=\"4\" ><div\n\t\t\t\n\t\t\tclass=\"so-widget-sow-editor so-widget-sow-editor-base\"\n\t\t\t\n\t\t>\n<div class=\"siteorigin-widget-tinymce textwidget\">\n\t<p style=\"text-align: center;\"><strong><span class=\"_5mfr\"><span class=\"_6qdm\">\u2693\ufe0f<\/span><\/span> Coup de c\u0153ur de la Fondation de la Mer <span class=\"_5mfr\"><span class=\"_6qdm\">\u2693\ufe0f<\/span><\/span><\/strong><\/p>\n<p style=\"text-align: center;\"><strong>Ocean Plastic Tracker\u00a0<\/strong><br \/>\n<strong>\u00a0de l'association A.N.S.E.L( Association de Nettoyage au Service de l'Environnement et du Littoral) <span class=\"_5mfr\"><span class=\"_6qdm\">\u2693\ufe0f<\/span><\/span><\/strong><\/p>\n<p><strong>Ocean Plastic Tracker<\/strong> est une application web pense\u0301e par ANSEL et cre\u0301\u00e9e en 2016 en partenariat avec la fondation Explore \u00e0 Concarneau.<\/p>\n<p><strong>Le lien<\/strong> : <a href=\"https:\/\/oceanplastictracker.com\/#\/\">https:\/\/oceanplastictracker.com<\/a><\/p>\n<p>C\u2019est un outil participatif ouvert \u00e0 tous qui permet de ge\u0301olocaliser certains de\u0301chets marins provenant de conteneurs perdus en mer ou issus d'autres sources bien spe\u0301cifiques. Tout en fe\u0301de\u0301rant les communaute\u0301s d\u2019observateurs des e\u0301chouages de de\u0301chets, cet outil collaboratif permettra de mieux comprendre la re\u0301partition spatio-temporelle des de\u0301chets se\u0301lectionne\u0301 s et de rendre visible leur impact global.<br \/>\nCette appli web s'adresse donc aux observateurs des e\u0301chouages de de\u0301chets qui<br \/>\nsouhaitent enregistrer leurs trouvailles et ainsi participer au recensement des<br \/>\nde\u0301chets se\u0301lectionne\u0301s.<\/p>\n<p>Toutes les donne\u0301es enregistre\u0301es sur la carte sont visibles sur le site, \u00e0 la disposition de toute personne s'inte\u0301ressant \u00e0 la disse\u0301mination des de\u0301chets dans les milieux marins et aquatiques.<\/p>\n<\/div>\n<\/div><\/div><div id=\"panel-3295-1-0-4\" class=\"so-panel widget widget_sow-headline\" data-index=\"5\" ><div\n\t\t\t\n\t\t\tclass=\"so-widget-sow-headline so-widget-sow-headline-default-ea0af4cf39ae-3295\"\n\t\t\t\n\t\t><div class=\"sow-headline-container \">\n\t\t\t\t\t\t\t<h1 class=\"sow-headline\">\n\t\t\t\t\t\tPrix de l'Initiative maritime - Fondation de la mer 2017\t\t\t\t\t\t<\/h1>\n\t\t\t\t\t\t\t\t\t\t\t<div class=\"decoration\">\n\t\t\t\t\t\t<div class=\"decoration-inside\"><\/div>\n\t\t\t\t\t<\/div>\n\t\t\t\t\t<\/div>\n<\/div><\/div><div id=\"panel-3295-1-0-5\" class=\"so-panel widget widget_sow-image\" data-index=\"6\" ><div\n\t\t\t\n\t\t\tclass=\"so-widget-sow-image so-widget-sow-image-default-8b5b6f678277-3295\"\n\t\t\t\n\t\t>\n<div class=\"sow-image-container\">\n\t\t<img \n\tsrc=\"https:\/\/aventuriersdelamer.fr\/wp-content\/uploads\/2021\/04\/astrolabe-expeditions.png\" width=\"640\" height=\"425\" srcset=\"https:\/\/aventuriersdelamer.fr\/wp-content\/uploads\/2021\/04\/astrolabe-expeditions.png 640w, https:\/\/aventuriersdelamer.fr\/wp-content\/uploads\/2021\/04\/astrolabe-expeditions-300x199.png 300w, https:\/\/aventuriersdelamer.fr\/wp-content\/uploads\/2021\/04\/astrolabe-expeditions-600x398.png 600w, https:\/\/aventuriersdelamer.fr\/wp-content\/uploads\/2021\/04\/astrolabe-expeditions-452x300.png 452w, https:\/\/aventuriersdelamer.fr\/wp-content\/uploads\/2021\/04\/astrolabe-expeditions-272x182.png 272w\" sizes=\"(max-width: 640px) 100vw, 640px\" title=\"astrolabe expeditions\" alt=\"astrolabe exp\u00e9ditions\" \t\tclass=\"so-widget-image\"\/>\n\t<\/div>\n\n<\/div><\/div><div id=\"panel-3295-1-0-6\" class=\"so-panel widget widget_sow-editor\" data-index=\"7\" ><div\n\t\t\t\n\t\t\tclass=\"so-widget-sow-editor so-widget-sow-editor-base\"\n\t\t\t\n\t\t>\n<div class=\"siteorigin-widget-tinymce textwidget\">\n\t<p style=\"text-align: center;\"><strong>Astrolabe exp\u00e9ditions - exp\u00e9ditions scientifiques \u00e0 la voile<\/strong><\/p>\n<p>L\u2019association a pour objectif de rendre accessibles les exp\u00e9ditions scientifiques oc\u00e9aniques.<br \/>\nCes missions de recherche citoyenne, organis\u00e9es \u00e0 bord de voiliers, visent \u00e0 am\u00e9liorer les connaissances et la pr\u00e9servation de l\u2019environnement marin.<br \/>\nEn collaboration avec des institutions scientifiques et des espaces de recherche collaboratifs, tous les citoyens peuvent s\u2019impliquer dans le d\u00e9veloppement de programmes de recherche et participer aux exp\u00e9ditions en mer.<\/p>\n<p>Notre mission est double et consiste \u00e0 \u00a0:<br \/>\n\u2022 \u00a0d\u00e9velopper une flotte internationale de voiliers oc\u00e9anographiques citoyens<br \/>\n\u2022 \u00a0cr\u00e9er et mettre en place des programmes de sciences participatives sur les oc\u00e9ans<br \/>\nCes exp\u00e9ditions, r\u00e9alis\u00e9es sur un mode de transport autonome et en ad\u00e9quation avec l\u2019environnement, sont avant tout une aventure humaine et scientifique responsable.<\/p>\n<p>Plus d'infos : <a href=\"http:\/\/www.astrolabe-expeditions.org\/\">http:\/\/www.astrolabe-expeditions.org\/<\/a><\/p>\n<p>&nbsp;<\/p>\n<p>&nbsp;<\/p>\n<\/div>\n<\/div><\/div><div id=\"panel-3295-1-0-7\" class=\"so-panel widget widget_sow-headline\" data-index=\"8\" ><div\n\t\t\t\n\t\t\tclass=\"so-widget-sow-headline so-widget-sow-headline-default-ea0af4cf39ae-3295\"\n\t\t\t\n\t\t><div class=\"sow-headline-container \">\n\t\t\t\t\t\t\t<h1 class=\"sow-headline\">\n\t\t\t\t\t\tPrix de l'Initiative maritime - Fondation de la mer 2016\t\t\t\t\t\t<\/h1>\n\t\t\t\t\t\t\t\t\t\t\t<div class=\"decoration\">\n\t\t\t\t\t\t<div class=\"decoration-inside\"><\/div>\n\t\t\t\t\t<\/div>\n\t\t\t\t\t<\/div>\n<\/div><\/div><div id=\"panel-3295-1-0-8\" class=\"so-panel widget widget_sow-image\" data-index=\"9\" ><div\n\t\t\t\n\t\t\tclass=\"so-widget-sow-image so-widget-sow-image-default-8b5b6f678277-3295\"\n\t\t\t\n\t\t>\n<div class=\"sow-image-container\">\n\t\t<img \n\tsrc=\"https:\/\/aventuriersdelamer.fr\/wp-content\/uploads\/2021\/04\/plasticOdyssey.jpg\" width=\"1280\" height=\"720\" srcset=\"https:\/\/aventuriersdelamer.fr\/wp-content\/uploads\/2021\/04\/plasticOdyssey.jpg 1280w, https:\/\/aventuriersdelamer.fr\/wp-content\/uploads\/2021\/04\/plasticOdyssey-300x169.jpg 300w, https:\/\/aventuriersdelamer.fr\/wp-content\/uploads\/2021\/04\/plasticOdyssey-1024x576.jpg 1024w, https:\/\/aventuriersdelamer.fr\/wp-content\/uploads\/2021\/04\/plasticOdyssey-768x432.jpg 768w, https:\/\/aventuriersdelamer.fr\/wp-content\/uploads\/2021\/04\/plasticOdyssey-600x338.jpg 600w, https:\/\/aventuriersdelamer.fr\/wp-content\/uploads\/2021\/04\/plasticOdyssey-500x281.jpg 500w\" sizes=\"(max-width: 1280px) 100vw, 1280px\" alt=\"plastic odyssey\" \t\tclass=\"so-widget-image\"\/>\n\t<\/div>\n\n<\/div><\/div><div id=\"panel-3295-1-0-9\" class=\"so-panel widget widget_sow-editor panel-last-child\" data-index=\"10\" ><div\n\t\t\t\n\t\t\tclass=\"so-widget-sow-editor so-widget-sow-editor-base\"\n\t\t\t\n\t\t>\n<div class=\"siteorigin-widget-tinymce textwidget\">\n\t<p><strong>Plastic Odyssey : le tour du monde des solutions pour lutter contre le plastique<\/strong><\/p>\n<p>C'est une exp\u00e9dition sur 3 continents\u2028 pour faire \u00e9merger des initiatives locales partout o\u00f9 il y en a besoin. Plastic Odyssey lance une mission d\u2019exploration dans les zones les plus touch\u00e9es par la pollution plastique. L\u2019objectif ? Trouver des solutions pour lutter contre la pollution plastique et tester de nouveaux mod\u00e8les, \u00e0 petite \u00e9chelle, pour ensuite les r\u00e9pliquer sur d\u2019autres territoires. 3 continents, 30 villes \u2013 et autant de solutions test\u00e9es et partag\u00e9es avec le monde entier.<br \/>\nEt si on inventait un futur sans d\u00e9chets plastiques dans l\u2019Oc\u00e9an ?<\/p>\n<p>Plus d'infos :<a href=\"https:\/\/plasticodyssey.org\/\"> https:\/\/plasticodyssey.org\/<\/a><\/p>\n<\/div>\n<\/div><\/div><\/div><\/div><\/div>","protected":false},"excerpt":{"rendered":"<p>Lords of the ocean Quatre amis ont entrepris de r&eacute;aliser leur r&ecirc;ve : partir de Brest &agrave; la rencontre des 5 grands requins r&eacute;put&eacute;s les plus dangereux pour r&eacute;aliser une web s&eacute;rie et un documentaire. Leurs objectifs : combattre les &hellip; <a href=\"https:\/\/aventuriersdelamer.fr\/index.php\/laureats-2016-2018\/\">Continuer la lecture <span class=\"meta-nav\">&rarr;<\/span><\/a><\/p>\n","protected":false},"author":1,"featured_media":1778,"parent":0,"menu_order":0,"comment_status":"closed","ping_status":"closed","template":"","meta":{"footnotes":""},"class_list":["post-3295","page","type-page","status-publish","has-post-thumbnail","hentry"],"yoast_head":"<!-- This site is optimized with the Yoast SEO plugin v27.3 - https:\/\/yoast.com\/product\/yoast-seo-wordpress\/ -->\n<title>Laur\u00e9ats 2016-2018 - Festival Les Aventuriers de la Mer<\/title>\n<meta name=\"robots\" content=\"index, follow, max-snippet:-1, max-image-preview:large, max-video-preview:-1\" \/>\n<link rel=\"canonical\" href=\"https:\/\/aventuriersdelamer.fr\/index.php\/laureats-2016-2018\/\" \/>\n<meta property=\"og:locale\" content=\"fr_FR\" \/>\n<meta property=\"og:type\" content=\"article\" \/>\n<meta property=\"og:title\" content=\"Laur\u00e9ats 2016-2018 - Festival Les Aventuriers de la Mer\" \/>\n<meta property=\"og:description\" content=\"Lords of the ocean Quatre amis ont entrepris de r&eacute;aliser leur r&ecirc;ve : partir de Brest &agrave; la rencontre des 5 grands requins r&eacute;put&eacute;s les plus dangereux pour r&eacute;aliser une web s&eacute;rie et un documentaire. Leurs objectifs : combattre les &hellip; Continuer la lecture &rarr;\" \/>\n<meta property=\"og:url\" content=\"https:\/\/aventuriersdelamer.fr\/index.php\/laureats-2016-2018\/\" \/>\n<meta property=\"og:site_name\" content=\"Festival Les Aventuriers de la Mer\" \/>\n<meta property=\"article:publisher\" content=\"https:\/\/www.facebook.com\/aventuriersdelamer\/\" \/>\n<meta property=\"article:modified_time\" content=\"2021-04-28T16:11:56+00:00\" \/>\n<meta property=\"og:image\" content=\"https:\/\/aventuriersdelamer.fr\/wp-content\/uploads\/2019\/09\/OK-image-FB-aventuriers-copie-e1567756748940.jpg\" \/>\n\t<meta property=\"og:image:width\" content=\"905\" \/>\n\t<meta property=\"og:image:height\" content=\"450\" \/>\n\t<meta property=\"og:image:type\" content=\"image\/jpeg\" \/>\n<meta name=\"twitter:card\" content=\"summary_large_image\" \/>\n<meta name=\"twitter:label1\" content=\"Dur\u00e9e de lecture estim\u00e9e\" \/>\n\t<meta name=\"twitter:data1\" content=\"3 minutes\" \/>\n<script type=\"application\/ld+json\" class=\"yoast-schema-graph\">{\"@context\":\"https:\\\/\\\/schema.org\",\"@graph\":[{\"@type\":\"WebPage\",\"@id\":\"https:\\\/\\\/aventuriersdelamer.fr\\\/index.php\\\/laureats-2016-2018\\\/\",\"url\":\"https:\\\/\\\/aventuriersdelamer.fr\\\/index.php\\\/laureats-2016-2018\\\/\",\"name\":\"Laur\u00e9ats 2016-2018 - Festival Les Aventuriers de la Mer\",\"isPartOf\":{\"@id\":\"https:\\\/\\\/aventuriersdelamer.fr\\\/#website\"},\"primaryImageOfPage\":{\"@id\":\"https:\\\/\\\/aventuriersdelamer.fr\\\/index.php\\\/laureats-2016-2018\\\/#primaryimage\"},\"image\":{\"@id\":\"https:\\\/\\\/aventuriersdelamer.fr\\\/index.php\\\/laureats-2016-2018\\\/#primaryimage\"},\"thumbnailUrl\":\"https:\\\/\\\/aventuriersdelamer.fr\\\/wp-content\\\/uploads\\\/2019\\\/09\\\/OK-image-FB-aventuriers-copie-e1567756748940.jpg\",\"datePublished\":\"2021-04-16T16:10:09+00:00\",\"dateModified\":\"2021-04-28T16:11:56+00:00\",\"breadcrumb\":{\"@id\":\"https:\\\/\\\/aventuriersdelamer.fr\\\/index.php\\\/laureats-2016-2018\\\/#breadcrumb\"},\"inLanguage\":\"fr-FR\",\"potentialAction\":[{\"@type\":\"ReadAction\",\"target\":[\"https:\\\/\\\/aventuriersdelamer.fr\\\/index.php\\\/laureats-2016-2018\\\/\"]}]},{\"@type\":\"ImageObject\",\"inLanguage\":\"fr-FR\",\"@id\":\"https:\\\/\\\/aventuriersdelamer.fr\\\/index.php\\\/laureats-2016-2018\\\/#primaryimage\",\"url\":\"https:\\\/\\\/aventuriersdelamer.fr\\\/wp-content\\\/uploads\\\/2019\\\/09\\\/OK-image-FB-aventuriers-copie-e1567756748940.jpg\",\"contentUrl\":\"https:\\\/\\\/aventuriersdelamer.fr\\\/wp-content\\\/uploads\\\/2019\\\/09\\\/OK-image-FB-aventuriers-copie-e1567756748940.jpg\",\"width\":905,\"height\":450},{\"@type\":\"BreadcrumbList\",\"@id\":\"https:\\\/\\\/aventuriersdelamer.fr\\\/index.php\\\/laureats-2016-2018\\\/#breadcrumb\",\"itemListElement\":[{\"@type\":\"ListItem\",\"position\":1,\"name\":\"Accueil\",\"item\":\"https:\\\/\\\/aventuriersdelamer.fr\\\/\"},{\"@type\":\"ListItem\",\"position\":2,\"name\":\"Laur\u00e9ats 2016-2018\"}]},{\"@type\":\"WebSite\",\"@id\":\"https:\\\/\\\/aventuriersdelamer.fr\\\/#website\",\"url\":\"https:\\\/\\\/aventuriersdelamer.fr\\\/\",\"name\":\"Festival Les Aventuriers de la Mer\",\"description\":\"Explorer, innover et enchanter le monde\",\"publisher\":{\"@id\":\"https:\\\/\\\/aventuriersdelamer.fr\\\/#organization\"},\"potentialAction\":[{\"@type\":\"SearchAction\",\"target\":{\"@type\":\"EntryPoint\",\"urlTemplate\":\"https:\\\/\\\/aventuriersdelamer.fr\\\/?s={search_term_string}\"},\"query-input\":{\"@type\":\"PropertyValueSpecification\",\"valueRequired\":true,\"valueName\":\"search_term_string\"}}],\"inLanguage\":\"fr-FR\"},{\"@type\":\"Organization\",\"@id\":\"https:\\\/\\\/aventuriersdelamer.fr\\\/#organization\",\"name\":\"Le Bruit du Vent\",\"url\":\"https:\\\/\\\/aventuriersdelamer.fr\\\/\",\"logo\":{\"@type\":\"ImageObject\",\"inLanguage\":\"fr-FR\",\"@id\":\"https:\\\/\\\/aventuriersdelamer.fr\\\/#\\\/schema\\\/logo\\\/image\\\/\",\"url\":\"https:\\\/\\\/aventuriersdelamer.fr\\\/wp-content\\\/uploads\\\/2016\\\/01\\\/4ECA575F-1CCB-41C9-AAC8-93902736151E.jpeg\",\"contentUrl\":\"https:\\\/\\\/aventuriersdelamer.fr\\\/wp-content\\\/uploads\\\/2016\\\/01\\\/4ECA575F-1CCB-41C9-AAC8-93902736151E.jpeg\",\"width\":222,\"height\":198,\"caption\":\"Le Bruit du Vent\"},\"image\":{\"@id\":\"https:\\\/\\\/aventuriersdelamer.fr\\\/#\\\/schema\\\/logo\\\/image\\\/\"},\"sameAs\":[\"https:\\\/\\\/www.facebook.com\\\/aventuriersdelamer\\\/\"]}]}<\/script>\n<!-- \/ Yoast SEO plugin. -->","yoast_head_json":{"title":"Laur\u00e9ats 2016-2018 - Festival Les Aventuriers de la Mer","robots":{"index":"index","follow":"follow","max-snippet":"max-snippet:-1","max-image-preview":"max-image-preview:large","max-video-preview":"max-video-preview:-1"},"canonical":"https:\/\/aventuriersdelamer.fr\/index.php\/laureats-2016-2018\/","og_locale":"fr_FR","og_type":"article","og_title":"Laur\u00e9ats 2016-2018 - Festival Les Aventuriers de la Mer","og_description":"Lords of the ocean Quatre amis ont entrepris de r&eacute;aliser leur r&ecirc;ve : partir de Brest &agrave; la rencontre des 5 grands requins r&eacute;put&eacute;s les plus dangereux pour r&eacute;aliser une web s&eacute;rie et un documentaire. Leurs objectifs : combattre les &hellip; Continuer la lecture &rarr;","og_url":"https:\/\/aventuriersdelamer.fr\/index.php\/laureats-2016-2018\/","og_site_name":"Festival Les Aventuriers de la Mer","article_publisher":"https:\/\/www.facebook.com\/aventuriersdelamer\/","article_modified_time":"2021-04-28T16:11:56+00:00","og_image":[{"width":905,"height":450,"url":"https:\/\/aventuriersdelamer.fr\/wp-content\/uploads\/2019\/09\/OK-image-FB-aventuriers-copie-e1567756748940.jpg","type":"image\/jpeg"}],"twitter_card":"summary_large_image","twitter_misc":{"Dur\u00e9e de lecture estim\u00e9e":"3 minutes"},"schema":{"@context":"https:\/\/schema.org","@graph":[{"@type":"WebPage","@id":"https:\/\/aventuriersdelamer.fr\/index.php\/laureats-2016-2018\/","url":"https:\/\/aventuriersdelamer.fr\/index.php\/laureats-2016-2018\/","name":"Laur\u00e9ats 2016-2018 - Festival Les Aventuriers de la Mer","isPartOf":{"@id":"https:\/\/aventuriersdelamer.fr\/#website"},"primaryImageOfPage":{"@id":"https:\/\/aventuriersdelamer.fr\/index.php\/laureats-2016-2018\/#primaryimage"},"image":{"@id":"https:\/\/aventuriersdelamer.fr\/index.php\/laureats-2016-2018\/#primaryimage"},"thumbnailUrl":"https:\/\/aventuriersdelamer.fr\/wp-content\/uploads\/2019\/09\/OK-image-FB-aventuriers-copie-e1567756748940.jpg","datePublished":"2021-04-16T16:10:09+00:00","dateModified":"2021-04-28T16:11:56+00:00","breadcrumb":{"@id":"https:\/\/aventuriersdelamer.fr\/index.php\/laureats-2016-2018\/#breadcrumb"},"inLanguage":"fr-FR","potentialAction":[{"@type":"ReadAction","target":["https:\/\/aventuriersdelamer.fr\/index.php\/laureats-2016-2018\/"]}]},{"@type":"ImageObject","inLanguage":"fr-FR","@id":"https:\/\/aventuriersdelamer.fr\/index.php\/laureats-2016-2018\/#primaryimage","url":"https:\/\/aventuriersdelamer.fr\/wp-content\/uploads\/2019\/09\/OK-image-FB-aventuriers-copie-e1567756748940.jpg","contentUrl":"https:\/\/aventuriersdelamer.fr\/wp-content\/uploads\/2019\/09\/OK-image-FB-aventuriers-copie-e1567756748940.jpg","width":905,"height":450},{"@type":"BreadcrumbList","@id":"https:\/\/aventuriersdelamer.fr\/index.php\/laureats-2016-2018\/#breadcrumb","itemListElement":[{"@type":"ListItem","position":1,"name":"Accueil","item":"https:\/\/aventuriersdelamer.fr\/"},{"@type":"ListItem","position":2,"name":"Laur\u00e9ats 2016-2018"}]},{"@type":"WebSite","@id":"https:\/\/aventuriersdelamer.fr\/#website","url":"https:\/\/aventuriersdelamer.fr\/","name":"Festival Les Aventuriers de la Mer","description":"Explorer, innover et enchanter le monde","publisher":{"@id":"https:\/\/aventuriersdelamer.fr\/#organization"},"potentialAction":[{"@type":"SearchAction","target":{"@type":"EntryPoint","urlTemplate":"https:\/\/aventuriersdelamer.fr\/?s={search_term_string}"},"query-input":{"@type":"PropertyValueSpecification","valueRequired":true,"valueName":"search_term_string"}}],"inLanguage":"fr-FR"},{"@type":"Organization","@id":"https:\/\/aventuriersdelamer.fr\/#organization","name":"Le Bruit du Vent","url":"https:\/\/aventuriersdelamer.fr\/","logo":{"@type":"ImageObject","inLanguage":"fr-FR","@id":"https:\/\/aventuriersdelamer.fr\/#\/schema\/logo\/image\/","url":"https:\/\/aventuriersdelamer.fr\/wp-content\/uploads\/2016\/01\/4ECA575F-1CCB-41C9-AAC8-93902736151E.jpeg","contentUrl":"https:\/\/aventuriersdelamer.fr\/wp-content\/uploads\/2016\/01\/4ECA575F-1CCB-41C9-AAC8-93902736151E.jpeg","width":222,"height":198,"caption":"Le Bruit du Vent"},"image":{"@id":"https:\/\/aventuriersdelamer.fr\/#\/schema\/logo\/image\/"},"sameAs":["https:\/\/www.facebook.com\/aventuriersdelamer\/"]}]}},"_links":{"self":[{"href":"https:\/\/aventuriersdelamer.fr\/index.php\/wp-json\/wp\/v2\/pages\/3295","targetHints":{"allow":["GET"]}}],"collection":[{"href":"https:\/\/aventuriersdelamer.fr\/index.php\/wp-json\/wp\/v2\/pages"}],"about":[{"href":"https:\/\/aventuriersdelamer.fr\/index.php\/wp-json\/wp\/v2\/types\/page"}],"author":[{"embeddable":true,"href":"https:\/\/aventuriersdelamer.fr\/index.php\/wp-json\/wp\/v2\/users\/1"}],"replies":[{"embeddable":true,"href":"https:\/\/aventuriersdelamer.fr\/index.php\/wp-json\/wp\/v2\/comments?post=3295"}],"version-history":[{"count":4,"href":"https:\/\/aventuriersdelamer.fr\/index.php\/wp-json\/wp\/v2\/pages\/3295\/revisions"}],"predecessor-version":[{"id":3363,"href":"https:\/\/aventuriersdelamer.fr\/index.php\/wp-json\/wp\/v2\/pages\/3295\/revisions\/3363"}],"wp:featuredmedia":[{"embeddable":true,"href":"https:\/\/aventuriersdelamer.fr\/index.php\/wp-json\/wp\/v2\/media\/1778"}],"wp:attachment":[{"href":"https:\/\/aventuriersdelamer.fr\/index.php\/wp-json\/wp\/v2\/media?parent=3295"}],"curies":[{"name":"wp","href":"https:\/\/api.w.org\/{rel}","templated":true}]}}