{"id":3285,"date":"2021-04-16T16:25:53","date_gmt":"2021-04-16T15:25:53","guid":{"rendered":"http:\/\/aventuriersdelamer.fr\/?page_id=3285"},"modified":"2021-05-05T09:17:10","modified_gmt":"2021-05-05T08:17:10","slug":"laureats-2020-ok","status":"publish","type":"page","link":"https:\/\/aventuriersdelamer.fr\/index.php\/laureats-2020-ok\/","title":{"rendered":"Laur\u00e9ats 2020"},"content":{"rendered":"<div id=\"pl-3285\"  class=\"panel-layout\" ><div id=\"pg-3285-0\"  class=\"panel-grid panel-no-style\" ><div id=\"pgc-3285-0-0\"  class=\"panel-grid-cell\" ><div id=\"panel-3285-0-0-0\" class=\"so-panel widget widget_sow-editor panel-first-child panel-last-child\" data-index=\"0\" ><div\n\t\t\t\n\t\t\tclass=\"so-widget-sow-editor so-widget-sow-editor-base\"\n\t\t\t\n\t\t>\n<div class=\"siteorigin-widget-tinymce textwidget\">\n\t<p><span style=\"color: #000080;\"><strong>Les laur\u00e9ats 2020 sont :<br \/>\n<\/strong><\/span><\/p>\n<div data-contents=\"true\">\n<div class=\"\" data-block=\"true\" data-editor=\"196fb\" data-offset-key=\"er1gs-0-0\"><\/div>\n<\/div>\n<p><strong>\u00a0<\/strong><\/p>\n<\/div>\n<\/div><\/div><\/div><\/div><div id=\"pg-3285-1\"  class=\"panel-grid panel-no-style\" ><div id=\"pgc-3285-1-0\"  class=\"panel-grid-cell\" ><div id=\"panel-3285-1-0-0\" class=\"so-panel widget widget_sow-image panel-first-child panel-last-child\" data-index=\"1\" ><div\n\t\t\t\n\t\t\tclass=\"so-widget-sow-image so-widget-sow-image-default-8b5b6f678277-3285\"\n\t\t\t\n\t\t>\n<div class=\"sow-image-container\">\n\t\t\t<a href=\"https:\/\/iliens.fr\/\"\n\t\t\ttarget=\"_blank\" rel=\"noopener noreferrer\" \t\t>\n\t\t\t<img \n\tsrc=\"https:\/\/aventuriersdelamer.fr\/wp-content\/uploads\/2020\/12\/iliens.png\" width=\"264\" height=\"292\" sizes=\"(max-width: 264px) 100vw, 264px\" title=\"Iliens seront pr\u00e9sents pour la projection en avant-premi\u00e8re de &quot;la route est bleue&quot; qui retrace leur aventure - vendredi 08 oct. 18h\" alt=\"\" \t\tclass=\"so-widget-image\"\/>\n\t\t\t<\/a><\/div>\n\n<\/div><\/div><\/div><div id=\"pgc-3285-1-1\"  class=\"panel-grid-cell\" ><div id=\"panel-3285-1-1-0\" class=\"so-panel widget widget_sow-editor panel-first-child panel-last-child\" data-index=\"2\" ><div\n\t\t\t\n\t\t\tclass=\"so-widget-sow-editor so-widget-sow-editor-base\"\n\t\t\t\n\t\t>\n<div class=\"siteorigin-widget-tinymce textwidget\">\n\t<p>L\u2019\u00e9quipage de la navette \u00ab Iliens \u00bb ouvre de nouvelles voies, faites \u00e0 la fois de pragmatisme en offrant un service r\u00e9gulier gr\u00e2ce \u00e0 un carburant ami que nous connaissons bien en Bretagne : le Vent. L\u2019\u00e9vasion commence par le voyage. <a href=\"https:\/\/iliens.fr\/\"><em><span style=\"color: #003366;\">En savoir plus<\/span><\/em><\/a><\/p>\n<\/div>\n<\/div><\/div><\/div><\/div><div id=\"pg-3285-2\"  class=\"panel-grid panel-no-style\" ><div id=\"pgc-3285-2-0\"  class=\"panel-grid-cell\" ><div id=\"panel-3285-2-0-0\" class=\"so-panel widget widget_sow-image panel-first-child panel-last-child\" data-index=\"3\" ><div\n\t\t\t\n\t\t\tclass=\"so-widget-sow-image so-widget-sow-image-default-8b5b6f678277-3285\"\n\t\t\t\n\t\t>\n<div class=\"sow-image-container\">\n\t\t\t<a href=\"https:\/\/www.womenoftheseas.org\/\"\n\t\t\ttarget=\"_blank\" rel=\"noopener noreferrer\" \t\t>\n\t\t\t<img \n\tsrc=\"https:\/\/aventuriersdelamer.fr\/wp-content\/uploads\/2020\/12\/women-of-th-seas.png\" width=\"266\" height=\"299\" sizes=\"(max-width: 266px) 100vw, 266px\" title=\"women of th seas\" alt=\"\" \t\tclass=\"so-widget-image\"\/>\n\t\t\t<\/a><\/div>\n\n<\/div><\/div><\/div><div id=\"pgc-3285-2-1\"  class=\"panel-grid-cell\" ><div id=\"panel-3285-2-1-0\" class=\"so-panel widget widget_sow-editor panel-first-child panel-last-child\" data-index=\"4\" ><div\n\t\t\t\n\t\t\tclass=\"so-widget-sow-editor so-widget-sow-editor-base\"\n\t\t\t\n\t\t>\n<div class=\"siteorigin-widget-tinymce textwidget\">\n\t<p><span style=\"color: #000000;\">Les femmes ont des aventures en mer \u00e0 raconter. A chaque \u00e9pisode de Women of the Seas, d\u00e9couvrez le portrait d\u2019une de ces femmes. <\/span><a href=\"https:\/\/www.womenoftheseas.org\/\"><em><span style=\"color: #003366;\">En savoir plus<\/span><\/em><\/a><\/p>\n<\/div>\n<\/div><\/div><\/div><\/div><div id=\"pg-3285-3\"  class=\"panel-grid panel-no-style\" ><div id=\"pgc-3285-3-0\"  class=\"panel-grid-cell\" ><div id=\"panel-3285-3-0-0\" class=\"so-panel widget widget_sow-image panel-first-child panel-last-child\" data-index=\"5\" ><div\n\t\t\t\n\t\t\tclass=\"so-widget-sow-image so-widget-sow-image-default-8b5b6f678277-3285\"\n\t\t\t\n\t\t>\n<div class=\"sow-image-container\">\n\t\t\t<a href=\"http:\/\/www.weoceanproject.com\"\n\t\t\ttarget=\"_blank\" rel=\"noopener noreferrer\" \t\t>\n\t\t\t<img \n\tsrc=\"https:\/\/aventuriersdelamer.fr\/wp-content\/uploads\/2020\/12\/we-ocean.png\" width=\"248\" height=\"282\" sizes=\"(max-width: 248px) 100vw, 248px\" title=\"we ocean\" alt=\"\" \t\tclass=\"so-widget-image\"\/>\n\t\t\t<\/a><\/div>\n\n<\/div><\/div><\/div><div id=\"pgc-3285-3-1\"  class=\"panel-grid-cell\" ><div id=\"panel-3285-3-1-0\" class=\"so-panel widget widget_sow-editor panel-first-child panel-last-child\" data-index=\"6\" ><div\n\t\t\t\n\t\t\tclass=\"so-widget-sow-editor so-widget-sow-editor-base\"\n\t\t\t\n\t\t>\n<div class=\"siteorigin-widget-tinymce textwidget\">\n\t<p>Un voilier au service de l'Oc\u00e9an. WeOcean : EXPLORER. PARTAGER. FEDERER. les solutions pour un Oc\u00e9an durable.<a href=\"https:\/\/weoceanproject.com\/\">En savoir plus.<\/a><\/p>\n<\/div>\n<\/div><\/div><\/div><\/div><div id=\"pg-3285-4\"  class=\"panel-grid panel-no-style\" ><div id=\"pgc-3285-4-0\"  class=\"panel-grid-cell\" ><div id=\"panel-3285-4-0-0\" class=\"so-panel widget widget_sow-image panel-first-child panel-last-child\" data-index=\"7\" ><div\n\t\t\t\n\t\t\tclass=\"so-widget-sow-image so-widget-sow-image-default-8b5b6f678277-3285\"\n\t\t\t\n\t\t>\n<div class=\"sow-image-container\">\n\t\t\t<a href=\"http:\/\/www.unumondo.org\"\n\t\t\ttarget=\"_blank\" rel=\"noopener noreferrer\" \t\t>\n\t\t\t<img \n\tsrc=\"https:\/\/aventuriersdelamer.fr\/wp-content\/uploads\/2020\/12\/unu-mondo.png\" width=\"259\" height=\"294\" sizes=\"(max-width: 259px) 100vw, 259px\" title=\"unu mondo\" alt=\"\" \t\tclass=\"so-widget-image\"\/>\n\t\t\t<\/a><\/div>\n\n<\/div><\/div><\/div><div id=\"pgc-3285-4-1\"  class=\"panel-grid-cell\" ><div id=\"panel-3285-4-1-0\" class=\"so-panel widget widget_sow-editor panel-first-child panel-last-child\" data-index=\"8\" ><div\n\t\t\t\n\t\t\tclass=\"so-widget-sow-editor so-widget-sow-editor-base\"\n\t\t\t\n\t\t>\n<div class=\"siteorigin-widget-tinymce textwidget\">\n\t<h6><span style=\"color: #003366;\">Nouveau d\u00e9part avec l'Exp\u00e9dition 66\u00b0N<br \/>\n<\/span><\/h6>\n<p>Un programme scientifique et p\u00e9dagogique de 5 ans pour mieux comprendre l'impact du changement climatique sur les glaciers. <a href=\"https:\/\/www.unumondo.org\/fr\/accueil\/\"><span style=\"color: #003366;\"><em>En savoir plus.<\/em><\/span><\/a><\/p>\n<\/div>\n<\/div><\/div><\/div><\/div><div id=\"pg-3285-5\"  class=\"panel-grid panel-no-style\" ><div id=\"pgc-3285-5-0\"  class=\"panel-grid-cell\" ><div id=\"panel-3285-5-0-0\" class=\"so-panel widget widget_sow-image panel-first-child panel-last-child\" data-index=\"9\" ><div\n\t\t\t\n\t\t\tclass=\"so-widget-sow-image so-widget-sow-image-default-8b5b6f678277-3285\"\n\t\t\t\n\t\t>\n<div class=\"sow-image-container\">\n\t\t<img \n\tsrc=\"https:\/\/aventuriersdelamer.fr\/wp-content\/uploads\/2020\/12\/les-marinettes.png\" width=\"260\" height=\"291\" sizes=\"(max-width: 260px) 100vw, 260px\" title=\"Julie Mira sera en d\u00e9dicaces &quot;Le guide pratique des voileuses&quot; - Samedi 09 et Dimanche 10 octobre\" alt=\"\" \t\tclass=\"so-widget-image\"\/>\n\t<\/div>\n\n<\/div><\/div><\/div><div id=\"pgc-3285-5-1\"  class=\"panel-grid-cell\" ><div id=\"panel-3285-5-1-0\" class=\"so-panel widget widget_sow-editor panel-first-child panel-last-child\" data-index=\"10\" ><div\n\t\t\t\n\t\t\tclass=\"so-widget-sow-editor so-widget-sow-editor-base\"\n\t\t\t\n\t\t>\n<div class=\"siteorigin-widget-tinymce textwidget\">\n\t<p>Avec seulement 2% de femmes naviguant, Julie souhaite permettre aux Femmes de trouver leur place \u00e0 bord d\u2019un bateau ou dans un projet commun avec leur compagnon, leurs amis ou en famille. Vous donner confiance et vous sentir en s\u00e9curit\u00e9 \u00e0 bord avec un coaching moderne et adapt\u00e9 aux femmes. <a href=\"https:\/\/lesmarinettes.com\/\">En savoir plus.<\/a><\/p>\n<\/div>\n<\/div><\/div><\/div><\/div><div id=\"pg-3285-6\"  class=\"panel-grid panel-no-style\" ><div id=\"pgc-3285-6-0\"  class=\"panel-grid-cell\" ><div id=\"panel-3285-6-0-0\" class=\"so-panel widget widget_sow-image panel-first-child panel-last-child\" data-index=\"11\" ><div\n\t\t\t\n\t\t\tclass=\"so-widget-sow-image so-widget-sow-image-default-8b5b6f678277-3285\"\n\t\t\t\n\t\t>\n<div class=\"sow-image-container\">\n\t\t<img \n\tsrc=\"https:\/\/aventuriersdelamer.fr\/wp-content\/uploads\/2020\/12\/surf-mycelium.png\" width=\"251\" height=\"291\" sizes=\"(max-width: 251px) 100vw, 251px\" title=\"Surf Mycelium\" alt=\"\" \t\tclass=\"so-widget-image\"\/>\n\t<\/div>\n\n<\/div><\/div><\/div><div id=\"pgc-3285-6-1\"  class=\"panel-grid-cell\" ><div id=\"panel-3285-6-1-0\" class=\"so-panel widget widget_sow-editor panel-first-child panel-last-child\" data-index=\"12\" ><div\n\t\t\t\n\t\t\tclass=\"so-widget-sow-editor so-widget-sow-editor-base\"\n\t\t\t\n\t\t>\n<div class=\"siteorigin-widget-tinymce textwidget\">\n\t<\/div>\n<\/div><\/div><\/div><\/div><div id=\"pg-3285-7\"  class=\"panel-grid panel-no-style\" ><div id=\"pgc-3285-7-0\"  class=\"panel-grid-cell\" ><div id=\"panel-3285-7-0-0\" class=\"so-panel widget widget_sow-image panel-first-child panel-last-child\" data-index=\"13\" ><div\n\t\t\t\n\t\t\tclass=\"so-widget-sow-image so-widget-sow-image-default-8b5b6f678277-3285\"\n\t\t\t\n\t\t>\n<div class=\"sow-image-container\">\n\t\t\t<a href=\"http:\/\/www.atlanticcities.eu\"\n\t\t\ttarget=\"_blank\" rel=\"noopener noreferrer\" \t\t>\n\t\t\t<img \n\tsrc=\"https:\/\/aventuriersdelamer.fr\/wp-content\/uploads\/2020\/12\/she4sea-1.png\" width=\"189\" height=\"221\" sizes=\"(max-width: 189px) 100vw, 189px\" title=\"she4sea\" alt=\"\" \t\tclass=\"so-widget-image\"\/>\n\t\t\t<\/a><\/div>\n\n<\/div><\/div><\/div><div id=\"pgc-3285-7-1\"  class=\"panel-grid-cell\" ><div id=\"panel-3285-7-1-0\" class=\"so-panel widget widget_sow-editor panel-first-child panel-last-child\" data-index=\"14\" ><div\n\t\t\t\n\t\t\tclass=\"so-widget-sow-editor so-widget-sow-editor-base\"\n\t\t\t\n\t\t>\n<div class=\"siteorigin-widget-tinymce textwidget\">\n\t<p>She4Sea vise \u00e0 rendre plus visible et \u00e0 promouvoir le travail et le mode de vie du secteur maritime aupr\u00e8s des jeunes, en particulier des filles.\u00a0 Seulement 2% des personnes travaillant dans le domaine maritime sont des femmes, c\u2019est l\u2019occasion d\u2019encourager les filles et les femmes \u00e0 poursuivre une carri\u00e8re professionnelle bleue.<a href=\"https:\/\/atlanticcities.eu\/fr\/les-villes-atlantiques-promeuvent-legalite-dans-la-filiere-maritime\/\">En savoir plus.<\/a><\/p>\n<\/div>\n<\/div><\/div><\/div><\/div><\/div>","protected":false},"excerpt":{"rendered":"<p>Les laur&eacute;ats 2020 sont : &nbsp; L&rsquo;&eacute;quipage de la navette &laquo; Iliens &raquo; ouvre de nouvelles voies, faites &agrave; la fois de pragmatisme en offrant un service r&eacute;gulier gr&acirc;ce &agrave; un carburant ami que nous connaissons bien en Bretagne : &hellip; <a href=\"https:\/\/aventuriersdelamer.fr\/index.php\/laureats-2020-ok\/\">Continuer la lecture <span class=\"meta-nav\">&rarr;<\/span><\/a><\/p>\n","protected":false},"author":1,"featured_media":783,"parent":0,"menu_order":0,"comment_status":"closed","ping_status":"closed","template":"","meta":{"footnotes":""},"class_list":["post-3285","page","type-page","status-publish","has-post-thumbnail","hentry"],"yoast_head":"<!-- This site is optimized with the Yoast SEO plugin v27.3 - https:\/\/yoast.com\/product\/yoast-seo-wordpress\/ -->\n<title>Laur\u00e9ats 2020 - Festival Les Aventuriers de la Mer<\/title>\n<meta name=\"robots\" content=\"index, follow, max-snippet:-1, max-image-preview:large, max-video-preview:-1\" \/>\n<link rel=\"canonical\" href=\"https:\/\/aventuriersdelamer.fr\/index.php\/laureats-2020-ok\/\" \/>\n<meta property=\"og:locale\" content=\"fr_FR\" \/>\n<meta property=\"og:type\" content=\"article\" \/>\n<meta property=\"og:title\" content=\"Laur\u00e9ats 2020 - Festival Les Aventuriers de la Mer\" \/>\n<meta property=\"og:description\" content=\"Les laur&eacute;ats 2020 sont : &nbsp; L&rsquo;&eacute;quipage de la navette &laquo; Iliens &raquo; ouvre de nouvelles voies, faites &agrave; la fois de pragmatisme en offrant un service r&eacute;gulier gr&acirc;ce &agrave; un carburant ami que nous connaissons bien en Bretagne : &hellip; Continuer la lecture &rarr;\" \/>\n<meta property=\"og:url\" content=\"https:\/\/aventuriersdelamer.fr\/index.php\/laureats-2020-ok\/\" \/>\n<meta property=\"og:site_name\" content=\"Festival Les Aventuriers de la Mer\" \/>\n<meta property=\"article:publisher\" content=\"https:\/\/www.facebook.com\/aventuriersdelamer\/\" \/>\n<meta property=\"article:modified_time\" content=\"2021-05-05T08:17:10+00:00\" \/>\n<meta property=\"og:image\" content=\"https:\/\/aventuriersdelamer.fr\/wp-content\/uploads\/2018\/02\/22550088_1927419497511269_5930307624489087080_o.jpg\" \/>\n\t<meta property=\"og:image:width\" content=\"2048\" \/>\n\t<meta property=\"og:image:height\" content=\"1270\" \/>\n\t<meta property=\"og:image:type\" content=\"image\/jpeg\" \/>\n<meta name=\"twitter:card\" content=\"summary_large_image\" \/>\n<meta name=\"twitter:label1\" content=\"Dur\u00e9e de lecture estim\u00e9e\" \/>\n\t<meta name=\"twitter:data1\" content=\"1 minute\" \/>\n<script type=\"application\/ld+json\" class=\"yoast-schema-graph\">{\"@context\":\"https:\\\/\\\/schema.org\",\"@graph\":[{\"@type\":\"WebPage\",\"@id\":\"https:\\\/\\\/aventuriersdelamer.fr\\\/index.php\\\/laureats-2020-ok\\\/\",\"url\":\"https:\\\/\\\/aventuriersdelamer.fr\\\/index.php\\\/laureats-2020-ok\\\/\",\"name\":\"Laur\u00e9ats 2020 - Festival Les Aventuriers de la Mer\",\"isPartOf\":{\"@id\":\"https:\\\/\\\/aventuriersdelamer.fr\\\/#website\"},\"primaryImageOfPage\":{\"@id\":\"https:\\\/\\\/aventuriersdelamer.fr\\\/index.php\\\/laureats-2020-ok\\\/#primaryimage\"},\"image\":{\"@id\":\"https:\\\/\\\/aventuriersdelamer.fr\\\/index.php\\\/laureats-2020-ok\\\/#primaryimage\"},\"thumbnailUrl\":\"https:\\\/\\\/aventuriersdelamer.fr\\\/wp-content\\\/uploads\\\/2018\\\/02\\\/22550088_1927419497511269_5930307624489087080_o.jpg\",\"datePublished\":\"2021-04-16T15:25:53+00:00\",\"dateModified\":\"2021-05-05T08:17:10+00:00\",\"breadcrumb\":{\"@id\":\"https:\\\/\\\/aventuriersdelamer.fr\\\/index.php\\\/laureats-2020-ok\\\/#breadcrumb\"},\"inLanguage\":\"fr-FR\",\"potentialAction\":[{\"@type\":\"ReadAction\",\"target\":[\"https:\\\/\\\/aventuriersdelamer.fr\\\/index.php\\\/laureats-2020-ok\\\/\"]}]},{\"@type\":\"ImageObject\",\"inLanguage\":\"fr-FR\",\"@id\":\"https:\\\/\\\/aventuriersdelamer.fr\\\/index.php\\\/laureats-2020-ok\\\/#primaryimage\",\"url\":\"https:\\\/\\\/aventuriersdelamer.fr\\\/wp-content\\\/uploads\\\/2018\\\/02\\\/22550088_1927419497511269_5930307624489087080_o.jpg\",\"contentUrl\":\"https:\\\/\\\/aventuriersdelamer.fr\\\/wp-content\\\/uploads\\\/2018\\\/02\\\/22550088_1927419497511269_5930307624489087080_o.jpg\",\"width\":2048,\"height\":1270},{\"@type\":\"BreadcrumbList\",\"@id\":\"https:\\\/\\\/aventuriersdelamer.fr\\\/index.php\\\/laureats-2020-ok\\\/#breadcrumb\",\"itemListElement\":[{\"@type\":\"ListItem\",\"position\":1,\"name\":\"Accueil\",\"item\":\"https:\\\/\\\/aventuriersdelamer.fr\\\/\"},{\"@type\":\"ListItem\",\"position\":2,\"name\":\"Laur\u00e9ats 2020\"}]},{\"@type\":\"WebSite\",\"@id\":\"https:\\\/\\\/aventuriersdelamer.fr\\\/#website\",\"url\":\"https:\\\/\\\/aventuriersdelamer.fr\\\/\",\"name\":\"Festival Les Aventuriers de la Mer\",\"description\":\"Explorer, innover et enchanter le monde\",\"publisher\":{\"@id\":\"https:\\\/\\\/aventuriersdelamer.fr\\\/#organization\"},\"potentialAction\":[{\"@type\":\"SearchAction\",\"target\":{\"@type\":\"EntryPoint\",\"urlTemplate\":\"https:\\\/\\\/aventuriersdelamer.fr\\\/?s={search_term_string}\"},\"query-input\":{\"@type\":\"PropertyValueSpecification\",\"valueRequired\":true,\"valueName\":\"search_term_string\"}}],\"inLanguage\":\"fr-FR\"},{\"@type\":\"Organization\",\"@id\":\"https:\\\/\\\/aventuriersdelamer.fr\\\/#organization\",\"name\":\"Le Bruit du Vent\",\"url\":\"https:\\\/\\\/aventuriersdelamer.fr\\\/\",\"logo\":{\"@type\":\"ImageObject\",\"inLanguage\":\"fr-FR\",\"@id\":\"https:\\\/\\\/aventuriersdelamer.fr\\\/#\\\/schema\\\/logo\\\/image\\\/\",\"url\":\"https:\\\/\\\/aventuriersdelamer.fr\\\/wp-content\\\/uploads\\\/2016\\\/01\\\/4ECA575F-1CCB-41C9-AAC8-93902736151E.jpeg\",\"contentUrl\":\"https:\\\/\\\/aventuriersdelamer.fr\\\/wp-content\\\/uploads\\\/2016\\\/01\\\/4ECA575F-1CCB-41C9-AAC8-93902736151E.jpeg\",\"width\":222,\"height\":198,\"caption\":\"Le Bruit du Vent\"},\"image\":{\"@id\":\"https:\\\/\\\/aventuriersdelamer.fr\\\/#\\\/schema\\\/logo\\\/image\\\/\"},\"sameAs\":[\"https:\\\/\\\/www.facebook.com\\\/aventuriersdelamer\\\/\"]}]}<\/script>\n<!-- \/ Yoast SEO plugin. -->","yoast_head_json":{"title":"Laur\u00e9ats 2020 - Festival Les Aventuriers de la Mer","robots":{"index":"index","follow":"follow","max-snippet":"max-snippet:-1","max-image-preview":"max-image-preview:large","max-video-preview":"max-video-preview:-1"},"canonical":"https:\/\/aventuriersdelamer.fr\/index.php\/laureats-2020-ok\/","og_locale":"fr_FR","og_type":"article","og_title":"Laur\u00e9ats 2020 - Festival Les Aventuriers de la Mer","og_description":"Les laur&eacute;ats 2020 sont : &nbsp; L&rsquo;&eacute;quipage de la navette &laquo; Iliens &raquo; ouvre de nouvelles voies, faites &agrave; la fois de pragmatisme en offrant un service r&eacute;gulier gr&acirc;ce &agrave; un carburant ami que nous connaissons bien en Bretagne : &hellip; Continuer la lecture &rarr;","og_url":"https:\/\/aventuriersdelamer.fr\/index.php\/laureats-2020-ok\/","og_site_name":"Festival Les Aventuriers de la Mer","article_publisher":"https:\/\/www.facebook.com\/aventuriersdelamer\/","article_modified_time":"2021-05-05T08:17:10+00:00","og_image":[{"width":2048,"height":1270,"url":"https:\/\/aventuriersdelamer.fr\/wp-content\/uploads\/2018\/02\/22550088_1927419497511269_5930307624489087080_o.jpg","type":"image\/jpeg"}],"twitter_card":"summary_large_image","twitter_misc":{"Dur\u00e9e de lecture estim\u00e9e":"1 minute"},"schema":{"@context":"https:\/\/schema.org","@graph":[{"@type":"WebPage","@id":"https:\/\/aventuriersdelamer.fr\/index.php\/laureats-2020-ok\/","url":"https:\/\/aventuriersdelamer.fr\/index.php\/laureats-2020-ok\/","name":"Laur\u00e9ats 2020 - Festival Les Aventuriers de la Mer","isPartOf":{"@id":"https:\/\/aventuriersdelamer.fr\/#website"},"primaryImageOfPage":{"@id":"https:\/\/aventuriersdelamer.fr\/index.php\/laureats-2020-ok\/#primaryimage"},"image":{"@id":"https:\/\/aventuriersdelamer.fr\/index.php\/laureats-2020-ok\/#primaryimage"},"thumbnailUrl":"https:\/\/aventuriersdelamer.fr\/wp-content\/uploads\/2018\/02\/22550088_1927419497511269_5930307624489087080_o.jpg","datePublished":"2021-04-16T15:25:53+00:00","dateModified":"2021-05-05T08:17:10+00:00","breadcrumb":{"@id":"https:\/\/aventuriersdelamer.fr\/index.php\/laureats-2020-ok\/#breadcrumb"},"inLanguage":"fr-FR","potentialAction":[{"@type":"ReadAction","target":["https:\/\/aventuriersdelamer.fr\/index.php\/laureats-2020-ok\/"]}]},{"@type":"ImageObject","inLanguage":"fr-FR","@id":"https:\/\/aventuriersdelamer.fr\/index.php\/laureats-2020-ok\/#primaryimage","url":"https:\/\/aventuriersdelamer.fr\/wp-content\/uploads\/2018\/02\/22550088_1927419497511269_5930307624489087080_o.jpg","contentUrl":"https:\/\/aventuriersdelamer.fr\/wp-content\/uploads\/2018\/02\/22550088_1927419497511269_5930307624489087080_o.jpg","width":2048,"height":1270},{"@type":"BreadcrumbList","@id":"https:\/\/aventuriersdelamer.fr\/index.php\/laureats-2020-ok\/#breadcrumb","itemListElement":[{"@type":"ListItem","position":1,"name":"Accueil","item":"https:\/\/aventuriersdelamer.fr\/"},{"@type":"ListItem","position":2,"name":"Laur\u00e9ats 2020"}]},{"@type":"WebSite","@id":"https:\/\/aventuriersdelamer.fr\/#website","url":"https:\/\/aventuriersdelamer.fr\/","name":"Festival Les Aventuriers de la Mer","description":"Explorer, innover et enchanter le monde","publisher":{"@id":"https:\/\/aventuriersdelamer.fr\/#organization"},"potentialAction":[{"@type":"SearchAction","target":{"@type":"EntryPoint","urlTemplate":"https:\/\/aventuriersdelamer.fr\/?s={search_term_string}"},"query-input":{"@type":"PropertyValueSpecification","valueRequired":true,"valueName":"search_term_string"}}],"inLanguage":"fr-FR"},{"@type":"Organization","@id":"https:\/\/aventuriersdelamer.fr\/#organization","name":"Le Bruit du Vent","url":"https:\/\/aventuriersdelamer.fr\/","logo":{"@type":"ImageObject","inLanguage":"fr-FR","@id":"https:\/\/aventuriersdelamer.fr\/#\/schema\/logo\/image\/","url":"https:\/\/aventuriersdelamer.fr\/wp-content\/uploads\/2016\/01\/4ECA575F-1CCB-41C9-AAC8-93902736151E.jpeg","contentUrl":"https:\/\/aventuriersdelamer.fr\/wp-content\/uploads\/2016\/01\/4ECA575F-1CCB-41C9-AAC8-93902736151E.jpeg","width":222,"height":198,"caption":"Le Bruit du Vent"},"image":{"@id":"https:\/\/aventuriersdelamer.fr\/#\/schema\/logo\/image\/"},"sameAs":["https:\/\/www.facebook.com\/aventuriersdelamer\/"]}]}},"_links":{"self":[{"href":"https:\/\/aventuriersdelamer.fr\/index.php\/wp-json\/wp\/v2\/pages\/3285","targetHints":{"allow":["GET"]}}],"collection":[{"href":"https:\/\/aventuriersdelamer.fr\/index.php\/wp-json\/wp\/v2\/pages"}],"about":[{"href":"https:\/\/aventuriersdelamer.fr\/index.php\/wp-json\/wp\/v2\/types\/page"}],"author":[{"embeddable":true,"href":"https:\/\/aventuriersdelamer.fr\/index.php\/wp-json\/wp\/v2\/users\/1"}],"replies":[{"embeddable":true,"href":"https:\/\/aventuriersdelamer.fr\/index.php\/wp-json\/wp\/v2\/comments?post=3285"}],"version-history":[{"count":12,"href":"https:\/\/aventuriersdelamer.fr\/index.php\/wp-json\/wp\/v2\/pages\/3285\/revisions"}],"predecessor-version":[{"id":3841,"href":"https:\/\/aventuriersdelamer.fr\/index.php\/wp-json\/wp\/v2\/pages\/3285\/revisions\/3841"}],"wp:featuredmedia":[{"embeddable":true,"href":"https:\/\/aventuriersdelamer.fr\/index.php\/wp-json\/wp\/v2\/media\/783"}],"wp:attachment":[{"href":"https:\/\/aventuriersdelamer.fr\/index.php\/wp-json\/wp\/v2\/media?parent=3285"}],"curies":[{"name":"wp","href":"https:\/\/api.w.org\/{rel}","templated":true}]}}