{"id":1689,"date":"2019-07-10T15:33:00","date_gmt":"2019-07-10T14:33:00","guid":{"rendered":"http:\/\/aventuriersdelamer.fr\/?page_id=1689"},"modified":"2021-05-14T10:23:12","modified_gmt":"2021-05-14T09:23:12","slug":"rencontres-3","status":"publish","type":"page","link":"https:\/\/aventuriersdelamer.fr\/index.php\/rencontres-3\/","title":{"rendered":"Rencontres 2019"},"content":{"rendered":"<div id=\"pl-1689\"  class=\"panel-layout\" ><div id=\"pg-1689-0\"  class=\"panel-grid panel-no-style\" ><div id=\"pgc-1689-0-0\"  class=\"panel-grid-cell\" ><div id=\"panel-1689-0-0-0\" class=\"so-panel widget widget_sow-slider panel-first-child\" data-index=\"0\" ><div\n\t\t\t\n\t\t\tclass=\"so-widget-sow-slider so-widget-sow-slider-default-6d39609536fd-1689\"\n\t\t\t\n\t\t>\t\t\t\t<div class=\"sow-slider-base\" style=\"display: none\" tabindex=\"0\">\n\t\t\t\t\t<ul\n\t\t\t\t\tclass=\"sow-slider-images\"\n\t\t\t\t\tdata-settings=\"{&quot;pagination&quot;:true,&quot;speed&quot;:800,&quot;timeout&quot;:8000,&quot;paused&quot;:false,&quot;pause_on_hover&quot;:false,&quot;swipe&quot;:true,&quot;nav_always_show_desktop&quot;:&quot;&quot;,&quot;nav_always_show_mobile&quot;:&quot;&quot;,&quot;breakpoint&quot;:&quot;780px&quot;,&quot;unmute&quot;:false,&quot;anchor&quot;:null}\"\n\t\t\t\t\t\t\t\t\t\tdata-anchor-id=\"\"\n\t\t\t\t>\t\t<li class=\"sow-slider-image\" style=\"visibility: visible;\" >\n\t\t\t\t\t\t<img loading=\"lazy\" decoding=\"async\" width=\"1280\" height=\"853\" src=\"https:\/\/aventuriersdelamer.fr\/wp-content\/uploads\/2019\/07\/copie-0_BSL_9160.jpeg\" class=\"sow-slider-background-image\" alt=\"\" style=\"\" srcset=\"https:\/\/aventuriersdelamer.fr\/wp-content\/uploads\/2019\/07\/copie-0_BSL_9160.jpeg 1280w, https:\/\/aventuriersdelamer.fr\/wp-content\/uploads\/2019\/07\/copie-0_BSL_9160-300x200.jpeg 300w, https:\/\/aventuriersdelamer.fr\/wp-content\/uploads\/2019\/07\/copie-0_BSL_9160-768x512.jpeg 768w, https:\/\/aventuriersdelamer.fr\/wp-content\/uploads\/2019\/07\/copie-0_BSL_9160-1024x682.jpeg 1024w, https:\/\/aventuriersdelamer.fr\/wp-content\/uploads\/2019\/07\/copie-0_BSL_9160-600x400.jpeg 600w, https:\/\/aventuriersdelamer.fr\/wp-content\/uploads\/2019\/07\/copie-0_BSL_9160-450x300.jpeg 450w, https:\/\/aventuriersdelamer.fr\/wp-content\/uploads\/2019\/07\/copie-0_BSL_9160-272x182.jpeg 272w\" sizes=\"auto, (max-width: 1280px) 100vw, 1280px\" \/>\t\t<\/li>\n\t\t\t\t<li class=\"sow-slider-image\" style=\"visibility: hidden;\" >\n\t\t\t\t\t\t<img loading=\"lazy\" decoding=\"async\" width=\"1621\" height=\"1080\" src=\"https:\/\/aventuriersdelamer.fr\/wp-content\/uploads\/2019\/07\/copie-0_BSL_9090-copie.jpg\" class=\"sow-slider-background-image\" alt=\"\" style=\"\" srcset=\"https:\/\/aventuriersdelamer.fr\/wp-content\/uploads\/2019\/07\/copie-0_BSL_9090-copie.jpg 1621w, https:\/\/aventuriersdelamer.fr\/wp-content\/uploads\/2019\/07\/copie-0_BSL_9090-copie-300x200.jpg 300w, https:\/\/aventuriersdelamer.fr\/wp-content\/uploads\/2019\/07\/copie-0_BSL_9090-copie-768x512.jpg 768w, https:\/\/aventuriersdelamer.fr\/wp-content\/uploads\/2019\/07\/copie-0_BSL_9090-copie-1024x682.jpg 1024w, https:\/\/aventuriersdelamer.fr\/wp-content\/uploads\/2019\/07\/copie-0_BSL_9090-copie-600x400.jpg 600w, https:\/\/aventuriersdelamer.fr\/wp-content\/uploads\/2019\/07\/copie-0_BSL_9090-copie-450x300.jpg 450w, https:\/\/aventuriersdelamer.fr\/wp-content\/uploads\/2019\/07\/copie-0_BSL_9090-copie-272x182.jpg 272w\" sizes=\"auto, (max-width: 1621px) 100vw, 1621px\" \/>\t\t<\/li>\n\t\t\t\t<li class=\"sow-slider-image\" style=\"visibility: hidden;\" >\n\t\t\t\t\t\t<img loading=\"lazy\" decoding=\"async\" width=\"1024\" height=\"683\" src=\"https:\/\/aventuriersdelamer.fr\/wp-content\/uploads\/2019\/07\/DSC_4163-1024x683.jpg\" class=\"sow-slider-background-image\" alt=\"\" style=\"\" srcset=\"https:\/\/aventuriersdelamer.fr\/wp-content\/uploads\/2019\/07\/DSC_4163-1024x683.jpg 1024w, https:\/\/aventuriersdelamer.fr\/wp-content\/uploads\/2019\/07\/DSC_4163-1024x683-300x200.jpg 300w, https:\/\/aventuriersdelamer.fr\/wp-content\/uploads\/2019\/07\/DSC_4163-1024x683-768x512.jpg 768w, https:\/\/aventuriersdelamer.fr\/wp-content\/uploads\/2019\/07\/DSC_4163-1024x683-600x400.jpg 600w, https:\/\/aventuriersdelamer.fr\/wp-content\/uploads\/2019\/07\/DSC_4163-1024x683-450x300.jpg 450w, https:\/\/aventuriersdelamer.fr\/wp-content\/uploads\/2019\/07\/DSC_4163-1024x683-272x182.jpg 272w\" sizes=\"auto, (max-width: 1024px) 100vw, 1024px\" \/>\t\t<\/li>\n\t\t<\/ul>\t\t\t\t<ol class=\"sow-slider-pagination\">\n\t\t\t\t\t\t\t\t\t\t\t<li><a href=\"#\" data-goto=\"0\" aria-label=\"Display slide 1\"><\/a><\/li>\n\t\t\t\t\t\t\t\t\t\t\t<li><a href=\"#\" data-goto=\"1\" aria-label=\"Display slide 2\"><\/a><\/li>\n\t\t\t\t\t\t\t\t\t\t\t<li><a href=\"#\" data-goto=\"2\" aria-label=\"Display slide 3\"><\/a><\/li>\n\t\t\t\t\t\t\t\t\t<\/ol>\n\n\t\t\t\t<div class=\"sow-slide-nav sow-slide-nav-next\">\n\t\t\t\t\t<a href=\"#\" data-goto=\"next\" aria-label=\"Next slide\" data-action=\"next\">\n\t\t\t\t\t\t<em class=\"sow-sld-icon-thin-right\"><\/em>\n\t\t\t\t\t<\/a>\n\t\t\t\t<\/div>\n\n\t\t\t\t<div class=\"sow-slide-nav sow-slide-nav-prev\">\n\t\t\t\t\t<a href=\"#\" data-goto=\"previous\" aria-label=\"Previous slide\" data-action=\"prev\">\n\t\t\t\t\t\t<em class=\"sow-sld-icon-thin-left\"><\/em>\n\t\t\t\t\t<\/a>\n\t\t\t\t<\/div>\n\t\t\t\t<\/div><\/div><\/div><div id=\"panel-1689-0-0-1\" class=\"so-panel widget widget_sow-editor panel-last-child\" data-index=\"1\" ><div\n\t\t\t\n\t\t\tclass=\"so-widget-sow-editor so-widget-sow-editor-base\"\n\t\t\t\n\t\t>\n<div class=\"siteorigin-widget-tinymce textwidget\">\n\t<hr \/>\n<p>Donner \u00e0 entendre, \u00e0 comprendre et \u00e0 r\u00eaver... Les rencontres ne sont pas des conf\u00e9rences\u00a0 mais des <strong>moment d'\u00e9changes, de partages<\/strong> entre plusieurs interlocuteurs issus de milieux maritimes diff\u00e9rents, partageant la m\u00eame passion et la m\u00eame \u00e9nergie. La transversalit\u00e9 est notre ma\u00eetre mot : course, p\u00eache, commerce, exp\u00e9ditions scientifiques, navigation de demain ou d\u00e9fis personnels... <strong>L'avenir est en mer !<\/strong><br \/>\nD'une dur\u00e9e d'1h30, ces rencontres sont anim\u00e9es par un sp\u00e9cialiste maritime, un curieux, un passionn\u00e9, Pierre-Fran\u00e7ois Bonneau, dans l'Auditorium de la Cit\u00e9 de la Voile Eric Tabarly.<\/p>\n<p>Le public, bien s\u00fbr, pourra participer en posant des questions aux \"Aventuriers\" pr\u00e9sents. Un <strong>\"PPVRC des Aventuriers\"<\/strong> (<em>Pain, P\u00e2t\u00e9, Vin Rouge, Cidre<\/em>) est organis\u00e9 <strong>samedi 12 octobre, de 18h \u00e0 19h30 <\/strong>pour des moments de rencontres privil\u00e9gi\u00e9s et conviviales.<\/p>\n<hr \/>\n<\/div>\n<\/div><\/div><\/div><\/div><div id=\"pg-1689-1\"  class=\"panel-grid panel-no-style\" ><div id=\"pgc-1689-1-0\"  class=\"panel-grid-cell\" ><div id=\"panel-1689-1-0-0\" class=\"so-panel widget widget_sow-headline panel-first-child panel-last-child\" data-index=\"2\" ><div\n\t\t\t\n\t\t\tclass=\"so-widget-sow-headline so-widget-sow-headline-default-ea0af4cf39ae-1689\"\n\t\t\t\n\t\t><div class=\"sow-headline-container \">\n\t\t\t\t\t\t\t<h1 class=\"sow-headline\">\n\t\t\t\t\t\tSamedi 12 octobre\t\t\t\t\t\t<\/h1>\n\t\t\t\t\t\t\t\t\t\t\t<div class=\"decoration\">\n\t\t\t\t\t\t<div class=\"decoration-inside\"><\/div>\n\t\t\t\t\t<\/div>\n\t\t\t\t\t<\/div>\n<\/div><\/div><\/div><\/div><div id=\"pg-1689-2\"  class=\"panel-grid panel-no-style\" ><div id=\"pgc-1689-2-0\"  class=\"panel-grid-cell\" ><div id=\"panel-1689-2-0-0\" class=\"so-panel widget widget_sow-slider panel-first-child\" data-index=\"3\" ><div\n\t\t\t\n\t\t\tclass=\"so-widget-sow-slider so-widget-sow-slider-default-6d39609536fd-1689\"\n\t\t\t\n\t\t>\t\t\t\t<div class=\"sow-slider-base\" style=\"display: none\" tabindex=\"0\">\n\t\t\t\t\t<ul\n\t\t\t\t\tclass=\"sow-slider-images\"\n\t\t\t\t\tdata-settings=\"{&quot;pagination&quot;:true,&quot;speed&quot;:800,&quot;timeout&quot;:8000,&quot;paused&quot;:false,&quot;pause_on_hover&quot;:false,&quot;swipe&quot;:true,&quot;nav_always_show_desktop&quot;:&quot;&quot;,&quot;nav_always_show_mobile&quot;:&quot;&quot;,&quot;breakpoint&quot;:&quot;780px&quot;,&quot;unmute&quot;:false,&quot;anchor&quot;:null}\"\n\t\t\t\t\t\t\t\t\t\tdata-anchor-id=\"\"\n\t\t\t\t>\t\t<li class=\"sow-slider-image\" style=\"visibility: visible;\" >\n\t\t\t\t\t\t<img loading=\"lazy\" decoding=\"async\" width=\"2000\" height=\"3008\" src=\"https:\/\/aventuriersdelamer.fr\/wp-content\/uploads\/2019\/09\/Thierry_Dubois_Skipper@Artempio.jpg\" class=\"sow-slider-background-image\" alt=\"\" style=\"\" srcset=\"https:\/\/aventuriersdelamer.fr\/wp-content\/uploads\/2019\/09\/Thierry_Dubois_Skipper@Artempio.jpg 2000w, https:\/\/aventuriersdelamer.fr\/wp-content\/uploads\/2019\/09\/Thierry_Dubois_Skipper@Artempio-199x300.jpg 199w, https:\/\/aventuriersdelamer.fr\/wp-content\/uploads\/2019\/09\/Thierry_Dubois_Skipper@Artempio-768x1155.jpg 768w, https:\/\/aventuriersdelamer.fr\/wp-content\/uploads\/2019\/09\/Thierry_Dubois_Skipper@Artempio-681x1024.jpg 681w, https:\/\/aventuriersdelamer.fr\/wp-content\/uploads\/2019\/09\/Thierry_Dubois_Skipper@Artempio-600x902.jpg 600w\" sizes=\"auto, (max-width: 2000px) 100vw, 2000px\" \/>\t\t<\/li>\n\t\t<\/ul>\t\t\t\t<ol class=\"sow-slider-pagination\">\n\t\t\t\t\t\t\t\t\t\t\t<li><a href=\"#\" data-goto=\"0\" aria-label=\"Display slide 1\"><\/a><\/li>\n\t\t\t\t\t\t\t\t\t<\/ol>\n\n\t\t\t\t<div class=\"sow-slide-nav sow-slide-nav-next\">\n\t\t\t\t\t<a href=\"#\" data-goto=\"next\" aria-label=\"Next slide\" data-action=\"next\">\n\t\t\t\t\t\t<em class=\"sow-sld-icon-thin-right\"><\/em>\n\t\t\t\t\t<\/a>\n\t\t\t\t<\/div>\n\n\t\t\t\t<div class=\"sow-slide-nav sow-slide-nav-prev\">\n\t\t\t\t\t<a href=\"#\" data-goto=\"previous\" aria-label=\"Previous slide\" data-action=\"prev\">\n\t\t\t\t\t\t<em class=\"sow-sld-icon-thin-left\"><\/em>\n\t\t\t\t\t<\/a>\n\t\t\t\t<\/div>\n\t\t\t\t<\/div><\/div><\/div><div id=\"panel-1689-2-0-1\" class=\"so-panel widget widget_sow-slider\" data-index=\"4\" ><div\n\t\t\t\n\t\t\tclass=\"so-widget-sow-slider so-widget-sow-slider-default-6d39609536fd-1689\"\n\t\t\t\n\t\t>\t\t\t\t<div class=\"sow-slider-base\" style=\"display: none\" tabindex=\"0\">\n\t\t\t\t\t<ul\n\t\t\t\t\tclass=\"sow-slider-images\"\n\t\t\t\t\tdata-settings=\"{&quot;pagination&quot;:true,&quot;speed&quot;:800,&quot;timeout&quot;:8000,&quot;paused&quot;:false,&quot;pause_on_hover&quot;:false,&quot;swipe&quot;:true,&quot;nav_always_show_desktop&quot;:&quot;&quot;,&quot;nav_always_show_mobile&quot;:&quot;&quot;,&quot;breakpoint&quot;:&quot;780px&quot;,&quot;unmute&quot;:false,&quot;anchor&quot;:null}\"\n\t\t\t\t\t\t\t\t\t\tdata-anchor-id=\"\"\n\t\t\t\t>\t\t<li class=\"sow-slider-image\" style=\"visibility: visible;\" >\n\t\t\t\t\t\t<img loading=\"lazy\" decoding=\"async\" width=\"1024\" height=\"768\" src=\"https:\/\/aventuriersdelamer.fr\/wp-content\/uploads\/2019\/09\/RogerBarnes@RogerBarnes.jpg\" class=\"sow-slider-background-image\" alt=\"\" style=\"\" srcset=\"https:\/\/aventuriersdelamer.fr\/wp-content\/uploads\/2019\/09\/RogerBarnes@RogerBarnes.jpg 1024w, https:\/\/aventuriersdelamer.fr\/wp-content\/uploads\/2019\/09\/RogerBarnes@RogerBarnes-300x225.jpg 300w, https:\/\/aventuriersdelamer.fr\/wp-content\/uploads\/2019\/09\/RogerBarnes@RogerBarnes-768x576.jpg 768w, https:\/\/aventuriersdelamer.fr\/wp-content\/uploads\/2019\/09\/RogerBarnes@RogerBarnes-600x450.jpg 600w, https:\/\/aventuriersdelamer.fr\/wp-content\/uploads\/2019\/09\/RogerBarnes@RogerBarnes-400x300.jpg 400w\" sizes=\"auto, (max-width: 1024px) 100vw, 1024px\" \/>\t\t<\/li>\n\t\t<\/ul>\t\t\t\t<ol class=\"sow-slider-pagination\">\n\t\t\t\t\t\t\t\t\t\t\t<li><a href=\"#\" data-goto=\"0\" aria-label=\"Display slide 1\"><\/a><\/li>\n\t\t\t\t\t\t\t\t\t<\/ol>\n\n\t\t\t\t<div class=\"sow-slide-nav sow-slide-nav-next\">\n\t\t\t\t\t<a href=\"#\" data-goto=\"next\" aria-label=\"Next slide\" data-action=\"next\">\n\t\t\t\t\t\t<em class=\"sow-sld-icon-thin-right\"><\/em>\n\t\t\t\t\t<\/a>\n\t\t\t\t<\/div>\n\n\t\t\t\t<div class=\"sow-slide-nav sow-slide-nav-prev\">\n\t\t\t\t\t<a href=\"#\" data-goto=\"previous\" aria-label=\"Previous slide\" data-action=\"prev\">\n\t\t\t\t\t\t<em class=\"sow-sld-icon-thin-left\"><\/em>\n\t\t\t\t\t<\/a>\n\t\t\t\t<\/div>\n\t\t\t\t<\/div><\/div><\/div><div id=\"panel-1689-2-0-2\" class=\"so-panel widget widget_sow-slider panel-last-child\" data-index=\"5\" ><div\n\t\t\t\n\t\t\tclass=\"so-widget-sow-slider so-widget-sow-slider-default-6d39609536fd-1689\"\n\t\t\t\n\t\t>\t\t\t\t<div class=\"sow-slider-base\" style=\"display: none\" tabindex=\"0\">\n\t\t\t\t\t<ul\n\t\t\t\t\tclass=\"sow-slider-images\"\n\t\t\t\t\tdata-settings=\"{&quot;pagination&quot;:true,&quot;speed&quot;:800,&quot;timeout&quot;:8000,&quot;paused&quot;:false,&quot;pause_on_hover&quot;:false,&quot;swipe&quot;:true,&quot;nav_always_show_desktop&quot;:&quot;&quot;,&quot;nav_always_show_mobile&quot;:&quot;&quot;,&quot;breakpoint&quot;:&quot;780px&quot;,&quot;unmute&quot;:false,&quot;anchor&quot;:null}\"\n\t\t\t\t\t\t\t\t\t\tdata-anchor-id=\"\"\n\t\t\t\t>\t\t<li class=\"sow-slider-image\" style=\"visibility: visible;\" >\n\t\t\t\t\t\t<img loading=\"lazy\" decoding=\"async\" width=\"1049\" height=\"1200\" src=\"https:\/\/aventuriersdelamer.fr\/wp-content\/uploads\/2019\/09\/Adramar@adramar.jpg\" class=\"sow-slider-background-image\" alt=\"\" style=\"\" srcset=\"https:\/\/aventuriersdelamer.fr\/wp-content\/uploads\/2019\/09\/Adramar@adramar.jpg 1049w, https:\/\/aventuriersdelamer.fr\/wp-content\/uploads\/2019\/09\/Adramar@adramar-262x300.jpg 262w, https:\/\/aventuriersdelamer.fr\/wp-content\/uploads\/2019\/09\/Adramar@adramar-768x879.jpg 768w, https:\/\/aventuriersdelamer.fr\/wp-content\/uploads\/2019\/09\/Adramar@adramar-895x1024.jpg 895w, https:\/\/aventuriersdelamer.fr\/wp-content\/uploads\/2019\/09\/Adramar@adramar-600x686.jpg 600w\" sizes=\"auto, (max-width: 1049px) 100vw, 1049px\" \/>\t\t<\/li>\n\t\t<\/ul>\t\t\t\t<ol class=\"sow-slider-pagination\">\n\t\t\t\t\t\t\t\t\t\t\t<li><a href=\"#\" data-goto=\"0\" aria-label=\"Display slide 1\"><\/a><\/li>\n\t\t\t\t\t\t\t\t\t<\/ol>\n\n\t\t\t\t<div class=\"sow-slide-nav sow-slide-nav-next\">\n\t\t\t\t\t<a href=\"#\" data-goto=\"next\" aria-label=\"Next slide\" data-action=\"next\">\n\t\t\t\t\t\t<em class=\"sow-sld-icon-thin-right\"><\/em>\n\t\t\t\t\t<\/a>\n\t\t\t\t<\/div>\n\n\t\t\t\t<div class=\"sow-slide-nav sow-slide-nav-prev\">\n\t\t\t\t\t<a href=\"#\" data-goto=\"previous\" aria-label=\"Previous slide\" data-action=\"prev\">\n\t\t\t\t\t\t<em class=\"sow-sld-icon-thin-left\"><\/em>\n\t\t\t\t\t<\/a>\n\t\t\t\t<\/div>\n\t\t\t\t<\/div><\/div><\/div><\/div><div id=\"pgc-1689-2-1\"  class=\"panel-grid-cell\" ><div id=\"panel-1689-2-1-0\" class=\"so-panel widget widget_sow-editor panel-first-child\" data-index=\"6\" ><div\n\t\t\t\n\t\t\tclass=\"so-widget-sow-editor so-widget-sow-editor-base\"\n\t\t\t\n\t\t>\n<div class=\"siteorigin-widget-tinymce textwidget\">\n\t<p><span style=\"color: #003366;\"><strong>11H -12H30 &gt; L\u2019aventure en \u00e9quipage ou en solitaire ?<\/strong><\/span><br \/>\nThierry Dubois, Navigateur (2 Vend\u00e9es Globe, 1 Around Alone et patron de la Louise)<br \/>\nIan Lipinski, vainqueur de la Mini- Transat 2015 et 2017<br \/>\nGa\u00ebtan Thomas,navigateur course au large, en pr\u00e9paration pour le record du tour du monde \u00e0 la voile, en solitaire, sans escale et sans assistance<br \/>\n<del>Charles Caudrelier, vainqueur en \u00e9quipage de la Volvo Ocean Race 2017 (sous r\u00e9serve)<\/del><\/p>\n<\/div>\n<\/div><\/div><div id=\"panel-1689-2-1-1\" class=\"so-panel widget widget_sow-editor\" data-index=\"7\" ><div\n\t\t\t\n\t\t\tclass=\"so-widget-sow-editor so-widget-sow-editor-base\"\n\t\t\t\n\t\t>\n<div class=\"siteorigin-widget-tinymce textwidget\">\n\t<p><span style=\"color: #003366;\"><strong>14H30 - 16H &gt; L\u2019aventure \u00e0 la sortie du port<\/strong><\/span><br \/>\nRoger Barnes, pr\u00e9sident de la Dinghy Cruising association (Voile-avirons)<br \/>\nBernard Ficatier et Paul Robert, r\u00e9gate des bateaux en cartons Ca cartonne !<br \/>\nCharles Madezo, \u00e9crivain \u00abEloge de la godille\u00bb<\/p>\n<\/div>\n<\/div><\/div><div id=\"panel-1689-2-1-2\" class=\"so-panel widget widget_sow-editor panel-last-child\" data-index=\"8\" ><div\n\t\t\t\n\t\t\tclass=\"so-widget-sow-editor so-widget-sow-editor-base\"\n\t\t\t\n\t\t>\n<div class=\"siteorigin-widget-tinymce textwidget\">\n\t<p><span style=\"color: #003366;\"><strong>16H30 - 18H &gt; L\u2019arch\u00e9ologie sous-marine<\/strong> <\/span><br \/>\nAnne Hoyau-Berry, arch\u00e9ologue sous-marin, ADRAMAR<br \/>\nXabi Agote, pr\u00e9sident de l\u2019association Albaola<\/p>\n<\/div>\n<\/div><\/div><\/div><\/div><div id=\"pg-1689-3\"  class=\"panel-grid panel-no-style\" ><div id=\"pgc-1689-3-0\"  class=\"panel-grid-cell\" ><div id=\"panel-1689-3-0-0\" class=\"so-panel widget widget_sow-headline panel-first-child panel-last-child\" data-index=\"9\" ><div\n\t\t\t\n\t\t\tclass=\"so-widget-sow-headline so-widget-sow-headline-default-ea0af4cf39ae-1689\"\n\t\t\t\n\t\t><div class=\"sow-headline-container \">\n\t\t\t\t\t\t\t<h1 class=\"sow-headline\">\n\t\t\t\t\t\tDimanche 13 octobre\t\t\t\t\t\t<\/h1>\n\t\t\t\t\t\t\t\t\t\t\t<div class=\"decoration\">\n\t\t\t\t\t\t<div class=\"decoration-inside\"><\/div>\n\t\t\t\t\t<\/div>\n\t\t\t\t\t<\/div>\n<\/div><\/div><\/div><\/div><div id=\"pg-1689-4\"  class=\"panel-grid panel-no-style\" ><div id=\"pgc-1689-4-0\"  class=\"panel-grid-cell\" ><div id=\"panel-1689-4-0-0\" class=\"so-panel widget widget_sow-slider panel-first-child\" data-index=\"10\" ><div\n\t\t\t\n\t\t\tclass=\"so-widget-sow-slider so-widget-sow-slider-default-6d39609536fd-1689\"\n\t\t\t\n\t\t>\t\t\t\t<div class=\"sow-slider-base\" style=\"display: none\" tabindex=\"0\">\n\t\t\t\t\t<ul\n\t\t\t\t\tclass=\"sow-slider-images\"\n\t\t\t\t\tdata-settings=\"{&quot;pagination&quot;:true,&quot;speed&quot;:800,&quot;timeout&quot;:8000,&quot;paused&quot;:false,&quot;pause_on_hover&quot;:false,&quot;swipe&quot;:true,&quot;nav_always_show_desktop&quot;:&quot;&quot;,&quot;nav_always_show_mobile&quot;:&quot;&quot;,&quot;breakpoint&quot;:&quot;780px&quot;,&quot;unmute&quot;:false,&quot;anchor&quot;:null}\"\n\t\t\t\t\t\t\t\t\t\tdata-anchor-id=\"\"\n\t\t\t\t>\t\t<li class=\"sow-slider-image\" style=\"visibility: visible;\" >\n\t\t\t\t\t\t<img loading=\"lazy\" decoding=\"async\" width=\"4000\" height=\"4000\" src=\"https:\/\/aventuriersdelamer.fr\/wp-content\/uploads\/2019\/09\/jean-aventuriers\u00a9AnneCK-copie.jpg\" class=\"sow-slider-background-image\" alt=\"\" style=\"\" srcset=\"https:\/\/aventuriersdelamer.fr\/wp-content\/uploads\/2019\/09\/jean-aventuriers\u00a9AnneCK-copie.jpg 4000w, https:\/\/aventuriersdelamer.fr\/wp-content\/uploads\/2019\/09\/jean-aventuriers\u00a9AnneCK-copie-150x150.jpg 150w, https:\/\/aventuriersdelamer.fr\/wp-content\/uploads\/2019\/09\/jean-aventuriers\u00a9AnneCK-copie-300x300.jpg 300w, https:\/\/aventuriersdelamer.fr\/wp-content\/uploads\/2019\/09\/jean-aventuriers\u00a9AnneCK-copie-768x768.jpg 768w, https:\/\/aventuriersdelamer.fr\/wp-content\/uploads\/2019\/09\/jean-aventuriers\u00a9AnneCK-copie-1024x1024.jpg 1024w, https:\/\/aventuriersdelamer.fr\/wp-content\/uploads\/2019\/09\/jean-aventuriers\u00a9AnneCK-copie-600x600.jpg 600w\" sizes=\"auto, (max-width: 4000px) 100vw, 4000px\" \/>\t\t<\/li>\n\t\t<\/ul>\t\t\t\t<ol class=\"sow-slider-pagination\">\n\t\t\t\t\t\t\t\t\t\t\t<li><a href=\"#\" data-goto=\"0\" aria-label=\"Display slide 1\"><\/a><\/li>\n\t\t\t\t\t\t\t\t\t<\/ol>\n\n\t\t\t\t<div class=\"sow-slide-nav sow-slide-nav-next\">\n\t\t\t\t\t<a href=\"#\" data-goto=\"next\" aria-label=\"Next slide\" data-action=\"next\">\n\t\t\t\t\t\t<em class=\"sow-sld-icon-thin-right\"><\/em>\n\t\t\t\t\t<\/a>\n\t\t\t\t<\/div>\n\n\t\t\t\t<div class=\"sow-slide-nav sow-slide-nav-prev\">\n\t\t\t\t\t<a href=\"#\" data-goto=\"previous\" aria-label=\"Previous slide\" data-action=\"prev\">\n\t\t\t\t\t\t<em class=\"sow-sld-icon-thin-left\"><\/em>\n\t\t\t\t\t<\/a>\n\t\t\t\t<\/div>\n\t\t\t\t<\/div><\/div><\/div><div id=\"panel-1689-4-0-1\" class=\"so-panel widget widget_sow-slider\" data-index=\"11\" ><div\n\t\t\t\n\t\t\tclass=\"so-widget-sow-slider so-widget-sow-slider-default-6d39609536fd-1689\"\n\t\t\t\n\t\t>\t\t\t\t<div class=\"sow-slider-base\" style=\"display: none\" tabindex=\"0\">\n\t\t\t\t\t<ul\n\t\t\t\t\tclass=\"sow-slider-images\"\n\t\t\t\t\tdata-settings=\"{&quot;pagination&quot;:true,&quot;speed&quot;:800,&quot;timeout&quot;:8000,&quot;paused&quot;:false,&quot;pause_on_hover&quot;:false,&quot;swipe&quot;:true,&quot;nav_always_show_desktop&quot;:&quot;&quot;,&quot;nav_always_show_mobile&quot;:&quot;&quot;,&quot;breakpoint&quot;:&quot;780px&quot;,&quot;unmute&quot;:false,&quot;anchor&quot;:null}\"\n\t\t\t\t\t\t\t\t\t\tdata-anchor-id=\"\"\n\t\t\t\t>\t\t<li class=\"sow-slider-image\" style=\"visibility: visible;\" >\n\t\t\t\t\t\t<img loading=\"lazy\" decoding=\"async\" width=\"640\" height=\"427\" src=\"https:\/\/aventuriersdelamer.fr\/wp-content\/uploads\/2019\/09\/mg4609\u00a9surfexplore.jpg\" class=\"sow-slider-background-image\" alt=\"\" style=\"\" srcset=\"https:\/\/aventuriersdelamer.fr\/wp-content\/uploads\/2019\/09\/mg4609\u00a9surfexplore.jpg 640w, https:\/\/aventuriersdelamer.fr\/wp-content\/uploads\/2019\/09\/mg4609\u00a9surfexplore-300x200.jpg 300w, https:\/\/aventuriersdelamer.fr\/wp-content\/uploads\/2019\/09\/mg4609\u00a9surfexplore-600x400.jpg 600w, https:\/\/aventuriersdelamer.fr\/wp-content\/uploads\/2019\/09\/mg4609\u00a9surfexplore-450x300.jpg 450w, https:\/\/aventuriersdelamer.fr\/wp-content\/uploads\/2019\/09\/mg4609\u00a9surfexplore-272x182.jpg 272w\" sizes=\"auto, (max-width: 640px) 100vw, 640px\" \/>\t\t<\/li>\n\t\t<\/ul>\t\t\t\t<ol class=\"sow-slider-pagination\">\n\t\t\t\t\t\t\t\t\t\t\t<li><a href=\"#\" data-goto=\"0\" aria-label=\"Display slide 1\"><\/a><\/li>\n\t\t\t\t\t\t\t\t\t<\/ol>\n\n\t\t\t\t<div class=\"sow-slide-nav sow-slide-nav-next\">\n\t\t\t\t\t<a href=\"#\" data-goto=\"next\" aria-label=\"Next slide\" data-action=\"next\">\n\t\t\t\t\t\t<em class=\"sow-sld-icon-thin-right\"><\/em>\n\t\t\t\t\t<\/a>\n\t\t\t\t<\/div>\n\n\t\t\t\t<div class=\"sow-slide-nav sow-slide-nav-prev\">\n\t\t\t\t\t<a href=\"#\" data-goto=\"previous\" aria-label=\"Previous slide\" data-action=\"prev\">\n\t\t\t\t\t\t<em class=\"sow-sld-icon-thin-left\"><\/em>\n\t\t\t\t\t<\/a>\n\t\t\t\t<\/div>\n\t\t\t\t<\/div><\/div><\/div><div id=\"panel-1689-4-0-2\" class=\"so-panel widget widget_sow-slider panel-last-child\" data-index=\"12\" ><div\n\t\t\t\n\t\t\tclass=\"so-widget-sow-slider so-widget-sow-slider-default-6d39609536fd-1689\"\n\t\t\t\n\t\t>\t\t\t\t<div class=\"sow-slider-base\" style=\"display: none\" tabindex=\"0\">\n\t\t\t\t\t<ul\n\t\t\t\t\tclass=\"sow-slider-images\"\n\t\t\t\t\tdata-settings=\"{&quot;pagination&quot;:true,&quot;speed&quot;:800,&quot;timeout&quot;:8000,&quot;paused&quot;:false,&quot;pause_on_hover&quot;:false,&quot;swipe&quot;:true,&quot;nav_always_show_desktop&quot;:&quot;&quot;,&quot;nav_always_show_mobile&quot;:&quot;&quot;,&quot;breakpoint&quot;:&quot;780px&quot;,&quot;unmute&quot;:false,&quot;anchor&quot;:null}\"\n\t\t\t\t\t\t\t\t\t\tdata-anchor-id=\"\"\n\t\t\t\t>\t\t<li class=\"sow-slider-image\" style=\"visibility: visible;\" >\n\t\t\t\t\t\t<img loading=\"lazy\" decoding=\"async\" width=\"2144\" height=\"1424\" src=\"https:\/\/aventuriersdelamer.fr\/wp-content\/uploads\/2019\/09\/Portrait-YC@kannickCharles-.jpg\" class=\"sow-slider-background-image\" alt=\"\" style=\"\" srcset=\"https:\/\/aventuriersdelamer.fr\/wp-content\/uploads\/2019\/09\/Portrait-YC@kannickCharles-.jpg 2144w, https:\/\/aventuriersdelamer.fr\/wp-content\/uploads\/2019\/09\/Portrait-YC@kannickCharles--300x199.jpg 300w, https:\/\/aventuriersdelamer.fr\/wp-content\/uploads\/2019\/09\/Portrait-YC@kannickCharles--768x510.jpg 768w, https:\/\/aventuriersdelamer.fr\/wp-content\/uploads\/2019\/09\/Portrait-YC@kannickCharles--1024x680.jpg 1024w, https:\/\/aventuriersdelamer.fr\/wp-content\/uploads\/2019\/09\/Portrait-YC@kannickCharles--600x399.jpg 600w, https:\/\/aventuriersdelamer.fr\/wp-content\/uploads\/2019\/09\/Portrait-YC@kannickCharles--452x300.jpg 452w, https:\/\/aventuriersdelamer.fr\/wp-content\/uploads\/2019\/09\/Portrait-YC@kannickCharles--272x182.jpg 272w\" sizes=\"auto, (max-width: 2144px) 100vw, 2144px\" \/>\t\t<\/li>\n\t\t<\/ul>\t\t\t\t<ol class=\"sow-slider-pagination\">\n\t\t\t\t\t\t\t\t\t\t\t<li><a href=\"#\" data-goto=\"0\" aria-label=\"Display slide 1\"><\/a><\/li>\n\t\t\t\t\t\t\t\t\t<\/ol>\n\n\t\t\t\t<div class=\"sow-slide-nav sow-slide-nav-next\">\n\t\t\t\t\t<a href=\"#\" data-goto=\"next\" aria-label=\"Next slide\" data-action=\"next\">\n\t\t\t\t\t\t<em class=\"sow-sld-icon-thin-right\"><\/em>\n\t\t\t\t\t<\/a>\n\t\t\t\t<\/div>\n\n\t\t\t\t<div class=\"sow-slide-nav sow-slide-nav-prev\">\n\t\t\t\t\t<a href=\"#\" data-goto=\"previous\" aria-label=\"Previous slide\" data-action=\"prev\">\n\t\t\t\t\t\t<em class=\"sow-sld-icon-thin-left\"><\/em>\n\t\t\t\t\t<\/a>\n\t\t\t\t<\/div>\n\t\t\t\t<\/div><\/div><\/div><\/div><div id=\"pgc-1689-4-1\"  class=\"panel-grid-cell\" ><div id=\"panel-1689-4-1-0\" class=\"so-panel widget widget_sow-editor panel-first-child\" data-index=\"13\" ><div\n\t\t\t\n\t\t\tclass=\"so-widget-sow-editor so-widget-sow-editor-base\"\n\t\t\t\n\t\t>\n<div class=\"siteorigin-widget-tinymce textwidget\">\n\t<p><span style=\"color: #000080;\"><strong>11H -12H30 &gt; L\u2019aventure, \u00e0 quel prix ?<\/strong><\/span><br \/>\nJean Galfione, navigateur, ancien champion olympique (sous r\u00e9serve)<br \/>\nClara &amp; Christian Dumard, navigateurs Passage du Nord-Ouest \u00e0 la voile sans assistance<br \/>\nMorgan Lagravi\u00e8re, navigateur<\/p>\n<\/div>\n<\/div><\/div><div id=\"panel-1689-4-1-1\" class=\"so-panel widget widget_sow-editor\" data-index=\"14\" ><div\n\t\t\t\n\t\t\tclass=\"so-widget-sow-editor so-widget-sow-editor-base\"\n\t\t\t\n\t\t>\n<div class=\"siteorigin-widget-tinymce textwidget\">\n\t<p><span style=\"color: #000080;\"><strong>14H30 - 16H &gt; L\u2019aventure de la vague<\/strong> <\/span><br \/>\nErwan Simon, surfeur voyageur<br \/>\nMichel Olagnon, \u00e9crivain scientifique \u00abAnatomie curieuse des vagues sc\u00e9l\u00e9rates\u00bb<br \/>\nAline Penitot, artiste- navigatrice<\/p>\n<\/div>\n<\/div><\/div><div id=\"panel-1689-4-1-2\" class=\"so-panel widget widget_sow-editor panel-last-child\" data-index=\"15\" ><div\n\t\t\t\n\t\t\tclass=\"so-widget-sow-editor so-widget-sow-editor-base\"\n\t\t\t\n\t\t>\n<div class=\"siteorigin-widget-tinymce textwidget\">\n\t<p><span style=\"color: #000080;\"><strong>16H30 - 18H &gt; Contre temps et mar\u00e9es: p\u00eacher<\/strong> <\/span><br \/>\nBoris Charcossey, ethnologue embarqu\u00e9 \u00e0 bord des bateaux de la Scap\u00eache<br \/>\nYannick Charles, r\u00e9alisateur (Thalassa)<br \/>\nLo\u00efc Orvo\u00ebn, marin-p\u00eacheur, ancien patron<\/p>\n<\/div>\n<\/div><\/div><\/div><\/div><div id=\"pg-1689-5\"  class=\"panel-grid panel-no-style\" ><div id=\"pgc-1689-5-0\"  class=\"panel-grid-cell\" ><div id=\"panel-1689-5-0-0\" class=\"so-panel widget widget_sow-editor panel-first-child panel-last-child\" data-index=\"16\" ><div\n\t\t\t\n\t\t\tclass=\"so-widget-sow-editor so-widget-sow-editor-base\"\n\t\t\t\n\t\t>\n<div class=\"siteorigin-widget-tinymce textwidget\">\n\t<hr \/>\n<p><strong>Ils sont d\u00e9j\u00e0 venus aux Aventuriers de la Mer<\/strong> :\u00a0 <strong>Catherine Chabaud<\/strong> (navigatrice)<strong>, Emmanuel Hussenet<\/strong> (explorateur-\u00e9crivain), <strong>Yvan Bourgnon<\/strong> (fondateur de l\u2019association Sea Cleaner), <strong>St\u00e9phane Bruzaud<\/strong> (enseignant-chercheur \u00e0 l\u2019UBS pour le programme de recherches sur Tara M\u00e9diterran\u00e9e), <strong>Simon Bernard<\/strong> (Fondateur du Projet Plastic Odyssey) <strong>Sylvain Raithier<\/strong> (Directeur d\u2019exploitation Comata sur le navire <em>Ile de la R\u00e9union),<\/em> <strong>Anne Tagand<\/strong> (ancienne secr\u00e9taire g\u00e9n\u00e9rale des TAAF), <strong>Pierrick Boucher<\/strong> (second Capitaine du navire polaire Marion <em>Dufresne<\/em>), <strong>Corentin de Chatelperron<\/strong>(navigateur du projet Nomade des Mers), <strong>Roland Jourdain<\/strong>(navigateur), <strong>Baptistou Loiselet<\/strong> ( r\u00e9alisateur \u00ab\u00a0On a march\u00e9 sur la banquise\u00a0\u00bb), <strong>Guillaume de Monfreid <\/strong>(\u00e9crivain, aquarelliste) <strong>In\u00e8s Cassigneul<\/strong> (le Radeau Utopique), <strong>Gildas Flahaut<\/strong> (peintre navigateur), <strong>Lo\u00efc Noiret<\/strong> (marin-p\u00eacheur de Groix), <strong>Beno\u00eet Lacroix<\/strong> (Insertion par la mer pour les enfants en difficult\u00e9s), <strong>Aur\u00e9lien Jacob<\/strong> (surfeur de Lost in the Swell) <strong>Bereng\u00e8re Matta<\/strong> (responsable Bretagne de SOS M\u00e9diterran\u00e9e) <strong>Anthony Lucas-Tassel<\/strong> (marin-sauveteur sur l\u2019Aquarius),<strong>Titouan Lamazou<\/strong> (artiste-navigateur), <strong>Alan Roura<\/strong> (Coureur au large), <strong>Karine Fauconnier<\/strong> (Course au large), <strong>Anne Qu\u00e9m\u00e9r\u00e9<\/strong> (Navigatrice-exploratrice), J<strong>ean Ollivro<\/strong> (Ecrivain), <strong>Ulysse Buquen<\/strong> (Capitaine de Lun II), <strong>Guillaume Legrand<\/strong> (TOWT-Transport \u00e0 la voile),<strong>Mathieu Arthaud, Fadi El Zakhem, Nicolas Coudrais<\/strong> (Etudiants-architectes),\u00a0 <strong>Claire Marca<\/strong> (Artiste voyageuse), l<strong>es Ateliers du Bout de la Cale<\/strong>, <strong>Jean-Pierre Le Visage<\/strong> (Directeur de la Scap\u00eache), <strong>Fran\u00e7ois Frey (<\/strong>Pr\u00e9sident Esprit de Velox<strong>)<\/strong> <strong>Patrick Poupon<\/strong> (P\u00f4le Mer Bretagne Atlantique), <strong>Christophe Cerino<\/strong> (Pr\u00e9sident du Mus\u00e9e Sous-Marin et Universitaire), <strong>S\u00e9bastien Thi\u00e9bot (<\/strong>Plongeur cam\u00e9raman), <strong>Cabinet VPLP<\/strong> \u2026<\/p>\n<\/div>\n<\/div><\/div><\/div><\/div><\/div>","protected":false},"excerpt":{"rendered":"<p>Donner &agrave; entendre, &agrave; comprendre et &agrave; r&ecirc;ver&#8230; Les rencontres ne sont pas des conf&eacute;rences&nbsp; mais des moment d&rsquo;&eacute;changes, de partages entre plusieurs interlocuteurs issus de milieux maritimes diff&eacute;rents, partageant la m&ecirc;me passion et la m&ecirc;me &eacute;nergie. La transversalit&eacute; est &hellip; <a href=\"https:\/\/aventuriersdelamer.fr\/index.php\/rencontres-3\/\">Continuer la lecture <span class=\"meta-nav\">&rarr;<\/span><\/a><\/p>\n","protected":false},"author":1,"featured_media":1071,"parent":0,"menu_order":0,"comment_status":"closed","ping_status":"closed","template":"","meta":{"footnotes":""},"class_list":["post-1689","page","type-page","status-publish","has-post-thumbnail","hentry"],"yoast_head":"<!-- This site is optimized with the Yoast SEO plugin v27.3 - https:\/\/yoast.com\/product\/yoast-seo-wordpress\/ -->\n<title>Rencontres 2019 - Festival Les Aventuriers de la Mer<\/title>\n<meta name=\"robots\" content=\"index, follow, max-snippet:-1, max-image-preview:large, max-video-preview:-1\" \/>\n<link rel=\"canonical\" href=\"https:\/\/aventuriersdelamer.fr\/index.php\/rencontres-3\/\" \/>\n<meta property=\"og:locale\" content=\"fr_FR\" \/>\n<meta property=\"og:type\" content=\"article\" \/>\n<meta property=\"og:title\" content=\"Rencontres 2019 - Festival Les Aventuriers de la Mer\" \/>\n<meta property=\"og:description\" content=\"Donner &agrave; entendre, &agrave; comprendre et &agrave; r&ecirc;ver... Les rencontres ne sont pas des conf&eacute;rences&nbsp; mais des moment d&#039;&eacute;changes, de partages entre plusieurs interlocuteurs issus de milieux maritimes diff&eacute;rents, partageant la m&ecirc;me passion et la m&ecirc;me &eacute;nergie. La transversalit&eacute; est &hellip; Continuer la lecture &rarr;\" \/>\n<meta property=\"og:url\" content=\"https:\/\/aventuriersdelamer.fr\/index.php\/rencontres-3\/\" \/>\n<meta property=\"og:site_name\" content=\"Festival Les Aventuriers de la Mer\" \/>\n<meta property=\"article:publisher\" content=\"https:\/\/www.facebook.com\/aventuriersdelamer\/\" \/>\n<meta property=\"article:modified_time\" content=\"2021-05-14T09:23:12+00:00\" \/>\n<meta property=\"og:image\" content=\"https:\/\/aventuriersdelamer.fr\/wp-content\/uploads\/2018\/08\/mairie-st-castJournees-oceans.jpg\" \/>\n\t<meta property=\"og:image:width\" content=\"1200\" \/>\n\t<meta property=\"og:image:height\" content=\"675\" \/>\n\t<meta property=\"og:image:type\" content=\"image\/jpeg\" \/>\n<meta name=\"twitter:card\" content=\"summary_large_image\" \/>\n<meta name=\"twitter:label1\" content=\"Dur\u00e9e de lecture estim\u00e9e\" \/>\n\t<meta name=\"twitter:data1\" content=\"4 minutes\" \/>\n<script type=\"application\/ld+json\" class=\"yoast-schema-graph\">{\"@context\":\"https:\\\/\\\/schema.org\",\"@graph\":[{\"@type\":\"WebPage\",\"@id\":\"https:\\\/\\\/aventuriersdelamer.fr\\\/index.php\\\/rencontres-3\\\/\",\"url\":\"https:\\\/\\\/aventuriersdelamer.fr\\\/index.php\\\/rencontres-3\\\/\",\"name\":\"Rencontres 2019 - Festival Les Aventuriers de la Mer\",\"isPartOf\":{\"@id\":\"https:\\\/\\\/aventuriersdelamer.fr\\\/#website\"},\"primaryImageOfPage\":{\"@id\":\"https:\\\/\\\/aventuriersdelamer.fr\\\/index.php\\\/rencontres-3\\\/#primaryimage\"},\"image\":{\"@id\":\"https:\\\/\\\/aventuriersdelamer.fr\\\/index.php\\\/rencontres-3\\\/#primaryimage\"},\"thumbnailUrl\":\"https:\\\/\\\/aventuriersdelamer.fr\\\/wp-content\\\/uploads\\\/2018\\\/08\\\/mairie-st-castJournees-oceans.jpg\",\"datePublished\":\"2019-07-10T14:33:00+00:00\",\"dateModified\":\"2021-05-14T09:23:12+00:00\",\"breadcrumb\":{\"@id\":\"https:\\\/\\\/aventuriersdelamer.fr\\\/index.php\\\/rencontres-3\\\/#breadcrumb\"},\"inLanguage\":\"fr-FR\",\"potentialAction\":[{\"@type\":\"ReadAction\",\"target\":[\"https:\\\/\\\/aventuriersdelamer.fr\\\/index.php\\\/rencontres-3\\\/\"]}]},{\"@type\":\"ImageObject\",\"inLanguage\":\"fr-FR\",\"@id\":\"https:\\\/\\\/aventuriersdelamer.fr\\\/index.php\\\/rencontres-3\\\/#primaryimage\",\"url\":\"https:\\\/\\\/aventuriersdelamer.fr\\\/wp-content\\\/uploads\\\/2018\\\/08\\\/mairie-st-castJournees-oceans.jpg\",\"contentUrl\":\"https:\\\/\\\/aventuriersdelamer.fr\\\/wp-content\\\/uploads\\\/2018\\\/08\\\/mairie-st-castJournees-oceans.jpg\",\"width\":1200,\"height\":675},{\"@type\":\"BreadcrumbList\",\"@id\":\"https:\\\/\\\/aventuriersdelamer.fr\\\/index.php\\\/rencontres-3\\\/#breadcrumb\",\"itemListElement\":[{\"@type\":\"ListItem\",\"position\":1,\"name\":\"Accueil\",\"item\":\"https:\\\/\\\/aventuriersdelamer.fr\\\/\"},{\"@type\":\"ListItem\",\"position\":2,\"name\":\"Rencontres 2019\"}]},{\"@type\":\"WebSite\",\"@id\":\"https:\\\/\\\/aventuriersdelamer.fr\\\/#website\",\"url\":\"https:\\\/\\\/aventuriersdelamer.fr\\\/\",\"name\":\"Festival Les Aventuriers de la Mer\",\"description\":\"Explorer, innover et enchanter le monde\",\"publisher\":{\"@id\":\"https:\\\/\\\/aventuriersdelamer.fr\\\/#organization\"},\"potentialAction\":[{\"@type\":\"SearchAction\",\"target\":{\"@type\":\"EntryPoint\",\"urlTemplate\":\"https:\\\/\\\/aventuriersdelamer.fr\\\/?s={search_term_string}\"},\"query-input\":{\"@type\":\"PropertyValueSpecification\",\"valueRequired\":true,\"valueName\":\"search_term_string\"}}],\"inLanguage\":\"fr-FR\"},{\"@type\":\"Organization\",\"@id\":\"https:\\\/\\\/aventuriersdelamer.fr\\\/#organization\",\"name\":\"Le Bruit du Vent\",\"url\":\"https:\\\/\\\/aventuriersdelamer.fr\\\/\",\"logo\":{\"@type\":\"ImageObject\",\"inLanguage\":\"fr-FR\",\"@id\":\"https:\\\/\\\/aventuriersdelamer.fr\\\/#\\\/schema\\\/logo\\\/image\\\/\",\"url\":\"https:\\\/\\\/aventuriersdelamer.fr\\\/wp-content\\\/uploads\\\/2016\\\/01\\\/4ECA575F-1CCB-41C9-AAC8-93902736151E.jpeg\",\"contentUrl\":\"https:\\\/\\\/aventuriersdelamer.fr\\\/wp-content\\\/uploads\\\/2016\\\/01\\\/4ECA575F-1CCB-41C9-AAC8-93902736151E.jpeg\",\"width\":222,\"height\":198,\"caption\":\"Le Bruit du Vent\"},\"image\":{\"@id\":\"https:\\\/\\\/aventuriersdelamer.fr\\\/#\\\/schema\\\/logo\\\/image\\\/\"},\"sameAs\":[\"https:\\\/\\\/www.facebook.com\\\/aventuriersdelamer\\\/\"]}]}<\/script>\n<!-- \/ Yoast SEO plugin. -->","yoast_head_json":{"title":"Rencontres 2019 - Festival Les Aventuriers de la Mer","robots":{"index":"index","follow":"follow","max-snippet":"max-snippet:-1","max-image-preview":"max-image-preview:large","max-video-preview":"max-video-preview:-1"},"canonical":"https:\/\/aventuriersdelamer.fr\/index.php\/rencontres-3\/","og_locale":"fr_FR","og_type":"article","og_title":"Rencontres 2019 - Festival Les Aventuriers de la Mer","og_description":"Donner &agrave; entendre, &agrave; comprendre et &agrave; r&ecirc;ver... Les rencontres ne sont pas des conf&eacute;rences&nbsp; mais des moment d'&eacute;changes, de partages entre plusieurs interlocuteurs issus de milieux maritimes diff&eacute;rents, partageant la m&ecirc;me passion et la m&ecirc;me &eacute;nergie. La transversalit&eacute; est &hellip; Continuer la lecture &rarr;","og_url":"https:\/\/aventuriersdelamer.fr\/index.php\/rencontres-3\/","og_site_name":"Festival Les Aventuriers de la Mer","article_publisher":"https:\/\/www.facebook.com\/aventuriersdelamer\/","article_modified_time":"2021-05-14T09:23:12+00:00","og_image":[{"width":1200,"height":675,"url":"https:\/\/aventuriersdelamer.fr\/wp-content\/uploads\/2018\/08\/mairie-st-castJournees-oceans.jpg","type":"image\/jpeg"}],"twitter_card":"summary_large_image","twitter_misc":{"Dur\u00e9e de lecture estim\u00e9e":"4 minutes"},"schema":{"@context":"https:\/\/schema.org","@graph":[{"@type":"WebPage","@id":"https:\/\/aventuriersdelamer.fr\/index.php\/rencontres-3\/","url":"https:\/\/aventuriersdelamer.fr\/index.php\/rencontres-3\/","name":"Rencontres 2019 - Festival Les Aventuriers de la Mer","isPartOf":{"@id":"https:\/\/aventuriersdelamer.fr\/#website"},"primaryImageOfPage":{"@id":"https:\/\/aventuriersdelamer.fr\/index.php\/rencontres-3\/#primaryimage"},"image":{"@id":"https:\/\/aventuriersdelamer.fr\/index.php\/rencontres-3\/#primaryimage"},"thumbnailUrl":"https:\/\/aventuriersdelamer.fr\/wp-content\/uploads\/2018\/08\/mairie-st-castJournees-oceans.jpg","datePublished":"2019-07-10T14:33:00+00:00","dateModified":"2021-05-14T09:23:12+00:00","breadcrumb":{"@id":"https:\/\/aventuriersdelamer.fr\/index.php\/rencontres-3\/#breadcrumb"},"inLanguage":"fr-FR","potentialAction":[{"@type":"ReadAction","target":["https:\/\/aventuriersdelamer.fr\/index.php\/rencontres-3\/"]}]},{"@type":"ImageObject","inLanguage":"fr-FR","@id":"https:\/\/aventuriersdelamer.fr\/index.php\/rencontres-3\/#primaryimage","url":"https:\/\/aventuriersdelamer.fr\/wp-content\/uploads\/2018\/08\/mairie-st-castJournees-oceans.jpg","contentUrl":"https:\/\/aventuriersdelamer.fr\/wp-content\/uploads\/2018\/08\/mairie-st-castJournees-oceans.jpg","width":1200,"height":675},{"@type":"BreadcrumbList","@id":"https:\/\/aventuriersdelamer.fr\/index.php\/rencontres-3\/#breadcrumb","itemListElement":[{"@type":"ListItem","position":1,"name":"Accueil","item":"https:\/\/aventuriersdelamer.fr\/"},{"@type":"ListItem","position":2,"name":"Rencontres 2019"}]},{"@type":"WebSite","@id":"https:\/\/aventuriersdelamer.fr\/#website","url":"https:\/\/aventuriersdelamer.fr\/","name":"Festival Les Aventuriers de la Mer","description":"Explorer, innover et enchanter le monde","publisher":{"@id":"https:\/\/aventuriersdelamer.fr\/#organization"},"potentialAction":[{"@type":"SearchAction","target":{"@type":"EntryPoint","urlTemplate":"https:\/\/aventuriersdelamer.fr\/?s={search_term_string}"},"query-input":{"@type":"PropertyValueSpecification","valueRequired":true,"valueName":"search_term_string"}}],"inLanguage":"fr-FR"},{"@type":"Organization","@id":"https:\/\/aventuriersdelamer.fr\/#organization","name":"Le Bruit du Vent","url":"https:\/\/aventuriersdelamer.fr\/","logo":{"@type":"ImageObject","inLanguage":"fr-FR","@id":"https:\/\/aventuriersdelamer.fr\/#\/schema\/logo\/image\/","url":"https:\/\/aventuriersdelamer.fr\/wp-content\/uploads\/2016\/01\/4ECA575F-1CCB-41C9-AAC8-93902736151E.jpeg","contentUrl":"https:\/\/aventuriersdelamer.fr\/wp-content\/uploads\/2016\/01\/4ECA575F-1CCB-41C9-AAC8-93902736151E.jpeg","width":222,"height":198,"caption":"Le Bruit du Vent"},"image":{"@id":"https:\/\/aventuriersdelamer.fr\/#\/schema\/logo\/image\/"},"sameAs":["https:\/\/www.facebook.com\/aventuriersdelamer\/"]}]}},"_links":{"self":[{"href":"https:\/\/aventuriersdelamer.fr\/index.php\/wp-json\/wp\/v2\/pages\/1689","targetHints":{"allow":["GET"]}}],"collection":[{"href":"https:\/\/aventuriersdelamer.fr\/index.php\/wp-json\/wp\/v2\/pages"}],"about":[{"href":"https:\/\/aventuriersdelamer.fr\/index.php\/wp-json\/wp\/v2\/types\/page"}],"author":[{"embeddable":true,"href":"https:\/\/aventuriersdelamer.fr\/index.php\/wp-json\/wp\/v2\/users\/1"}],"replies":[{"embeddable":true,"href":"https:\/\/aventuriersdelamer.fr\/index.php\/wp-json\/wp\/v2\/comments?post=1689"}],"version-history":[{"count":25,"href":"https:\/\/aventuriersdelamer.fr\/index.php\/wp-json\/wp\/v2\/pages\/1689\/revisions"}],"predecessor-version":[{"id":3696,"href":"https:\/\/aventuriersdelamer.fr\/index.php\/wp-json\/wp\/v2\/pages\/1689\/revisions\/3696"}],"wp:featuredmedia":[{"embeddable":true,"href":"https:\/\/aventuriersdelamer.fr\/index.php\/wp-json\/wp\/v2\/media\/1071"}],"wp:attachment":[{"href":"https:\/\/aventuriersdelamer.fr\/index.php\/wp-json\/wp\/v2\/media?parent=1689"}],"curies":[{"name":"wp","href":"https:\/\/api.w.org\/{rel}","templated":true}]}}